{"id":1873,"date":"2024-12-17T12:53:37","date_gmt":"2024-12-17T12:53:37","guid":{"rendered":"https:\/\/centro-cee.com\/web\/?post_type=product&#038;p=1873"},"modified":"2026-03-13T17:07:14","modified_gmt":"2026-03-13T17:07:14","slug":"responsable-de-optica","status":"publish","type":"product","link":"https:\/\/centro-cee.com\/web\/producto\/responsable-de-optica\/","title":{"rendered":"Responsable de \u00f3ptica"},"content":{"rendered":"<p><a href=\"https:\/\/centro-cee.com\/web\/formaciones\/\">Atr\u00e1s<\/a><\/p>\n<p><em><strong>Responsable de \u00f3ptica<\/strong><\/em><\/p>\n<p>Toda esta informaci\u00f3n se realiza 100% online en nuestro campus online de formaci\u00f3n.<\/p>\n<p>Las tutor\u00edas se realizan directamente desde el campus de estudio con la opci\u00f3n de mensajer\u00eda a profesores. Las tutorias son \u201ca demanda\u201d, cuando necesites soporte nos lo pides.<\/p>\n<p>Los t\u00edtulos de Centro CEE est\u00e1n autenticados por la firma de notario que valida contenidos y autenticidad a nivel internacional. Nuestra organizaci\u00f3n pertenece a la Asociaci\u00f3n Espa\u00f1ola de Calidad, organizaci\u00f3n Espa\u00f1ola de referencia para la calidad\u00a0en la formaci\u00f3n de auxiliar de enfermer\u00eda. La certificaci\u00f3n se puede apostillar por la Haya para cualquier pa\u00eds firmante del convenio de la Haya.<\/p>\n<p>Se puede pagar a plazos.<\/p>\n<p>Carga horaria de la formaci\u00f3n: 460h<\/p>\n<p>&nbsp;<\/p>\n<h2>Temario<\/h2>\n<hr \/>\n<p>PARTE 1. ENCARGADO DE \u00d3PTICA<br \/>\n1. M\u00d3DULO 1. GESTI\u00d3N DEL SERVICIO \u00d3PTICO Y AN\u00c1LISIS VISUAL<br \/>\nTEMA 1. ANATOM\u00cdA OCULAR<br \/>\n1. Las \u00f3rbitas<br \/>\n2. El globo ocular<br \/>\n3. Anteojos oculares<br \/>\n4. T\u00fanica vascular ocular<br \/>\n5. Retina<br \/>\n6. Medios refringentes del ojo<br \/>\n7. M\u00fasculos extr\u00ednsecos oculares<br \/>\nTEMA 2. PROCESO VISUAL<br \/>\n1. Introducci\u00f3n<br \/>\n2. La luz<br \/>\n3. Luz en el ojo humano<br \/>\nTEMA 3. AGUDEZA VISUAL<br \/>\n1. Agudeza Visual<br \/>\n2. Factores que afectan a la Agudeza Visual<br \/>\n3. Tipos de medida de la Agudeza Visual<br \/>\n4. Optotipos<br \/>\n5. Agudeza Visual de lejos<br \/>\n6. Agudeza Visual de cerca<br \/>\n7. Test de la Agudeza Visual pedi\u00e1tricos<br \/>\nTEMA 4. DEFECTOS VISUALES<br \/>\n1. Introducci\u00f3n<br \/>\n2. Estados refractivos del ojo<br \/>\n3. Anisometrop\u00eda<br \/>\n4. Defectos de refracci\u00f3n del ojo<br \/>\n5. Aniseiconia<br \/>\n6. Presbicia<br \/>\n7. Acomodaci\u00f3n<br \/>\n8. Binocularidad<br \/>\nTEMA 5. EXAMEN OPTOM\u00c9TRICO I<br \/>\n1. Pruebas preliminares<br \/>\n2. Instrumentos necesarios<br \/>\n3. Historia cl\u00ednica<br \/>\nTEMA 6. EXAMEN OPTOM\u00c9TRICO II<br \/>\n1. Refracci\u00f3n objetiva<br \/>\n2. Refracci\u00f3n subjetiva<br \/>\n3. Pruebas de salud ocular<br \/>\nMODULO 2. GESTI\u00d3N DEL SERVICIO DE GRADUACI\u00d3N E INSTRUMENTOS \u00d3PTICOS<br \/>\nTEMA 7. GRADUACI\u00d3N E INSTRUMENTOS \u00d3PTICOS<br \/>\n1. \u00bfQu\u00e9 es la graduaci\u00f3n?<br \/>\n2. Sistema de proyecci\u00f3n<br \/>\n3. El frontofoc\u00f3metro<br \/>\n4. La lupa<br \/>\n5. Los oculares<br \/>\n6. El microscopio<br \/>\n7. Tipos de anteojo<br \/>\nTEMA 8. LAS LENTES OFT\u00c1MICAS<br \/>\n1. Introducci\u00f3n<br \/>\n2. Lentes oft\u00e1lmicas<br \/>\n3. Caracter\u00edsticas de las lentes<br \/>\n4. Clasificaci\u00f3n de las lentes seg\u00fan el material<br \/>\n5. Fabricaci\u00f3n<br \/>\n6. Tratamientos<br \/>\n7. Lentes seg\u00fan el tipo de visi\u00f3n<br \/>\nTEMA 9. CAT\u00c1LOGO Y TARIFA DE LENTES OFT\u00c1LMICAS<br \/>\n1. Introducci\u00f3n<br \/>\n2. Cat\u00e1logo General de Lentes<br \/>\n3. Uso e Interpretaci\u00f3n del Cat\u00e1logo<br \/>\n4. Estructura del Cat\u00e1logo<br \/>\nTEMA 10. LAS MONTURAS \u00d3PTICAS<br \/>\n1. Evoluci\u00f3n e historia de las monturas<br \/>\n2. Materiales para la fabricaci\u00f3n de monturas<br \/>\n3. Fabricaci\u00f3n de monturas<br \/>\n4. Tratamientos superficiales<br \/>\n5. Tipolog\u00eda de monturas<br \/>\n6. Tipos de rostros<br \/>\n7. Relaci\u00f3n de tipolog\u00edas: elecci\u00f3n de la montura<br \/>\nTEMA 11. NOCIONES B\u00c1SICAS SOBRE LAS LENTES DE CONTACTO<br \/>\n1. Evoluci\u00f3n de las lentes de contacto desde la antig\u00fcedad a la actualidad<br \/>\n2. Actuaci\u00f3n de las lentes de contacto<br \/>\n3. Clasificaci\u00f3n de las lentes de contacto<br \/>\n4. Cualidades necesarias para la fabricaci\u00f3n de lentes de contacto<br \/>\n5. M\u00e9todos de fabricaci\u00f3n de lentes de contacto<br \/>\n6. Lente de contacto ideal<br \/>\n7. M\u00d3DULO 3. GESTI\u00d3N DEL SERVICIO DE AUD\u00cdFONOS EN UNA \u00d3PTICA<br \/>\nTEMA 12. ANATOM\u00cdA DEL O\u00cdDO<br \/>\n1. Esquema del o\u00eddo<br \/>\n2. Pabell\u00f3n auditivo y conducto auditivo externo<br \/>\n3. O\u00eddo medio<br \/>\n4. O\u00eddo interno<br \/>\nTEMA 13. P\u00c9RDIDA DE AUDICI\u00d3N Y AUD\u00cdFONOS<br \/>\n1. Perdida de audici\u00f3n<br \/>\n2. \u00bfC\u00f3mo funciona el o\u00eddo?<br \/>\n3. Signos y s\u00edntomas de p\u00e9rdida de audici\u00f3n<br \/>\n4. Las causas de la p\u00e9rdida auditiva<br \/>\n5. Examen auditivo<br \/>\n6. Grado y naturaleza de la p\u00e9rdida auditiva<br \/>\n7. Tratamiento<br \/>\n8. El aud\u00edfono<br \/>\n9. Consejos para tener un cuidar nuestra audici\u00f3n<br \/>\n10. M\u00d3DULO 4. C\u00d3DIGO DEONTOL\u00d3GICO EN \u00d3PTICAS<br \/>\nTEMA 14. C\u00d3DIGO DEINTOL\u00d3GICO<br \/>\n1. Introducci\u00f3n<br \/>\n2. Actuaci\u00f3n profesional<br \/>\n3. Relaci\u00f3n con el paciente<br \/>\n4. Relaciones entre profesionales<br \/>\n5. Trabajar en equipo<br \/>\n6. Delegaci\u00f3n<br \/>\n7. Establecimientos sanitarios de \u00f3ptica<br \/>\n8. Publicidad<br \/>\n9. Publicaciones<br \/>\n10. Investigaci\u00f3n<br \/>\n11. Relaciones entre profesionales de la corporaci\u00f3n<br \/>\n12. M\u00d3DULO 5. T\u00c9CNICAS DE VENTA EN \u00d3PTICAS<br \/>\nTEMA 15. COMPORTAMIENTO DE VENTA<br \/>\n1. El vendedor<br \/>\n2. Tipos de vendedores<br \/>\n3. Caracter\u00edsticas del buen vendedor<br \/>\n4. C\u00f3mo tener \u00e9xito en las ventas<br \/>\n5. Nociones de psicolog\u00eda aplicada a la venta<br \/>\n6. Actividades del vendedor<br \/>\nTEMA 16. T\u00c9CNICAS DE VENTA<br \/>\n1. Tipos de ventas aplicadas al dependiente de comercio<br \/>\n2. T\u00e9cnicas de ventas<br \/>\n3. Metodolog\u00eda que debe seguir el vendedor<br \/>\n4. El precontacto<br \/>\n5. El contacto<br \/>\n6. Argumentaci\u00f3n<br \/>\n7. Demostraci\u00f3n<br \/>\n8. Negociaci\u00f3n<br \/>\n9. Cierre de la venta<br \/>\nPARTE 2. GESTI\u00d3N LABORAL Y DE RECURSOS HUMANOS<br \/>\n1. M\u00d3DULO 1. GESTI\u00d3N DE RECURSOS HUMANOS DE \u00d3PTICAS<br \/>\nTEMA 1. PLANIFICACI\u00d3N DE PLANTILLAS<br \/>\n1. Introducci\u00f3n<br \/>\n2. Concepto de planificaci\u00f3n de Recursos Humanos<br \/>\n3. Importancia de la planificaci\u00f3n de los Recursos Humanos: ventajas y desventajas<br \/>\n4. Objetivos de la planificaci\u00f3n de Recursos Humanos<br \/>\n5. Requisitos previos a la planificaci\u00f3n de Recursos Humanos<br \/>\n6. El caso especial de las Pymes<br \/>\n7. Modelos de planificaci\u00f3n de los Recursos Humanos<br \/>\nTEMA 2. LA GESTI\u00d3N DE RRHH EN LA ORGANIZACI\u00d3N. GESTI\u00d3N POR COMPETENCIAS<br \/>\n1. Formaci\u00f3n en la empresa. Desarrollo del talento<br \/>\n2. Marketing de la formaci\u00f3n<br \/>\nTEMA 3. COMUNICACI\u00d3N INTERNA Y EXTERNA<br \/>\n1. Introducci\u00f3n<br \/>\n2. Comunicaci\u00f3n interna<br \/>\n3. Herramientas de comunicaci\u00f3n<br \/>\n4. Plan de comunicaci\u00f3n interna<br \/>\n5. La comunicaci\u00f3n externa<br \/>\n6. Cultura empresarial o corporativa<br \/>\n7. Clima laboral<br \/>\n8. Motivaci\u00f3n y satisfacci\u00f3n en el trabajo<br \/>\n9. M\u00d3DULO 2. GESTI\u00d3N LABORAL DE \u00d3PTICAS<br \/>\nTEMA 4. CONTRATOS I. LA RELACI\u00d3N LABORAL<br \/>\n1. El contrato de trabajo<br \/>\n2. Tiempo de trabajo<br \/>\nTEMA 5. CONTRATOS II. MODALIDADES DE CONTRATACI\u00d3N<br \/>\n1. Tipolog\u00edas y modalidades de contrato de trabajo<br \/>\n2. Modificaciones sustanciales del contrato de trabajo<br \/>\n3. Ineficacia, suspensi\u00f3n y extinci\u00f3n del contrato de trabajo<br \/>\nTEMA 6. LA SEGURIDAD SOCIAL<br \/>\n1. Introducci\u00f3n. El sistema de la Seguridad Social<br \/>\n2. Reg\u00edmenes de la Seguridad Social<br \/>\n3. Altas y bajas<br \/>\nTEMA 7. GESTI\u00d3N DE N\u00d3MINAS<br \/>\n1. El salario<br \/>\n2. Cotizaci\u00f3n a la Seguridad Social<br \/>\n3. Retenci\u00f3n del IRPF<br \/>\nPARTE 3. GESTI\u00d3N CONTABLE Y PREVENCI\u00d3N DE RIESGOS LABORALES<br \/>\n1. M\u00d3DULO 1. GESTI\u00d3N ECON\u00d3MICO-FINANCIERA DE \u00d3PTICAS<br \/>\nTEMA 1. EL M\u00c9TODO CONTABLE<br \/>\n1. Concepto<br \/>\n2. Partida doble (dualidad)<br \/>\n3. Valoraci\u00f3n<br \/>\n4. Registro contable<br \/>\n5. Los estados contables<br \/>\n6. El patrimonio<br \/>\nTEMA 2. DESARROLLO DEL CICLO CONTABLE<br \/>\n1. Observaciones previas<br \/>\n2. Apertura de la contabilidad<br \/>\n3. Registro de las operaciones del ejercicio<br \/>\n4. Ajustes previos a la determinaci\u00f3n del resultado<br \/>\n5. Balance de comprobaci\u00f3n de sumas y saldos<br \/>\n6. C\u00e1lculo del resultado<br \/>\n7. Cierre de la contabilidad<br \/>\n8. Cuentas anuales<br \/>\n9. Distribuci\u00f3n del resultado<br \/>\nTEMA 3. MARCO CONCEPTUAL DE CONTABILIDAD<br \/>\n1. Introducci\u00f3n<br \/>\n2. Principios contables<br \/>\n3. Criterios de valoraci\u00f3n<br \/>\nTEMA 4. GESTI\u00d3N CONTABLE DE GASTOS E INGRESOS<br \/>\n1. Concepto de pagos y cobros<br \/>\n2. Concepto de gastos e ingresos<br \/>\n3. Clasificaci\u00f3n<br \/>\n4. Registro contable de estas partidas y determinaci\u00f3n del resultado contable<br \/>\n5. Registro y valoraci\u00f3n de los gastos<br \/>\n6. Valoraci\u00f3n de los ingresos<br \/>\nTEMA 5. GESTI\u00d3N CONTABLE DE INMOVILIZADO. APLICACI\u00d3N PR\u00c1CTICA<br \/>\n1. El inmovilizado: concepto y clases<br \/>\n2. Inmovilizado material<br \/>\n3. Inmovilizado intangible<br \/>\n4. Registro contable<br \/>\n5. Correcciones valorativas<br \/>\nTEMA 6. GESTI\u00d3N CONTABLE DE OPERACIONES DE TR\u00c1FICO. APLICACI\u00d3N PR\u00c1CTICA<br \/>\n1. Introducci\u00f3n<br \/>\n2. Pr\u00e9stamos y partidas a cobrar: clientes y deudores<br \/>\n3. Pasivos financieros<br \/>\n4. D\u00e9bitos por operaciones no comerciales<br \/>\n5. M\u00d3DULO 2. PREVENCI\u00d3N DE RIESGOS LABORALES EN \u00d3PTICAS<br \/>\nTEMA 7. CONCEPTOS B\u00c1SICOS EN PREVENCI\u00d3N DE RIESGOS LABORALES<br \/>\n1. Introducci\u00f3n<br \/>\n2. El trabajo<br \/>\n3. La salud<br \/>\n4. Efectos en la productividad de las condiciones de trabajo y salud<br \/>\n5. La calidad<br \/>\nTEMA 8. LOS RIESGOS PROFESIONALES ASOCIADOS A CL\u00cdNICAS, CENTROS M\u00c9DICOS Y HOSPITALES<br \/>\n1. Introducci\u00f3n<br \/>\n2. Riesgos ligados a las condiciones de seguridad<br \/>\n3. Riesgos higi\u00e9nicos<br \/>\n4. Riesgos ergon\u00f3micos<br \/>\n5. Absentismo, rotaci\u00f3n y riesgos psicosociales asociados al sector<br \/>\n6. El acoso psicol\u00f3gico en el trabajo<br \/>\n7. El estr\u00e9s laboral<br \/>\nPARTE 4. PR\u00c1CTICA.VERSI\u00d3N DEMO DEL SOFTWARE DE GESTI\u00d3N EFICIENTE DE \u00d3PTICAS &#8211; OPTISOFT<\/p>\n<p><em><strong>Responsable de \u00f3ptica<\/strong><\/em><\/p>\n<hr \/>\n","protected":false},"excerpt":{"rendered":"<p><a href=\"https:\/\/centro-cee.com\/web\/formaciones\/\">Atr\u00e1s<\/a><\/p>\n<p>Aprende a gestionar una \u00f3ptica gracias a este Curso de Responsable de \u00f3ptica, impartido por el Centro Europeo E-learning (CEE).<\/p>\n<p>Con esta formaci\u00f3n, conocer\u00e1s todos los aspectos relacionados con la atenci\u00f3n y gesti\u00f3n de una \u00f3ptica, con contenidos actualizados. <\/p>\n<p>El sector de la \u00f3ptica representa un servicio muy demandado por la gente, ya que la salud visual y auditiva es de vital importancia para la calidad de vida. Las empresas de este sector a parte de demandar profesionales m\u00e9dicos, necesitan de personal capacitado para gestionar desde la atenci\u00f3n primera al cliente, asesoramiento, primeras valoraciones, gesti\u00f3n de la propia empresa.<\/p>\n<p>Adem\u00e1s, la formaci\u00f3n obtenida es de alto nivel y con gran cantidad de contenidos que dotaran a las\/los alumnas\/os de unos conocimientos excelentes.<\/p>\n<p>Aprovecha esta oportunidad y haz click en el bot\u00f3n de \u201cpedir informaci\u00f3n\u201d. De esta forma, el centro contactar\u00e1 contigo para ofrecerte toda la informaci\u00f3n que necesitas o formalizar la matr\u00edcula.<\/p>\n","protected":false},"featured_media":1874,"comment_status":"closed","ping_status":"closed","template":"","meta":[],"product_brand":[],"product_cat":[2050,2046,34],"product_tag":[1978,1973,1975,1086,1972,1977,234,1971,1974,1976],"class_list":{"0":"post-1873","1":"product","2":"type-product","3":"status-publish","4":"has-post-thumbnail","6":"product_cat-cursos-online-empresa","7":"product_cat-cursos-salud","8":"product_cat-tecnicos","9":"product_tag-asesoramiento-en-gafas","10":"product_tag-atencion-al-cliente-optica","11":"product_tag-control-de-calidad-visual","12":"product_tag-formacion-en-optica","13":"product_tag-gestion-de-opticas","14":"product_tag-gestion-de-productos-opticos","15":"product_tag-optometria","16":"product_tag-responsable-de-optica","17":"product_tag-salud-visual","18":"product_tag-servicios-opticos","20":"first","21":"instock","22":"sale","23":"shipping-taxable","24":"purchasable","25":"product-type-simple"},"yoast_head":"<!-- This site is optimized with the Yoast SEO plugin v27.4 - https:\/\/yoast.com\/product\/yoast-seo-wordpress\/ -->\n<title>Responsable de \u00f3ptica<\/title>\n<meta name=\"description\" content=\"Desarrolla tus habilidades y mejora tus conocimientos con nuestra formaci\u00f3n de Responsable de \u00f3ptica\" \/>\n<meta name=\"robots\" content=\"index, follow, max-snippet:-1, max-image-preview:large, max-video-preview:-1\" \/>\n<link rel=\"canonical\" href=\"https:\/\/centro-cee.com\/web\/producto\/responsable-de-optica\/\" \/>\n<meta property=\"og:locale\" content=\"es_ES\" \/>\n<meta property=\"og:type\" content=\"article\" \/>\n<meta property=\"og:title\" content=\"Responsable de \u00f3ptica\" \/>\n<meta property=\"og:description\" content=\"Desarrolla tus habilidades y mejora tus conocimientos con nuestra formaci\u00f3n de Responsable de \u00f3ptica\" \/>\n<meta property=\"og:url\" content=\"https:\/\/centro-cee.com\/web\/producto\/responsable-de-optica\/\" \/>\n<meta property=\"og:site_name\" content=\"CEE Centro Europeo E-learning - Cursos online\" \/>\n<meta property=\"article:modified_time\" content=\"2026-03-13T17:07:14+00:00\" \/>\n<meta property=\"og:image\" content=\"https:\/\/centro-cee.com\/web\/wp-content\/uploads\/2024\/12\/oftalmologoyoculista.png\" \/>\n\t<meta property=\"og:image:width\" content=\"1080\" \/>\n\t<meta property=\"og:image:height\" content=\"480\" \/>\n\t<meta property=\"og:image:type\" content=\"image\/png\" \/>\n<meta name=\"twitter:card\" content=\"summary_large_image\" \/>\n<meta name=\"twitter:label1\" content=\"Tiempo de lectura\" \/>\n\t<meta name=\"twitter:data1\" content=\"5 minutos\" \/>\n<script type=\"application\/ld+json\" class=\"yoast-schema-graph\">{\"@context\":\"https:\\\/\\\/schema.org\",\"@graph\":[{\"@type\":\"WebPage\",\"@id\":\"https:\\\/\\\/centro-cee.com\\\/web\\\/producto\\\/responsable-de-optica\\\/\",\"url\":\"https:\\\/\\\/centro-cee.com\\\/web\\\/producto\\\/responsable-de-optica\\\/\",\"name\":\"Responsable de \u00f3ptica\",\"isPartOf\":{\"@id\":\"https:\\\/\\\/centro-cee.com\\\/web\\\/#website\"},\"primaryImageOfPage\":{\"@id\":\"https:\\\/\\\/centro-cee.com\\\/web\\\/producto\\\/responsable-de-optica\\\/#primaryimage\"},\"image\":{\"@id\":\"https:\\\/\\\/centro-cee.com\\\/web\\\/producto\\\/responsable-de-optica\\\/#primaryimage\"},\"thumbnailUrl\":\"https:\\\/\\\/centro-cee.com\\\/web\\\/wp-content\\\/uploads\\\/2024\\\/12\\\/oftalmologoyoculista.png\",\"datePublished\":\"2024-12-17T12:53:37+00:00\",\"dateModified\":\"2026-03-13T17:07:14+00:00\",\"description\":\"Desarrolla tus habilidades y mejora tus conocimientos con nuestra formaci\u00f3n de Responsable de \u00f3ptica\",\"breadcrumb\":{\"@id\":\"https:\\\/\\\/centro-cee.com\\\/web\\\/producto\\\/responsable-de-optica\\\/#breadcrumb\"},\"inLanguage\":\"es\",\"potentialAction\":[{\"@type\":\"ReadAction\",\"target\":[\"https:\\\/\\\/centro-cee.com\\\/web\\\/producto\\\/responsable-de-optica\\\/\"]}]},{\"@type\":\"ImageObject\",\"inLanguage\":\"es\",\"@id\":\"https:\\\/\\\/centro-cee.com\\\/web\\\/producto\\\/responsable-de-optica\\\/#primaryimage\",\"url\":\"https:\\\/\\\/centro-cee.com\\\/web\\\/wp-content\\\/uploads\\\/2024\\\/12\\\/oftalmologoyoculista.png\",\"contentUrl\":\"https:\\\/\\\/centro-cee.com\\\/web\\\/wp-content\\\/uploads\\\/2024\\\/12\\\/oftalmologoyoculista.png\",\"width\":1080,\"height\":480,\"caption\":\"Responsable de \u00f3ptica\"},{\"@type\":\"BreadcrumbList\",\"@id\":\"https:\\\/\\\/centro-cee.com\\\/web\\\/producto\\\/responsable-de-optica\\\/#breadcrumb\",\"itemListElement\":[{\"@type\":\"ListItem\",\"position\":1,\"name\":\"Portada\",\"item\":\"https:\\\/\\\/centro-cee.com\\\/web\\\/\"},{\"@type\":\"ListItem\",\"position\":2,\"name\":\"Responsable de \u00f3ptica\"}]},{\"@type\":\"WebSite\",\"@id\":\"https:\\\/\\\/centro-cee.com\\\/web\\\/#website\",\"url\":\"https:\\\/\\\/centro-cee.com\\\/web\\\/\",\"name\":\"Centro Europeo E-learning\",\"description\":\"CEE Formaci\u00f3n Online\",\"publisher\":{\"@id\":\"https:\\\/\\\/centro-cee.com\\\/web\\\/#organization\"},\"alternateName\":\"Centro Online de Formaci\u00f3n\",\"potentialAction\":[{\"@type\":\"SearchAction\",\"target\":{\"@type\":\"EntryPoint\",\"urlTemplate\":\"https:\\\/\\\/centro-cee.com\\\/web\\\/?s={search_term_string}\"},\"query-input\":{\"@type\":\"PropertyValueSpecification\",\"valueRequired\":true,\"valueName\":\"search_term_string\"}}],\"inLanguage\":\"es\"},{\"@type\":\"Organization\",\"@id\":\"https:\\\/\\\/centro-cee.com\\\/web\\\/#organization\",\"name\":\"Centro Europeo E-learning CEE\",\"url\":\"https:\\\/\\\/centro-cee.com\\\/web\\\/\",\"logo\":{\"@type\":\"ImageObject\",\"inLanguage\":\"es\",\"@id\":\"https:\\\/\\\/centro-cee.com\\\/web\\\/#\\\/schema\\\/logo\\\/image\\\/\",\"url\":\"https:\\\/\\\/centro-cee.com\\\/web\\\/wp-content\\\/uploads\\\/2022\\\/12\\\/cropped-logo_educa.png\",\"contentUrl\":\"https:\\\/\\\/centro-cee.com\\\/web\\\/wp-content\\\/uploads\\\/2022\\\/12\\\/cropped-logo_educa.png\",\"width\":157,\"height\":63,\"caption\":\"Centro Europeo E-learning CEE\"},\"image\":{\"@id\":\"https:\\\/\\\/centro-cee.com\\\/web\\\/#\\\/schema\\\/logo\\\/image\\\/\"},\"sameAs\":[\"https:\\\/\\\/www.instagram.com\\\/centroeuropeo_cee\"]}]}<\/script>\n<!-- \/ Yoast SEO plugin. -->","yoast_head_json":{"title":"Responsable de \u00f3ptica","description":"Desarrolla tus habilidades y mejora tus conocimientos con nuestra formaci\u00f3n de Responsable de \u00f3ptica","robots":{"index":"index","follow":"follow","max-snippet":"max-snippet:-1","max-image-preview":"max-image-preview:large","max-video-preview":"max-video-preview:-1"},"canonical":"https:\/\/centro-cee.com\/web\/producto\/responsable-de-optica\/","og_locale":"es_ES","og_type":"article","og_title":"Responsable de \u00f3ptica","og_description":"Desarrolla tus habilidades y mejora tus conocimientos con nuestra formaci\u00f3n de Responsable de \u00f3ptica","og_url":"https:\/\/centro-cee.com\/web\/producto\/responsable-de-optica\/","og_site_name":"CEE Centro Europeo E-learning - Cursos online","article_modified_time":"2026-03-13T17:07:14+00:00","og_image":[{"width":1080,"height":480,"url":"https:\/\/centro-cee.com\/web\/wp-content\/uploads\/2024\/12\/oftalmologoyoculista.png","type":"image\/png"}],"twitter_card":"summary_large_image","twitter_misc":{"Tiempo de lectura":"5 minutos"},"schema":{"@context":"https:\/\/schema.org","@graph":[{"@type":"WebPage","@id":"https:\/\/centro-cee.com\/web\/producto\/responsable-de-optica\/","url":"https:\/\/centro-cee.com\/web\/producto\/responsable-de-optica\/","name":"Responsable de \u00f3ptica","isPartOf":{"@id":"https:\/\/centro-cee.com\/web\/#website"},"primaryImageOfPage":{"@id":"https:\/\/centro-cee.com\/web\/producto\/responsable-de-optica\/#primaryimage"},"image":{"@id":"https:\/\/centro-cee.com\/web\/producto\/responsable-de-optica\/#primaryimage"},"thumbnailUrl":"https:\/\/centro-cee.com\/web\/wp-content\/uploads\/2024\/12\/oftalmologoyoculista.png","datePublished":"2024-12-17T12:53:37+00:00","dateModified":"2026-03-13T17:07:14+00:00","description":"Desarrolla tus habilidades y mejora tus conocimientos con nuestra formaci\u00f3n de Responsable de \u00f3ptica","breadcrumb":{"@id":"https:\/\/centro-cee.com\/web\/producto\/responsable-de-optica\/#breadcrumb"},"inLanguage":"es","potentialAction":[{"@type":"ReadAction","target":["https:\/\/centro-cee.com\/web\/producto\/responsable-de-optica\/"]}]},{"@type":"ImageObject","inLanguage":"es","@id":"https:\/\/centro-cee.com\/web\/producto\/responsable-de-optica\/#primaryimage","url":"https:\/\/centro-cee.com\/web\/wp-content\/uploads\/2024\/12\/oftalmologoyoculista.png","contentUrl":"https:\/\/centro-cee.com\/web\/wp-content\/uploads\/2024\/12\/oftalmologoyoculista.png","width":1080,"height":480,"caption":"Responsable de \u00f3ptica"},{"@type":"BreadcrumbList","@id":"https:\/\/centro-cee.com\/web\/producto\/responsable-de-optica\/#breadcrumb","itemListElement":[{"@type":"ListItem","position":1,"name":"Portada","item":"https:\/\/centro-cee.com\/web\/"},{"@type":"ListItem","position":2,"name":"Responsable de \u00f3ptica"}]},{"@type":"WebSite","@id":"https:\/\/centro-cee.com\/web\/#website","url":"https:\/\/centro-cee.com\/web\/","name":"Centro Europeo E-learning","description":"CEE Formaci\u00f3n Online","publisher":{"@id":"https:\/\/centro-cee.com\/web\/#organization"},"alternateName":"Centro Online de Formaci\u00f3n","potentialAction":[{"@type":"SearchAction","target":{"@type":"EntryPoint","urlTemplate":"https:\/\/centro-cee.com\/web\/?s={search_term_string}"},"query-input":{"@type":"PropertyValueSpecification","valueRequired":true,"valueName":"search_term_string"}}],"inLanguage":"es"},{"@type":"Organization","@id":"https:\/\/centro-cee.com\/web\/#organization","name":"Centro Europeo E-learning CEE","url":"https:\/\/centro-cee.com\/web\/","logo":{"@type":"ImageObject","inLanguage":"es","@id":"https:\/\/centro-cee.com\/web\/#\/schema\/logo\/image\/","url":"https:\/\/centro-cee.com\/web\/wp-content\/uploads\/2022\/12\/cropped-logo_educa.png","contentUrl":"https:\/\/centro-cee.com\/web\/wp-content\/uploads\/2022\/12\/cropped-logo_educa.png","width":157,"height":63,"caption":"Centro Europeo E-learning CEE"},"image":{"@id":"https:\/\/centro-cee.com\/web\/#\/schema\/logo\/image\/"},"sameAs":["https:\/\/www.instagram.com\/centroeuropeo_cee"]}]}},"_links":{"self":[{"href":"https:\/\/centro-cee.com\/web\/wp-json\/wp\/v2\/product\/1873","targetHints":{"allow":["GET"]}}],"collection":[{"href":"https:\/\/centro-cee.com\/web\/wp-json\/wp\/v2\/product"}],"about":[{"href":"https:\/\/centro-cee.com\/web\/wp-json\/wp\/v2\/types\/product"}],"replies":[{"embeddable":true,"href":"https:\/\/centro-cee.com\/web\/wp-json\/wp\/v2\/comments?post=1873"}],"wp:featuredmedia":[{"embeddable":true,"href":"https:\/\/centro-cee.com\/web\/wp-json\/wp\/v2\/media\/1874"}],"wp:attachment":[{"href":"https:\/\/centro-cee.com\/web\/wp-json\/wp\/v2\/media?parent=1873"}],"wp:term":[{"taxonomy":"product_brand","embeddable":true,"href":"https:\/\/centro-cee.com\/web\/wp-json\/wp\/v2\/product_brand?post=1873"},{"taxonomy":"product_cat","embeddable":true,"href":"https:\/\/centro-cee.com\/web\/wp-json\/wp\/v2\/product_cat?post=1873"},{"taxonomy":"product_tag","embeddable":true,"href":"https:\/\/centro-cee.com\/web\/wp-json\/wp\/v2\/product_tag?post=1873"}],"curies":[{"name":"wp","href":"https:\/\/api.w.org\/{rel}","templated":true}]}}