{"id":1861,"date":"2024-12-16T13:45:17","date_gmt":"2024-12-16T13:45:17","guid":{"rendered":"https:\/\/centro-cee.com\/web\/?post_type=product&#038;p=1861"},"modified":"2026-03-13T17:07:30","modified_gmt":"2026-03-13T17:07:30","slug":"tecnico-profesional-en-programas-de-intervencion","status":"publish","type":"product","link":"https:\/\/centro-cee.com\/web\/producto\/tecnico-profesional-en-programas-de-intervencion\/","title":{"rendered":"T\u00e9cnico profesional en programas de intervenci\u00f3n"},"content":{"rendered":"<p><a href=\"https:\/\/centro-cee.com\/web\/formaciones\/\">Atr\u00e1s<\/a><\/p>\n<p><em><strong>T\u00e9cnico profesional en programas de intervenci\u00f3n<\/strong><\/em><\/p>\n<p>Toda esta informaci\u00f3n se realiza 100% online en nuestro campus online de formaci\u00f3n.<\/p>\n<p>Las tutor\u00edas se realizan directamente desde el campus de estudio con la opci\u00f3n de mensajer\u00eda a profesores. Las tutorias son \u201ca demanda\u201d, cuando necesites soporte nos lo pides.<\/p>\n<p>Los t\u00edtulos de Centro CEE est\u00e1n autenticados por la firma de notario que valida contenidos y autenticidad a nivel internacional. Nuestra organizaci\u00f3n pertenece a la Asociaci\u00f3n Espa\u00f1ola de Calidad, organizaci\u00f3n Espa\u00f1ola de referencia para la calidad\u00a0en la formaci\u00f3n de auxiliar de enfermer\u00eda. La certificaci\u00f3n se puede apostillar por la Haya para cualquier pa\u00eds firmante del convenio de la Haya.<\/p>\n<p>Se puede pagar a plazos.<\/p>\n<p>Carga horaria de la formaci\u00f3n: 350h<\/p>\n<p>&nbsp;<\/p>\n<h2>Temario<\/h2>\n<hr \/>\n<p>1. M\u00d3DULO 1. INTRODUCCI\u00d3N<br \/>\nTEMA 1. DEFINICI\u00d3N DE ENVEJECIMIENTO. TERMINOLOG\u00cdA. TEOR\u00cdAS DEL ENVEJECIMIENTO<br \/>\n1. Definici\u00f3n<br \/>\n2. Envejecimiento poblacional<br \/>\n3. Otros conceptos destacados<br \/>\n4. Diferentes conceptos de edad<br \/>\n5. Teor\u00edas del envejecimiento<br \/>\nTEMA 2. FISIOLOG\u00cdA DEL ENVEJECIMIENTO<br \/>\n1. \u00bfC\u00f3mo cambia nuestro cuerpo?<br \/>\n2. Peculiaridades de las enfermedades del anciano<br \/>\nTEMA 3. PSICOLOG\u00cdA DEL ENVEJECIMIENTO<br \/>\n1. Aspectos generales<br \/>\n2. Cambios afectivos<br \/>\n3. El autoconcepto y la autoestima en la vejez<br \/>\n4. Cambios en la personalidad<br \/>\n5. Cambios en el funcionamiento cognitivo<br \/>\n6. Principales trastornos psicol\u00f3gicos en la vejez<br \/>\n7. M\u00d3DULO 2. VALORACI\u00d3N INTEGRAL DEL ANCIANO<br \/>\nTEMA 4. PROCESO DE VALORACI\u00d3N<br \/>\n1. Definici\u00f3n<br \/>\n2. Aspectos a tener en cuenta<br \/>\n3. Objetivos de la valoraci\u00f3n integral y \u00e1reas principales de valoraci\u00f3n<br \/>\n4. Proceso de evaluaci\u00f3n<br \/>\n5. T\u00e9cnicas de evaluaci\u00f3n<br \/>\nTEMA 5. HISTORIA CL\u00cdNICA<br \/>\n1. Antecedentes personales<br \/>\n2. Historia farmacol\u00f3gica<br \/>\n3. Anamnesis<br \/>\nTEMA 6. EXPLORACI\u00d3N F\u00cdSICA<br \/>\n1. Inspecci\u00f3n general<br \/>\n2. Determinaci\u00f3n de constantes vitales<br \/>\n3. Revisi\u00f3n completa<br \/>\n4. Pruebas complementarias<br \/>\n5. Pruebas m\u00e9dicas m\u00e1s utilizadas para la valoraci\u00f3n del anciano<br \/>\nTEMA 7. VALORACI\u00d3N FUNCIONAL, SOCIAL, PSICOL\u00d3GICA Y COGNITIVA<br \/>\n1. Valoraci\u00f3n funcional<br \/>\n2. Concepto de funci\u00f3n<br \/>\n3. Discapacidad y sus caminos<br \/>\n4. Evaluaci\u00f3n de las actividades de la vida diaria<br \/>\n5. Valoraci\u00f3n socio-ambiental<br \/>\n6. Valoraci\u00f3n psicol\u00f3gica y cognitiva<br \/>\n7. Valoraci\u00f3n cognitiva<br \/>\n8. Instrumentos o escalas para la valoraci\u00f3n mental<br \/>\n9. Valoraci\u00f3n del estado emocional<br \/>\n10. M\u00d3DULO 3. DISE\u00d1O DE PROGRAMAS DE INTERVENCI\u00d3N<br \/>\nTEMA 8. PROGRAMA DE INTERVENCI\u00d3N Y TRATAMIENTO<br \/>\n1. Introducci\u00f3n<br \/>\n2. Intervenci\u00f3n<br \/>\n3. \u00c1reas B\u00e1sicas de la intervenci\u00f3n<br \/>\n4. \u00bfQui\u00e9nes llevan a cabo las intervenciones?<br \/>\n5. Pautas generales para promover la participaci\u00f3n de las personas mayores en los programas de intervenci\u00f3n<br \/>\nTEMA 9. INTERVENCI\u00d3N EN SALUD<br \/>\n1. Programa de envejecimiento saludable<br \/>\n2. Programa de actividad f\u00edsica<br \/>\n3. Programa de terapia ocupacional<br \/>\nTEMA 10. INTERVENCI\u00d3N EN FUNCIONES COGNITIVO-AFECTIVAS<br \/>\n1. Intervenci\u00f3n en funciones cognitivas<br \/>\n2. Intervenci\u00f3n en memoria<br \/>\n3. Orientaci\u00f3n a la realidad<br \/>\n4. Intervenci\u00f3n en funciones intelectuales<br \/>\n5. Intervenci\u00f3n en funciones psicoafectivas<br \/>\nTEMA 11. INTERVENCI\u00d3N EN RELACIONES SOCIALES<br \/>\n1. Programa de apoyo social<br \/>\n2. Programa de entrenamiento en habilidades sociales<br \/>\n3. Programa en intervenci\u00f3n con familias<br \/>\n4. Cuidadores mayores dependientes<br \/>\n5. La familia en la residencia<br \/>\nTEMA 12. INTERVENCI\u00d3N EN LA CAPACIDAD FUNCIONAL<br \/>\n1. Objetivos generales en el trabajo con personas mayores dependientes<br \/>\n2. Pautas generales de actuaci\u00f3n<br \/>\n3. Programas de atenci\u00f3n e intervenci\u00f3n<br \/>\n4. Trastornos de conducta en contexto residencial<br \/>\n5. M\u00d3DULO 4. PREVENCI\u00d3N EN LA TERCERA EDAD<br \/>\nTEMA 13. CONTROLES M\u00c9DICOS Y PREVENCI\u00d3N EN SALUD<br \/>\n1. Introducci\u00f3n<br \/>\n2. Programas de educaci\u00f3n<br \/>\n3. Fomentos de la salud en la tercera edad<br \/>\n4. Prevenci\u00f3n de otras patolog\u00edas o conductas de riesgo comunes en la tercera edad<br \/>\n5. Acci\u00f3n comunitaria para ciudadanos de la tercera edad<br \/>\nTEMA 14. ALIMENTACI\u00d3N<br \/>\n1. Concepto de nutrici\u00f3n<br \/>\n2. Aproximaciones conceptuales: alimentaci\u00f3n y nutrici\u00f3n<br \/>\n3. Nutrientes y sus requerimientos en la tercera edad<br \/>\n4. V\u00edas de administraci\u00f3n de alimentos<br \/>\n5. Factores que influyen en el estado nutricional de la tercera edad<br \/>\n6. Valoraci\u00f3n del estado nutricional<br \/>\n7. Enfermedades de la tercera edad y consejos<br \/>\n8. Consumos y recomendaciones generales en la dieta diaria en la tercera edad<br \/>\n9. Problemas en la tercera edad relacionadas con la alimentaci\u00f3n<br \/>\nTEMA 15. HIGIENE<br \/>\n1. Higiene diaria<br \/>\n2. Prestaci\u00f3n de ayuda en el aseo<br \/>\n3. Orden del lavabo<br \/>\n4. Ojos y o\u00eddos<br \/>\n5. Dentadura<br \/>\n6. Los pies<br \/>\n7. La piel. Prevenci\u00f3n de \u00falceras por presi\u00f3n<br \/>\n8. Higiene bucal<br \/>\nTEMA 16. ACTIVIDAD F\u00cdSICA Y DESCANSO<br \/>\n1. Ejercicio f\u00edsico y envejecimiento<br \/>\n2. Importancia de la actividad f\u00edsica<br \/>\n3. Ventajas del ejercicio f\u00edsico<br \/>\n4. Tipos de ejercicios recomendados seg\u00fan el perfil<br \/>\n5. Programas de acondicionamiento f\u00edsico<br \/>\n6. Prevenci\u00f3n en el s\u00edndrome de inmovilizaci\u00f3n<br \/>\n7. Descanso en el anciano<br \/>\n8. Insomnio en el anciano<br \/>\nTEMA 17. RELACIONES SOCIALES Y FAMLIARES, SEXUALIDAD<br \/>\n1. Relaciones sociales<br \/>\n2. Principales dificultades en las relaciones sociales de la tercera edad<br \/>\n3. Relaciones familiares de la tercera edad<br \/>\n4. Niveles en las relaciones familiares<br \/>\n5. Sexualidad en el anciano<br \/>\nTEMA 18. LA JUBILACI\u00d3N. EL OCIO Y TIEMPO LIBRE EN EL ANCIANO<br \/>\n1. Jubilaci\u00f3n<br \/>\n2. Ocio y tiempo libre en el anciano<br \/>\nTEMA 19. PREVENCI\u00d3N DE ACCIDENTES DOM\u00c9STICOS<br \/>\n1. Accidentes frecuentes en el anciano<br \/>\n2. Prevenci\u00f3n de las ca\u00eddas<br \/>\nTEMA 20. PRIMEROS AUXILIOS<br \/>\n1. Principios generales de la actuaci\u00f3n en emergencias<br \/>\n2. Asfixia<br \/>\n3. Lipotimia<br \/>\n4. Coma<br \/>\n5. Epilepsia<br \/>\n6. Insolaci\u00f3n<br \/>\n7. Hemorragias<br \/>\n8. Heridas<br \/>\n9. Quemaduras<br \/>\n10. Lesiones por fr\u00edo. Congelaci\u00f3n<br \/>\n11. Intoxicaciones<br \/>\n12. Mordeduras de serpientes y picaduras de escorpiones y alacranes<br \/>\n13. Picaduras de insectos<br \/>\n14. Urgencias en otorrinolaringolog\u00eda y oftalmolog\u00eda<br \/>\n15. Fracturas<br \/>\n16. Esguince<br \/>\n17. Rotura de ligamentos<br \/>\n18. Luxaci\u00f3n<br \/>\n19. Contusi\u00f3n<br \/>\n20. Traumatismo craneal<br \/>\n21. Vendajes<br \/>\n22. Traslado de accidentados<br \/>\n23. Reanimaci\u00f3n cardiopulmonar<br \/>\n24. Botiqu\u00edn de urgencias<\/p>\n<p><em><strong>T\u00e9cnico profesional en programas de intervenci\u00f3n<\/strong><\/em><\/p>\n<hr \/>\n","protected":false},"excerpt":{"rendered":"<p><a href=\"https:\/\/centro-cee.com\/web\/formaciones\/\">Atr\u00e1s<\/a><\/p>\n<p>Formate y especializate en todos los aspectos relacionados con la intervenci\u00f3n geri\u00e1trica, con contenidos actualizados. La especialidad de la intervenci\u00f3n en geri\u00e1tria hacer referencia a la intervenci\u00f3n por parte del profesional en aquellos aspectos en que es necesaria llevar a cabo una acci\u00f3n determinada, destinada a mejorar la calidad del paciente geri\u00e1trico.<\/p>\n<p>Aprender\u00e1s todo lo relacionado con la fisiolog\u00eda del envejecimiento par apoder entender en que \u00e1reas es importante aplicar la intervenci\u00f3n.<br \/>\nEl primer paso es realizar correctamente la valoraci\u00f3n y los aspectos a tener en cuenta, conocer la hist\u00f3ria cl\u00ednica y a realizar una correcta exploraci\u00f3n f\u00edsica.<br \/>\nA partir de los datos anteriores ya estaremos preparados para valorar los diferentes aspetos y a aplicar el proceso de intervenci\u00f3n ya sea sobre la salud, las funciones cognitivo-afectivas, relaciones sociales, capadicades funcionales, etc.<br \/>\nTodo ello sin olvidar aspectos como la actividad f\u00edsica, relaciones familiares, etc.<br \/>\nDe forma que vas a disponer de una formaci\u00f3n excelente y muy completa sobre todo lo relacionado con la 3\u00aa edad y los aspectos que permiten intervenir para mejorar la calidad de vida de estas personas en general.<br \/>\nLa formaci\u00f3n obtenida es de alto nivel y con gran cantidad de contenidos que dotaran a las\/los alumnas\/os de unos conocimientos excelentes.<\/p>\n","protected":false},"featured_media":1862,"comment_status":"closed","ping_status":"closed","template":"","meta":[],"product_brand":[],"product_cat":[2052,2048,34],"product_tag":[1986,423,1982,1984,1985,1987,1983,1979,1980,1981],"class_list":{"0":"post-1861","1":"product","2":"type-product","3":"status-publish","4":"has-post-thumbnail","6":"product_cat-cursos-educacion","7":"product_cat-cursos-online-psicologia","8":"product_cat-tecnicos","9":"product_tag-apoyo-psicosocial","10":"product_tag-desarrollo-profesional","11":"product_tag-estrategias-de-intervencion","12":"product_tag-formacion-en-intervencion","13":"product_tag-habilidades-de-intervencion","14":"product_tag-intervencion-en-salud-mental","15":"product_tag-intervencion-psicosocial","16":"product_tag-programas-de-intervencion","17":"product_tag-tecnicas-de-intervencion","18":"product_tag-terapia-y-intervencion","20":"first","21":"instock","22":"sale","23":"shipping-taxable","24":"purchasable","25":"product-type-simple"},"yoast_head":"<!-- This site is optimized with the Yoast SEO plugin v27.5 - https:\/\/yoast.com\/product\/yoast-seo-wordpress\/ -->\n<title>T\u00e9cnico profesional en programas de intervenci\u00f3n<\/title>\n<meta name=\"description\" content=\"Desarrolla tus habilidades y mejora tus conocimientos con nuestra formaci\u00f3n de T\u00e9cnico profesional en programas de intervenci\u00f3n\" \/>\n<meta name=\"robots\" content=\"index, follow, max-snippet:-1, max-image-preview:large, max-video-preview:-1\" \/>\n<link rel=\"canonical\" href=\"https:\/\/centro-cee.com\/web\/producto\/tecnico-profesional-en-programas-de-intervencion\/\" \/>\n<meta property=\"og:locale\" content=\"es_ES\" \/>\n<meta property=\"og:type\" content=\"article\" \/>\n<meta property=\"og:title\" content=\"T\u00e9cnico profesional en programas de intervenci\u00f3n\" \/>\n<meta property=\"og:description\" content=\"Desarrolla tus habilidades y mejora tus conocimientos con nuestra formaci\u00f3n de T\u00e9cnico profesional en programas de intervenci\u00f3n\" \/>\n<meta property=\"og:url\" content=\"https:\/\/centro-cee.com\/web\/producto\/tecnico-profesional-en-programas-de-intervencion\/\" \/>\n<meta property=\"og:site_name\" content=\"CEE Centro Europeo E-learning - Cursos online\" \/>\n<meta property=\"article:modified_time\" content=\"2026-03-13T17:07:30+00:00\" \/>\n<meta property=\"og:image\" content=\"https:\/\/centro-cee.com\/web\/wp-content\/uploads\/2024\/12\/96.png\" \/>\n\t<meta property=\"og:image:width\" content=\"1024\" \/>\n\t<meta property=\"og:image:height\" content=\"768\" \/>\n\t<meta property=\"og:image:type\" content=\"image\/png\" \/>\n<meta name=\"twitter:card\" content=\"summary_large_image\" \/>\n<meta name=\"twitter:label1\" content=\"Tiempo de lectura\" \/>\n\t<meta name=\"twitter:data1\" content=\"6 minutos\" \/>\n<script type=\"application\/ld+json\" class=\"yoast-schema-graph\">{\"@context\":\"https:\\\/\\\/schema.org\",\"@graph\":[{\"@type\":\"WebPage\",\"@id\":\"https:\\\/\\\/centro-cee.com\\\/web\\\/producto\\\/tecnico-profesional-en-programas-de-intervencion\\\/\",\"url\":\"https:\\\/\\\/centro-cee.com\\\/web\\\/producto\\\/tecnico-profesional-en-programas-de-intervencion\\\/\",\"name\":\"T\u00e9cnico profesional en programas de intervenci\u00f3n\",\"isPartOf\":{\"@id\":\"https:\\\/\\\/centro-cee.com\\\/web\\\/#website\"},\"primaryImageOfPage\":{\"@id\":\"https:\\\/\\\/centro-cee.com\\\/web\\\/producto\\\/tecnico-profesional-en-programas-de-intervencion\\\/#primaryimage\"},\"image\":{\"@id\":\"https:\\\/\\\/centro-cee.com\\\/web\\\/producto\\\/tecnico-profesional-en-programas-de-intervencion\\\/#primaryimage\"},\"thumbnailUrl\":\"https:\\\/\\\/centro-cee.com\\\/web\\\/wp-content\\\/uploads\\\/2024\\\/12\\\/96.png\",\"datePublished\":\"2024-12-16T13:45:17+00:00\",\"dateModified\":\"2026-03-13T17:07:30+00:00\",\"description\":\"Desarrolla tus habilidades y mejora tus conocimientos con nuestra formaci\u00f3n de T\u00e9cnico profesional en programas de intervenci\u00f3n\",\"breadcrumb\":{\"@id\":\"https:\\\/\\\/centro-cee.com\\\/web\\\/producto\\\/tecnico-profesional-en-programas-de-intervencion\\\/#breadcrumb\"},\"inLanguage\":\"es\",\"potentialAction\":[{\"@type\":\"ReadAction\",\"target\":[\"https:\\\/\\\/centro-cee.com\\\/web\\\/producto\\\/tecnico-profesional-en-programas-de-intervencion\\\/\"]}]},{\"@type\":\"ImageObject\",\"inLanguage\":\"es\",\"@id\":\"https:\\\/\\\/centro-cee.com\\\/web\\\/producto\\\/tecnico-profesional-en-programas-de-intervencion\\\/#primaryimage\",\"url\":\"https:\\\/\\\/centro-cee.com\\\/web\\\/wp-content\\\/uploads\\\/2024\\\/12\\\/96.png\",\"contentUrl\":\"https:\\\/\\\/centro-cee.com\\\/web\\\/wp-content\\\/uploads\\\/2024\\\/12\\\/96.png\",\"width\":1024,\"height\":768,\"caption\":\"T\u00e9cnico profesional en programas de intervenci\u00f3n\"},{\"@type\":\"BreadcrumbList\",\"@id\":\"https:\\\/\\\/centro-cee.com\\\/web\\\/producto\\\/tecnico-profesional-en-programas-de-intervencion\\\/#breadcrumb\",\"itemListElement\":[{\"@type\":\"ListItem\",\"position\":1,\"name\":\"Portada\",\"item\":\"https:\\\/\\\/centro-cee.com\\\/web\\\/\"},{\"@type\":\"ListItem\",\"position\":2,\"name\":\"T\u00e9cnico profesional en programas de intervenci\u00f3n\"}]},{\"@type\":\"WebSite\",\"@id\":\"https:\\\/\\\/centro-cee.com\\\/web\\\/#website\",\"url\":\"https:\\\/\\\/centro-cee.com\\\/web\\\/\",\"name\":\"Centro Europeo E-learning\",\"description\":\"CEE Formaci\u00f3n Online\",\"publisher\":{\"@id\":\"https:\\\/\\\/centro-cee.com\\\/web\\\/#organization\"},\"alternateName\":\"Centro Online de Formaci\u00f3n\",\"potentialAction\":[{\"@type\":\"SearchAction\",\"target\":{\"@type\":\"EntryPoint\",\"urlTemplate\":\"https:\\\/\\\/centro-cee.com\\\/web\\\/?s={search_term_string}\"},\"query-input\":{\"@type\":\"PropertyValueSpecification\",\"valueRequired\":true,\"valueName\":\"search_term_string\"}}],\"inLanguage\":\"es\"},{\"@type\":\"Organization\",\"@id\":\"https:\\\/\\\/centro-cee.com\\\/web\\\/#organization\",\"name\":\"Centro Europeo E-learning CEE\",\"url\":\"https:\\\/\\\/centro-cee.com\\\/web\\\/\",\"logo\":{\"@type\":\"ImageObject\",\"inLanguage\":\"es\",\"@id\":\"https:\\\/\\\/centro-cee.com\\\/web\\\/#\\\/schema\\\/logo\\\/image\\\/\",\"url\":\"https:\\\/\\\/centro-cee.com\\\/web\\\/wp-content\\\/uploads\\\/2022\\\/12\\\/cropped-logo_educa.png\",\"contentUrl\":\"https:\\\/\\\/centro-cee.com\\\/web\\\/wp-content\\\/uploads\\\/2022\\\/12\\\/cropped-logo_educa.png\",\"width\":157,\"height\":63,\"caption\":\"Centro Europeo E-learning CEE\"},\"image\":{\"@id\":\"https:\\\/\\\/centro-cee.com\\\/web\\\/#\\\/schema\\\/logo\\\/image\\\/\"},\"sameAs\":[\"https:\\\/\\\/www.instagram.com\\\/centroeuropeo_cee\"]}]}<\/script>\n<!-- \/ Yoast SEO plugin. -->","yoast_head_json":{"title":"T\u00e9cnico profesional en programas de intervenci\u00f3n","description":"Desarrolla tus habilidades y mejora tus conocimientos con nuestra formaci\u00f3n de T\u00e9cnico profesional en programas de intervenci\u00f3n","robots":{"index":"index","follow":"follow","max-snippet":"max-snippet:-1","max-image-preview":"max-image-preview:large","max-video-preview":"max-video-preview:-1"},"canonical":"https:\/\/centro-cee.com\/web\/producto\/tecnico-profesional-en-programas-de-intervencion\/","og_locale":"es_ES","og_type":"article","og_title":"T\u00e9cnico profesional en programas de intervenci\u00f3n","og_description":"Desarrolla tus habilidades y mejora tus conocimientos con nuestra formaci\u00f3n de T\u00e9cnico profesional en programas de intervenci\u00f3n","og_url":"https:\/\/centro-cee.com\/web\/producto\/tecnico-profesional-en-programas-de-intervencion\/","og_site_name":"CEE Centro Europeo E-learning - Cursos online","article_modified_time":"2026-03-13T17:07:30+00:00","og_image":[{"width":1024,"height":768,"url":"https:\/\/centro-cee.com\/web\/wp-content\/uploads\/2024\/12\/96.png","type":"image\/png"}],"twitter_card":"summary_large_image","twitter_misc":{"Tiempo de lectura":"6 minutos"},"schema":{"@context":"https:\/\/schema.org","@graph":[{"@type":"WebPage","@id":"https:\/\/centro-cee.com\/web\/producto\/tecnico-profesional-en-programas-de-intervencion\/","url":"https:\/\/centro-cee.com\/web\/producto\/tecnico-profesional-en-programas-de-intervencion\/","name":"T\u00e9cnico profesional en programas de intervenci\u00f3n","isPartOf":{"@id":"https:\/\/centro-cee.com\/web\/#website"},"primaryImageOfPage":{"@id":"https:\/\/centro-cee.com\/web\/producto\/tecnico-profesional-en-programas-de-intervencion\/#primaryimage"},"image":{"@id":"https:\/\/centro-cee.com\/web\/producto\/tecnico-profesional-en-programas-de-intervencion\/#primaryimage"},"thumbnailUrl":"https:\/\/centro-cee.com\/web\/wp-content\/uploads\/2024\/12\/96.png","datePublished":"2024-12-16T13:45:17+00:00","dateModified":"2026-03-13T17:07:30+00:00","description":"Desarrolla tus habilidades y mejora tus conocimientos con nuestra formaci\u00f3n de T\u00e9cnico profesional en programas de intervenci\u00f3n","breadcrumb":{"@id":"https:\/\/centro-cee.com\/web\/producto\/tecnico-profesional-en-programas-de-intervencion\/#breadcrumb"},"inLanguage":"es","potentialAction":[{"@type":"ReadAction","target":["https:\/\/centro-cee.com\/web\/producto\/tecnico-profesional-en-programas-de-intervencion\/"]}]},{"@type":"ImageObject","inLanguage":"es","@id":"https:\/\/centro-cee.com\/web\/producto\/tecnico-profesional-en-programas-de-intervencion\/#primaryimage","url":"https:\/\/centro-cee.com\/web\/wp-content\/uploads\/2024\/12\/96.png","contentUrl":"https:\/\/centro-cee.com\/web\/wp-content\/uploads\/2024\/12\/96.png","width":1024,"height":768,"caption":"T\u00e9cnico profesional en programas de intervenci\u00f3n"},{"@type":"BreadcrumbList","@id":"https:\/\/centro-cee.com\/web\/producto\/tecnico-profesional-en-programas-de-intervencion\/#breadcrumb","itemListElement":[{"@type":"ListItem","position":1,"name":"Portada","item":"https:\/\/centro-cee.com\/web\/"},{"@type":"ListItem","position":2,"name":"T\u00e9cnico profesional en programas de intervenci\u00f3n"}]},{"@type":"WebSite","@id":"https:\/\/centro-cee.com\/web\/#website","url":"https:\/\/centro-cee.com\/web\/","name":"Centro Europeo E-learning","description":"CEE Formaci\u00f3n Online","publisher":{"@id":"https:\/\/centro-cee.com\/web\/#organization"},"alternateName":"Centro Online de Formaci\u00f3n","potentialAction":[{"@type":"SearchAction","target":{"@type":"EntryPoint","urlTemplate":"https:\/\/centro-cee.com\/web\/?s={search_term_string}"},"query-input":{"@type":"PropertyValueSpecification","valueRequired":true,"valueName":"search_term_string"}}],"inLanguage":"es"},{"@type":"Organization","@id":"https:\/\/centro-cee.com\/web\/#organization","name":"Centro Europeo E-learning CEE","url":"https:\/\/centro-cee.com\/web\/","logo":{"@type":"ImageObject","inLanguage":"es","@id":"https:\/\/centro-cee.com\/web\/#\/schema\/logo\/image\/","url":"https:\/\/centro-cee.com\/web\/wp-content\/uploads\/2022\/12\/cropped-logo_educa.png","contentUrl":"https:\/\/centro-cee.com\/web\/wp-content\/uploads\/2022\/12\/cropped-logo_educa.png","width":157,"height":63,"caption":"Centro Europeo E-learning CEE"},"image":{"@id":"https:\/\/centro-cee.com\/web\/#\/schema\/logo\/image\/"},"sameAs":["https:\/\/www.instagram.com\/centroeuropeo_cee"]}]}},"_links":{"self":[{"href":"https:\/\/centro-cee.com\/web\/wp-json\/wp\/v2\/product\/1861","targetHints":{"allow":["GET"]}}],"collection":[{"href":"https:\/\/centro-cee.com\/web\/wp-json\/wp\/v2\/product"}],"about":[{"href":"https:\/\/centro-cee.com\/web\/wp-json\/wp\/v2\/types\/product"}],"replies":[{"embeddable":true,"href":"https:\/\/centro-cee.com\/web\/wp-json\/wp\/v2\/comments?post=1861"}],"wp:featuredmedia":[{"embeddable":true,"href":"https:\/\/centro-cee.com\/web\/wp-json\/wp\/v2\/media\/1862"}],"wp:attachment":[{"href":"https:\/\/centro-cee.com\/web\/wp-json\/wp\/v2\/media?parent=1861"}],"wp:term":[{"taxonomy":"product_brand","embeddable":true,"href":"https:\/\/centro-cee.com\/web\/wp-json\/wp\/v2\/product_brand?post=1861"},{"taxonomy":"product_cat","embeddable":true,"href":"https:\/\/centro-cee.com\/web\/wp-json\/wp\/v2\/product_cat?post=1861"},{"taxonomy":"product_tag","embeddable":true,"href":"https:\/\/centro-cee.com\/web\/wp-json\/wp\/v2\/product_tag?post=1861"}],"curies":[{"name":"wp","href":"https:\/\/api.w.org\/{rel}","templated":true}]}}