{"id":1848,"date":"2024-12-12T13:24:30","date_gmt":"2024-12-12T13:24:30","guid":{"rendered":"https:\/\/centro-cee.com\/web\/?post_type=product&#038;p=1848"},"modified":"2026-03-13T17:08:24","modified_gmt":"2026-03-13T17:08:24","slug":"profesional-experto-en-acoso-escolar-y-gestion-del-estres","status":"publish","type":"product","link":"https:\/\/centro-cee.com\/web\/producto\/profesional-experto-en-acoso-escolar-y-gestion-del-estres\/","title":{"rendered":"Profesional experto en acoso escolar y gesti\u00f3n del estr\u00e9s"},"content":{"rendered":"<p><a href=\"https:\/\/centro-cee.com\/web\/formaciones\/\">Atr\u00e1s<\/a><\/p>\n<p><em><strong>Profesional experto en acoso escolar y gesti\u00f3n del estr\u00e9s<\/strong><\/em><\/p>\n<p>Toda esta informaci\u00f3n se realiza 100% online en nuestro campus online de formaci\u00f3n.<\/p>\n<p>Las tutor\u00edas se realizan directamente desde el campus de estudio con la opci\u00f3n de mensajer\u00eda a profesores. Las tutorias son \u201ca demanda\u201d, cuando necesites soporte nos lo pides.<\/p>\n<p>Los t\u00edtulos de Centro CEE est\u00e1n autenticados por la firma de notario que valida contenidos y autenticidad a nivel internacional. Nuestra organizaci\u00f3n pertenece a la Asociaci\u00f3n Espa\u00f1ola de Calidad, organizaci\u00f3n Espa\u00f1ola de referencia para la calidad\u00a0en la formaci\u00f3n de auxiliar de enfermer\u00eda. La certificaci\u00f3n se puede apostillar por la Haya para cualquier pa\u00eds firmante del convenio de la Haya.<\/p>\n<p>Se puede pagar a plazos.<\/p>\n<p>Carga horaria de la formaci\u00f3n: 320h<\/p>\n<p>&nbsp;<\/p>\n<h2>Temario<\/h2>\n<hr \/>\n<p>EXPERTO EN ACOSO ESCOLAR y GESTI\u00d3N DEL ESTR\u00c9S<\/p>\n<p>UNIDAD DID\u00c1CTICA 1. ACOSO ESCOLAR. DEFINICI\u00d3N Y COMPETENCIAS<br \/>\n1. Origen del Acoso Escolar<br \/>\n2. Acoso escolar en la actualidad<br \/>\n3. El acoso escolar en nuestro pa\u00eds<br \/>\n4. \u2026<br \/>\nUNIDAD DID\u00c1CTICA 2. OR\u00cdGENES SOBRE LA VIOLENCIA Y AGRESIVIDAD EN LA SOCIEDAD<br \/>\n1. Teor\u00edas sobre la agresi\u00f3n<br \/>\n2. Factores que afectan al acoso escolar<br \/>\n3. La familia<br \/>\n4. \u2026<br \/>\nUNIDAD DID\u00c1CTICA 3. ROLES DENTRO DEL ACOSO ESCOLAR<br \/>\n1. Elementos, personajes y roles dentro del acoso escolar: v\u00edctima, acosador y observadores<br \/>\n2. Rol del acosador<br \/>\n3. Rol del observador<br \/>\n4. \u2026<br \/>\nUNIDAD DID\u00c1CTICA 4. CONSECUENCIAS DEL ACOSO ESCOLAR<br \/>\n1. Consecuencias del acoso en los distintos roles y elementos: v\u00edctima, agresor\/a y observador\/a<br \/>\n2. Consecuencias en escuela y familia<br \/>\n3. Diferentes puntos de vista del problema del acoso en la actualidad<br \/>\nUNIDAD DID\u00c1CTICA 5. DETECCI\u00d3N DEL ACOSO ESCOLAR<br \/>\n1. Factores de riesgo para aparici\u00f3n de acoso escolar<br \/>\n2. Indicadores para la familia de la existencia de acoso escolar<br \/>\n3. Indicadores en el centro de la existencia de acoso escolar<br \/>\n4. \u2026<br \/>\nUNIDAD DID\u00c1CTICA 6. PREVENCI\u00d3N ANTE EL ACOSO ESCOLAR<br \/>\n1. Plan de convivencia de los centros educativos<br \/>\n2. Tutor\u00eda y orientaci\u00f3n en los centros educativos<br \/>\n3. Aula de convivencia<br \/>\n4. \u2026<br \/>\nUNIDAD DID\u00c1CTICA 7. OTRAS ACTUACIONES PARA LA PREVENCI\u00d3N DEL ACOSO ESCOLAR<br \/>\n1. Prevenci\u00f3n desde otros \u00e1mbitos. Comunidad Educativa<br \/>\n2. Estrategia para la mejora de la convivencia en los centros educativos<br \/>\n3. Papel del tutor y orientador en la prevenci\u00f3n del acoso escolar<br \/>\n4. \u2026<br \/>\nUNIDAD DID\u00c1CTICA 8. INTERVENCI\u00d3N SOBRE EL ACOSO ESCOLAR<br \/>\n1. Pautas de intervenci\u00f3n desde el papel del profesorado<br \/>\n2. Intervenci\u00f3n de la familia<br \/>\n3. T\u00e9cnicas de din\u00e1mica de grupo<br \/>\n4. Acoso escolar. Protocolo para la intervenci\u00f3n del acoso en el \u00e1mbito educativo<br \/>\n5. \u2026<br \/>\nUNIDAD DID\u00c1CTICA 9. CONDICIONANTES QUE PUEDEN PROVOCAR EL ACOSO ESCOLAR. SITUACIONES DE RIESGO EN LA INFANCIA Y MALTRATO INFANTIL<br \/>\n1. Factores de riesgo<br \/>\n2. Situaciones de riesgo en la infancia<br \/>\n3. Definici\u00f3n del maltrato en la infancia<br \/>\n4. \u2026<br \/>\nUNIDAD DID\u00c1CTICA 10. ACOSO ESCOLAR Y EL AUTOESTIMA INFANTIL<br \/>\n1. \u00bfC\u00f3mo se construye la autoestima?<br \/>\n2. Or\u00edgenes de la autoestima<br \/>\n3. Importancia de la autoestima<br \/>\n4. Evaluaci\u00f3n de la autoestima<br \/>\n5. \u2026<br \/>\nUNIDAD DID\u00c1CTICA 11. NUEVAS TECNOLOG\u00cdAS Y ACOSO ESCOLAR<br \/>\n1. Definici\u00f3n de nuevas tecnolog\u00edas<br \/>\n2. Aportaciones de las NTIC a la educaci\u00f3n<br \/>\n3. Cambios y repercusiones en las NTIC en la educaci\u00f3n<br \/>\n4. \u2026<\/p>\n<p>GESTI\u00d3N DE ESTR\u00c9S<br \/>\n1. EL ESTR\u00c9S Y SUS CARACTER\u00cdSTICAS<br \/>\n1.1. Introducci\u00f3n<br \/>\n1.2. Definiciones<br \/>\n1.3. \u2026<\/p>\n<p>2. EL ESTR\u00c9S LABORAL<br \/>\n2.1. Factores psicosociales<br \/>\n2.2. Diferencia entre presi\u00f3n de trabajo y estr\u00e9s<br \/>\n2.3. S\u00edntomas del estr\u00e9s laboral<br \/>\n2.4. \u2026<\/p>\n<p>3. T\u00c9CNICAS PERSONALES DE CONTROL DE ESTR\u00c9S<br \/>\n3.1. T\u00e9cnicas de respiraci\u00f3n<br \/>\n3.1.1. En pie y respirando<br \/>\n3.1.2. Nadi Shodhana<br \/>\n3.1.3. La respiraci\u00f3n de limpieza (Dr. Ed Newman)<br \/>\n3.1.4. La respiraci\u00f3n de claridad (Dr. Ed Newman)<br \/>\n3.2. Consejos para evitar el estr\u00e9s<br \/>\n3.2.1. Habit\u00faate a<br \/>\n3.2.2. Anal\u00edzate<br \/>\n3.2.3. En el trabajo<br \/>\n3.2.4. Tiempo libre y ocio<br \/>\n3.2.5. \u2026<br \/>\n3.3. T\u00e9cnicas para dominar el estr\u00e9s<br \/>\n3.3.1. Identificando nuestros s\u00edntomas de relajaci\u00f3n<br \/>\n3.3.2. Un ant\u00eddoto para el desaliento<br \/>\n3.3.3. La concentraci\u00f3n: una respiraci\u00f3n en nueve rondas<br \/>\n3.3.4. Fluir libremente: diez pasos simples para dominar el estr\u00e9s<br \/>\n\u2026<\/p>\n<p>4. T\u00c9CNICA DE AFRONTAMIENTO DEL ESTR\u00c9S<br \/>\n4.1. Introducci\u00f3n<br \/>\n4.2. Desarrollo de la t\u00e9cnica<br \/>\n4.2.1. Desarrollo de una relajaci\u00f3n efectiva<br \/>\n4.2.2. Realizaci\u00f3n de una jerarqu\u00eda de sucesos estresantes<br \/>\n4.2.3. \u2026<\/p>\n<p><em><strong>Profesional experto en acoso escolar y gesti\u00f3n del estr\u00e9s<\/strong><\/em><\/p>\n<hr \/>\n","protected":false},"excerpt":{"rendered":"<p><a href=\"https:\/\/centro-cee.com\/web\/formaciones\/\">Atr\u00e1s<\/a><br \/>\nEste programa online sobre acoso escolar y gesti\u00f3n del estr\u00e9s, desarrollado e impartido por CEE Centro Europeo E-learning, el cual est\u00e1 orientado a las personas interesadas como t\u00fa, en identificar situaciones que desestabilicen psicol\u00f3gicamente los ni\u00f1os de etapa escolar.<\/p>\n","protected":false},"featured_media":1430,"comment_status":"closed","ping_status":"closed","template":"","meta":[],"product_brand":[],"product_cat":[2052,2048,34],"product_tag":[1862,2016,256,2015,2020,2019,2014,2017,2018,1865],"class_list":{"0":"post-1848","1":"product","2":"type-product","3":"status-publish","4":"has-post-thumbnail","6":"product_cat-cursos-educacion","7":"product_cat-cursos-online-psicologia","8":"product_cat-tecnicos","9":"product_tag-acoso-escolar","10":"product_tag-apoyo-psicologico-escolar","11":"product_tag-bienestar-emocional","12":"product_tag-bullying-escolar","13":"product_tag-estrategias-de-prevencion-y-gestion-del-estres","14":"product_tag-formacion-en-acoso-escolar","15":"product_tag-gestion-del-estres","16":"product_tag-intervencion-en-acoso","17":"product_tag-manejo-del-estres","18":"product_tag-prevencion-del-acoso-escolar","20":"first","21":"instock","22":"sale","23":"shipping-taxable","24":"purchasable","25":"product-type-simple"},"yoast_head":"<!-- This site is optimized with the Yoast SEO plugin v27.5 - https:\/\/yoast.com\/product\/yoast-seo-wordpress\/ -->\n<title>Profesional experto en acoso escolar y gesti\u00f3n del estr\u00e9s<\/title>\n<meta name=\"description\" content=\"Desarrolla tus habilidades y mejora tus conocimientos con nuestra formaci\u00f3n de Profesional experto en acoso escolar y gesti\u00f3n del estr\u00e9s\" \/>\n<meta name=\"robots\" content=\"index, follow, max-snippet:-1, max-image-preview:large, max-video-preview:-1\" \/>\n<link rel=\"canonical\" href=\"https:\/\/centro-cee.com\/web\/producto\/profesional-experto-en-acoso-escolar-y-gestion-del-estres\/\" \/>\n<meta property=\"og:locale\" content=\"es_ES\" \/>\n<meta property=\"og:type\" content=\"article\" \/>\n<meta property=\"og:title\" content=\"Profesional experto en acoso escolar y gesti\u00f3n del estr\u00e9s\" \/>\n<meta property=\"og:description\" content=\"Desarrolla tus habilidades y mejora tus conocimientos con nuestra formaci\u00f3n de Profesional experto en acoso escolar y gesti\u00f3n del estr\u00e9s\" \/>\n<meta property=\"og:url\" content=\"https:\/\/centro-cee.com\/web\/producto\/profesional-experto-en-acoso-escolar-y-gestion-del-estres\/\" \/>\n<meta property=\"og:site_name\" content=\"CEE Centro Europeo E-learning - Cursos online\" \/>\n<meta property=\"article:modified_time\" content=\"2026-03-13T17:08:24+00:00\" \/>\n<meta property=\"og:image\" content=\"https:\/\/centro-cee.com\/web\/wp-content\/uploads\/2023\/09\/imagen_2023-09-18_132418270.png\" \/>\n\t<meta property=\"og:image:width\" content=\"799\" \/>\n\t<meta property=\"og:image:height\" content=\"663\" \/>\n\t<meta property=\"og:image:type\" content=\"image\/png\" \/>\n<meta name=\"twitter:card\" content=\"summary_large_image\" \/>\n<meta name=\"twitter:label1\" content=\"Tiempo de lectura\" \/>\n\t<meta name=\"twitter:data1\" content=\"4 minutos\" \/>\n<script type=\"application\/ld+json\" class=\"yoast-schema-graph\">{\"@context\":\"https:\\\/\\\/schema.org\",\"@graph\":[{\"@type\":\"WebPage\",\"@id\":\"https:\\\/\\\/centro-cee.com\\\/web\\\/producto\\\/profesional-experto-en-acoso-escolar-y-gestion-del-estres\\\/\",\"url\":\"https:\\\/\\\/centro-cee.com\\\/web\\\/producto\\\/profesional-experto-en-acoso-escolar-y-gestion-del-estres\\\/\",\"name\":\"Profesional experto en acoso escolar y gesti\u00f3n del estr\u00e9s\",\"isPartOf\":{\"@id\":\"https:\\\/\\\/centro-cee.com\\\/web\\\/#website\"},\"primaryImageOfPage\":{\"@id\":\"https:\\\/\\\/centro-cee.com\\\/web\\\/producto\\\/profesional-experto-en-acoso-escolar-y-gestion-del-estres\\\/#primaryimage\"},\"image\":{\"@id\":\"https:\\\/\\\/centro-cee.com\\\/web\\\/producto\\\/profesional-experto-en-acoso-escolar-y-gestion-del-estres\\\/#primaryimage\"},\"thumbnailUrl\":\"https:\\\/\\\/centro-cee.com\\\/web\\\/wp-content\\\/uploads\\\/2023\\\/09\\\/imagen_2023-09-18_132418270.png\",\"datePublished\":\"2024-12-12T13:24:30+00:00\",\"dateModified\":\"2026-03-13T17:08:24+00:00\",\"description\":\"Desarrolla tus habilidades y mejora tus conocimientos con nuestra formaci\u00f3n de Profesional experto en acoso escolar y gesti\u00f3n del estr\u00e9s\",\"breadcrumb\":{\"@id\":\"https:\\\/\\\/centro-cee.com\\\/web\\\/producto\\\/profesional-experto-en-acoso-escolar-y-gestion-del-estres\\\/#breadcrumb\"},\"inLanguage\":\"es\",\"potentialAction\":[{\"@type\":\"ReadAction\",\"target\":[\"https:\\\/\\\/centro-cee.com\\\/web\\\/producto\\\/profesional-experto-en-acoso-escolar-y-gestion-del-estres\\\/\"]}]},{\"@type\":\"ImageObject\",\"inLanguage\":\"es\",\"@id\":\"https:\\\/\\\/centro-cee.com\\\/web\\\/producto\\\/profesional-experto-en-acoso-escolar-y-gestion-del-estres\\\/#primaryimage\",\"url\":\"https:\\\/\\\/centro-cee.com\\\/web\\\/wp-content\\\/uploads\\\/2023\\\/09\\\/imagen_2023-09-18_132418270.png\",\"contentUrl\":\"https:\\\/\\\/centro-cee.com\\\/web\\\/wp-content\\\/uploads\\\/2023\\\/09\\\/imagen_2023-09-18_132418270.png\",\"width\":799,\"height\":663,\"caption\":\"Profesional experto en acoso escolar y gesti\u00f3n del estr\u00e9s\"},{\"@type\":\"BreadcrumbList\",\"@id\":\"https:\\\/\\\/centro-cee.com\\\/web\\\/producto\\\/profesional-experto-en-acoso-escolar-y-gestion-del-estres\\\/#breadcrumb\",\"itemListElement\":[{\"@type\":\"ListItem\",\"position\":1,\"name\":\"Portada\",\"item\":\"https:\\\/\\\/centro-cee.com\\\/web\\\/\"},{\"@type\":\"ListItem\",\"position\":2,\"name\":\"Profesional experto en acoso escolar y gesti\u00f3n del estr\u00e9s\"}]},{\"@type\":\"WebSite\",\"@id\":\"https:\\\/\\\/centro-cee.com\\\/web\\\/#website\",\"url\":\"https:\\\/\\\/centro-cee.com\\\/web\\\/\",\"name\":\"Centro Europeo E-learning\",\"description\":\"CEE Formaci\u00f3n Online\",\"publisher\":{\"@id\":\"https:\\\/\\\/centro-cee.com\\\/web\\\/#organization\"},\"alternateName\":\"Centro Online de Formaci\u00f3n\",\"potentialAction\":[{\"@type\":\"SearchAction\",\"target\":{\"@type\":\"EntryPoint\",\"urlTemplate\":\"https:\\\/\\\/centro-cee.com\\\/web\\\/?s={search_term_string}\"},\"query-input\":{\"@type\":\"PropertyValueSpecification\",\"valueRequired\":true,\"valueName\":\"search_term_string\"}}],\"inLanguage\":\"es\"},{\"@type\":\"Organization\",\"@id\":\"https:\\\/\\\/centro-cee.com\\\/web\\\/#organization\",\"name\":\"Centro Europeo E-learning CEE\",\"url\":\"https:\\\/\\\/centro-cee.com\\\/web\\\/\",\"logo\":{\"@type\":\"ImageObject\",\"inLanguage\":\"es\",\"@id\":\"https:\\\/\\\/centro-cee.com\\\/web\\\/#\\\/schema\\\/logo\\\/image\\\/\",\"url\":\"https:\\\/\\\/centro-cee.com\\\/web\\\/wp-content\\\/uploads\\\/2022\\\/12\\\/cropped-logo_educa.png\",\"contentUrl\":\"https:\\\/\\\/centro-cee.com\\\/web\\\/wp-content\\\/uploads\\\/2022\\\/12\\\/cropped-logo_educa.png\",\"width\":157,\"height\":63,\"caption\":\"Centro Europeo E-learning CEE\"},\"image\":{\"@id\":\"https:\\\/\\\/centro-cee.com\\\/web\\\/#\\\/schema\\\/logo\\\/image\\\/\"},\"sameAs\":[\"https:\\\/\\\/www.instagram.com\\\/centroeuropeo_cee\"]}]}<\/script>\n<!-- \/ Yoast SEO plugin. -->","yoast_head_json":{"title":"Profesional experto en acoso escolar y gesti\u00f3n del estr\u00e9s","description":"Desarrolla tus habilidades y mejora tus conocimientos con nuestra formaci\u00f3n de Profesional experto en acoso escolar y gesti\u00f3n del estr\u00e9s","robots":{"index":"index","follow":"follow","max-snippet":"max-snippet:-1","max-image-preview":"max-image-preview:large","max-video-preview":"max-video-preview:-1"},"canonical":"https:\/\/centro-cee.com\/web\/producto\/profesional-experto-en-acoso-escolar-y-gestion-del-estres\/","og_locale":"es_ES","og_type":"article","og_title":"Profesional experto en acoso escolar y gesti\u00f3n del estr\u00e9s","og_description":"Desarrolla tus habilidades y mejora tus conocimientos con nuestra formaci\u00f3n de Profesional experto en acoso escolar y gesti\u00f3n del estr\u00e9s","og_url":"https:\/\/centro-cee.com\/web\/producto\/profesional-experto-en-acoso-escolar-y-gestion-del-estres\/","og_site_name":"CEE Centro Europeo E-learning - Cursos online","article_modified_time":"2026-03-13T17:08:24+00:00","og_image":[{"width":799,"height":663,"url":"https:\/\/centro-cee.com\/web\/wp-content\/uploads\/2023\/09\/imagen_2023-09-18_132418270.png","type":"image\/png"}],"twitter_card":"summary_large_image","twitter_misc":{"Tiempo de lectura":"4 minutos"},"schema":{"@context":"https:\/\/schema.org","@graph":[{"@type":"WebPage","@id":"https:\/\/centro-cee.com\/web\/producto\/profesional-experto-en-acoso-escolar-y-gestion-del-estres\/","url":"https:\/\/centro-cee.com\/web\/producto\/profesional-experto-en-acoso-escolar-y-gestion-del-estres\/","name":"Profesional experto en acoso escolar y gesti\u00f3n del estr\u00e9s","isPartOf":{"@id":"https:\/\/centro-cee.com\/web\/#website"},"primaryImageOfPage":{"@id":"https:\/\/centro-cee.com\/web\/producto\/profesional-experto-en-acoso-escolar-y-gestion-del-estres\/#primaryimage"},"image":{"@id":"https:\/\/centro-cee.com\/web\/producto\/profesional-experto-en-acoso-escolar-y-gestion-del-estres\/#primaryimage"},"thumbnailUrl":"https:\/\/centro-cee.com\/web\/wp-content\/uploads\/2023\/09\/imagen_2023-09-18_132418270.png","datePublished":"2024-12-12T13:24:30+00:00","dateModified":"2026-03-13T17:08:24+00:00","description":"Desarrolla tus habilidades y mejora tus conocimientos con nuestra formaci\u00f3n de Profesional experto en acoso escolar y gesti\u00f3n del estr\u00e9s","breadcrumb":{"@id":"https:\/\/centro-cee.com\/web\/producto\/profesional-experto-en-acoso-escolar-y-gestion-del-estres\/#breadcrumb"},"inLanguage":"es","potentialAction":[{"@type":"ReadAction","target":["https:\/\/centro-cee.com\/web\/producto\/profesional-experto-en-acoso-escolar-y-gestion-del-estres\/"]}]},{"@type":"ImageObject","inLanguage":"es","@id":"https:\/\/centro-cee.com\/web\/producto\/profesional-experto-en-acoso-escolar-y-gestion-del-estres\/#primaryimage","url":"https:\/\/centro-cee.com\/web\/wp-content\/uploads\/2023\/09\/imagen_2023-09-18_132418270.png","contentUrl":"https:\/\/centro-cee.com\/web\/wp-content\/uploads\/2023\/09\/imagen_2023-09-18_132418270.png","width":799,"height":663,"caption":"Profesional experto en acoso escolar y gesti\u00f3n del estr\u00e9s"},{"@type":"BreadcrumbList","@id":"https:\/\/centro-cee.com\/web\/producto\/profesional-experto-en-acoso-escolar-y-gestion-del-estres\/#breadcrumb","itemListElement":[{"@type":"ListItem","position":1,"name":"Portada","item":"https:\/\/centro-cee.com\/web\/"},{"@type":"ListItem","position":2,"name":"Profesional experto en acoso escolar y gesti\u00f3n del estr\u00e9s"}]},{"@type":"WebSite","@id":"https:\/\/centro-cee.com\/web\/#website","url":"https:\/\/centro-cee.com\/web\/","name":"Centro Europeo E-learning","description":"CEE Formaci\u00f3n Online","publisher":{"@id":"https:\/\/centro-cee.com\/web\/#organization"},"alternateName":"Centro Online de Formaci\u00f3n","potentialAction":[{"@type":"SearchAction","target":{"@type":"EntryPoint","urlTemplate":"https:\/\/centro-cee.com\/web\/?s={search_term_string}"},"query-input":{"@type":"PropertyValueSpecification","valueRequired":true,"valueName":"search_term_string"}}],"inLanguage":"es"},{"@type":"Organization","@id":"https:\/\/centro-cee.com\/web\/#organization","name":"Centro Europeo E-learning CEE","url":"https:\/\/centro-cee.com\/web\/","logo":{"@type":"ImageObject","inLanguage":"es","@id":"https:\/\/centro-cee.com\/web\/#\/schema\/logo\/image\/","url":"https:\/\/centro-cee.com\/web\/wp-content\/uploads\/2022\/12\/cropped-logo_educa.png","contentUrl":"https:\/\/centro-cee.com\/web\/wp-content\/uploads\/2022\/12\/cropped-logo_educa.png","width":157,"height":63,"caption":"Centro Europeo E-learning CEE"},"image":{"@id":"https:\/\/centro-cee.com\/web\/#\/schema\/logo\/image\/"},"sameAs":["https:\/\/www.instagram.com\/centroeuropeo_cee"]}]}},"_links":{"self":[{"href":"https:\/\/centro-cee.com\/web\/wp-json\/wp\/v2\/product\/1848","targetHints":{"allow":["GET"]}}],"collection":[{"href":"https:\/\/centro-cee.com\/web\/wp-json\/wp\/v2\/product"}],"about":[{"href":"https:\/\/centro-cee.com\/web\/wp-json\/wp\/v2\/types\/product"}],"replies":[{"embeddable":true,"href":"https:\/\/centro-cee.com\/web\/wp-json\/wp\/v2\/comments?post=1848"}],"wp:featuredmedia":[{"embeddable":true,"href":"https:\/\/centro-cee.com\/web\/wp-json\/wp\/v2\/media\/1430"}],"wp:attachment":[{"href":"https:\/\/centro-cee.com\/web\/wp-json\/wp\/v2\/media?parent=1848"}],"wp:term":[{"taxonomy":"product_brand","embeddable":true,"href":"https:\/\/centro-cee.com\/web\/wp-json\/wp\/v2\/product_brand?post=1848"},{"taxonomy":"product_cat","embeddable":true,"href":"https:\/\/centro-cee.com\/web\/wp-json\/wp\/v2\/product_cat?post=1848"},{"taxonomy":"product_tag","embeddable":true,"href":"https:\/\/centro-cee.com\/web\/wp-json\/wp\/v2\/product_tag?post=1848"}],"curies":[{"name":"wp","href":"https:\/\/api.w.org\/{rel}","templated":true}]}}