{"id":1786,"date":"2024-11-19T12:40:06","date_gmt":"2024-11-19T12:40:06","guid":{"rendered":"https:\/\/centro-cee.com\/web\/?post_type=product&#038;p=1786"},"modified":"2024-12-16T13:12:50","modified_gmt":"2024-12-16T13:12:50","slug":"profesional-en-gestion-y-planificacion-de-eventos","status":"publish","type":"product","link":"https:\/\/centro-cee.com\/web\/producto\/profesional-en-gestion-y-planificacion-de-eventos\/","title":{"rendered":"Profesional en gesti\u00f3n y planificaci\u00f3n de eventos"},"content":{"rendered":"<p><a href=\"https:\/\/centro-cee.com\/web\/formaciones\/\">Atr\u00e1s<\/a><\/p>\n<p><em><strong>Profesional en gesti\u00f3n y planificaci\u00f3n de eventos<\/strong><\/em><\/p>\n<p>Toda esta informaci\u00f3n se realiza 100% online en nuestro campus online de formaci\u00f3n.<\/p>\n<p>Las tutor\u00edas se realizan directamente desde el campus de estudio con la opci\u00f3n de mensajer\u00eda a profesores. Las tutorias son \u201ca demanda\u201d, cuando necesites soporte nos lo pides.<\/p>\n<p>Los t\u00edtulos de Centro CEE est\u00e1n autenticados por la firma de notario que valida contenidos y autenticidad a nivel internacional. Nuestra organizaci\u00f3n pertenece a la Asociaci\u00f3n Espa\u00f1ola de Calidad, organizaci\u00f3n Espa\u00f1ola de referencia para la calidad\u00a0en la formaci\u00f3n de auxiliar de enfermer\u00eda. La certificaci\u00f3n se puede apostillar por la Haya para cualquier pa\u00eds firmante del convenio de la Haya.<\/p>\n<p>Se puede pagar a plazos.<\/p>\n<p>Carga horaria de la formaci\u00f3n: 450h<\/p>\n<p>&nbsp;<\/p>\n<h2>Temario<\/h2>\n<hr \/>\n<p>TEMA 1. ORGANIZACI\u00d3N DE REUNIONES<br \/>\n1. Introducci\u00f3n<br \/>\n2. Tipos de reuniones<br \/>\n3. Terminolog\u00eda usada en las reuniones, juntas y asambleas<\/p>\n<p>TEMA 2. ORGANIZACI\u00d3N DE EVENTOS<br \/>\n1. Tipos de Eventos<br \/>\n2. Organizaci\u00f3n del Evento<br \/>\n3. Condiciones t\u00e9cnicas y econ\u00f3micas requeridas al servicio contratado<\/p>\n<p>TEMA 3. EL ORGANIZADOR DE EVENTOS (RELACIONES P\u00daBLICAS)<br \/>\n1. Definici\u00f3n y concepto de Relaciones P\u00fablicas<br \/>\n2. Como montar una operaci\u00f3n de relaciones p\u00fablicas<\/p>\n<p>TEMA 4. PROTOCOLO EMPRESARIAL PARA ORGANIZACI\u00d3N DE EVENTOS<br \/>\n1. Introducci\u00f3n<br \/>\n2. Real Decreto 2099\/83 Ordenamiento General de precedencias en el Estado<br \/>\n3. El regalo en la empresa<\/p>\n<p>TEMA 5. LA COMUNICACI\u00d3N<br \/>\n1. Conceptualizaci\u00f3n de la comunicaci\u00f3n<br \/>\n2. Elementos constitutivos de la comunicaci\u00f3n<br \/>\n3. Teor\u00edas de la comunicaci\u00f3n seg\u00fan el contexto<\/p>\n<p>TEMA 6. LA COMUNICACI\u00d3N EN EL PROTOCOLO EMPRESARIAL<br \/>\n1. Pol\u00edticas de Comunicaci\u00f3n Integral (PCI)<br \/>\n2. La formaci\u00f3n comunicacional de los directivos<br \/>\n3. C\u00f3mo hablar en p\u00fablico<\/p>\n<p>TEMA 7. CLASIFICACI\u00d3N DE EVENTOS EMPRESARIALES<br \/>\n1. C\u00f3mo se planifica un acto p\u00fablico<br \/>\n2. Tipos de eventos<br \/>\n3. La seguridad en los actos<\/p>\n<p>TEMA 8. ORGANIZACI\u00d3N DE EVENTOS (I)<br \/>\n1. Concepto de certamen ferial: Tipolog\u00eda de ferias<br \/>\n2. Formas de composici\u00f3n organizativa de las ferias<\/p>\n<p>TEMA 9. ORGANIZACI\u00d3N DE EVENTOS FERIALES (II)<br \/>\n1. Oferta y demanda de eventos feriales<br \/>\n2. Marketing y comunicaci\u00f3n ferial<br \/>\n3. Comercializaci\u00f3n del evento<\/p>\n<p>TEMA 10. ORGANIZACI\u00d3N DE CONGRESOS (I)<br \/>\n1. Precongreso<br \/>\n2. El congreso: d\u00edas previos y celebraci\u00f3n<br \/>\n3. La candidatura<br \/>\n4. El Comit\u00e9 Organizador<br \/>\n5. Definici\u00f3n del Congreso<br \/>\n6. Naturaleza del Congreso<br \/>\n7. Objetivos<\/p>\n<p>TEMA 11. ORGANIZACI\u00d3N DE CONGRESOS (II)<br \/>\n1. Las Secretar\u00edas del Congreso<br \/>\n2. Financiaci\u00f3n del Congreso<br \/>\n3. Postcongreso<\/p>\n<p>TEMA 12. DISE\u00d1O Y PLANIFICACI\u00d3N DE UN EVENTO DEPORTIVO (I)<br \/>\n1. Deporte y protocolo<br \/>\n2. Esquema general de la organizaci\u00f3n y gesti\u00f3n de un evento deportivo<br \/>\n3. Estrategia de Marketing<\/p>\n<p>TEMA 13. DISE\u00d1O Y PLANIFICACI\u00d3N DE UN EVENTO DEPORTIVO (II)<br \/>\n1. Planificaci\u00f3n estrat\u00e9gica<br \/>\n2. Fases de la planificaci\u00f3n estrat\u00e9gica<br \/>\n3. Planificaci\u00f3n deportiva<br \/>\n4. Tipos de planificaciones<\/p>\n<p>TEMA 14. BENEFICIOS DE LA ORGANIZACI\u00d3N DE UN EVENTO DEPORTIVO<br \/>\n1. Introducci\u00f3n<br \/>\n2. Beneficios socioecon\u00f3micos fundamentales<br \/>\n3. Beneficios sociopol\u00edticos<\/p>\n<p>TEMA 15. PATROCINIO DE EVENTOS: EL PATROCINIO DE UN EVENTO DEPORTIVO<br \/>\n1. Introducci\u00f3n<br \/>\n2. El patrocinio deportivo en Espa\u00f1a<br \/>\n3. Las posibilidades publicitarias de los eventos deportivos<\/p>\n<p>TEMA 16. HABILIDADES Y COMPETENCIAS COMUNICATIVAS<br \/>\n1. Habilidades conversacionales<br \/>\n2. La escucha<br \/>\n3. La empat\u00eda<\/p>\n<p>TEMA 17. PUBLICIDAD, MARKETING Y LA IDENTIDAD CORPORATIVA<br \/>\n1. La publicidad<br \/>\n2. Identidad corporativa<\/p>\n<p>GESTI\u00d3N DE LA ATENCI\u00d3N AL CLIENTE \/ CONSUMIDOR \/ USUARIO<\/p>\n<p>1. PROCESOS DE ATENCI\u00d3N AL CLIENTE\/CONSUMIDOR\/USUARIO<br \/>\n1.1. Concepto y caracter\u00edsticas de la funci\u00f3n de atenci\u00f3n al cliente:<br \/>\n1.1.1. Empresas fabricantes.<br \/>\n1.1.2. Empresas distribuidoras.<br \/>\n1.2. Dependencia funcional del departamento de atenci\u00f3n al cliente:<br \/>\n1.2.1. Organizaci\u00f3n funcional de las empresas: Organigrama.<br \/>\n1.2.2. Interrelaciones del departamento de atenci\u00f3n al cliente: comercial, financiero y de ventas.<br \/>\n1.3. Factores fundamentales desarrollados en la atenci\u00f3n al cliente:<br \/>\n1.3.1. Naturaleza.<br \/>\n1.4. El marketing en la empresa y su relaci\u00f3n con el departamento de atenci\u00f3n al cliente:<br \/>\n1.4.1. Marketing relacional.<br \/>\n1.4.2. Relaciones con clientes.<br \/>\n1.5.  Variables que influyen en la atenci\u00f3n al cliente:<br \/>\n1.5.1. Posicionamiento e imagen.<br \/>\n1.5.2. Relaciones p\u00fablicas.<br \/>\n1.6. La informaci\u00f3n suministrada por el cliente.<br \/>\n1.6.1. An\u00e1lisis comparativo.<br \/>\n1.7. Documentaci\u00f3n implicada en la atenci\u00f3n al cliente.<br \/>\n1.8. Servicio Postventa.<\/p>\n<p>2. CALIDAD EN LA PRESTACI\u00d3N DEL SERVICIO DE ATENCI\u00d3N AL CLIENTE\/CONSUMIDOR\/USUARIO<br \/>\n2.1. Procesos de calidad en la empresa.<br \/>\n2.2. Concepto y caracter\u00edsticas de la calidad de servicio.<br \/>\n2.2.1. Importancia.<br \/>\n2.3. Ratios de control y medici\u00f3n de la calidad y satisfacci\u00f3n del cliente.<br \/>\n2.3.1. Elementos de control.<br \/>\n2.3.2. M\u00e9todos de evaluaci\u00f3n de la calidad del servicio de atenci\u00f3n al cliente.<\/p>\n<p>3. ASPECTOS LEGALES EN RELACI\u00d3N CON LA ATENCI\u00d3N AL CLIENTE\/CONSUMIDOR\/USUARIO<br \/>\n3.1. Ordenaci\u00f3n del Comercio Minorista:<br \/>\n3.1.1. Contenido.<br \/>\n3.1.2. Implicaciones en la atenci\u00f3n a clientes.<br \/>\n3.2. Servicios de la Sociedad de la Informaci\u00f3n y el Comercio Electr\u00f3nico<br \/>\n3.2.1. Contenido.<br \/>\n3.2.2. Implicaciones.<br \/>\n3.3. Protecci\u00f3n de Datos:<br \/>\n3.3.1. Contenido.<br \/>\n3.3.2. Implicaciones en las relaciones con clientes.<br \/>\n3.4. Protecci\u00f3n al consumidor:<br \/>\n3.4.1. Ley General de Defensa de los consumidores y usuarios.<br \/>\n3.4.2. Regulaci\u00f3n auton\u00f3mica y local de protecci\u00f3n al consumidor.<\/p>\n<p><em><strong>Profesional en gesti\u00f3n y planificaci\u00f3n de eventos<\/strong><\/em><\/p>\n<hr \/>\n","protected":false},"excerpt":{"rendered":"<p><a href=\"https:\/\/centro-cee.com\/web\/formaciones\/\">Atr\u00e1s<\/a><\/p>\n<p>F\u00f3rmate y especial\u00edzate en todos los aspectos relacionados con la organizaci\u00f3n de eventos profesionales, como eventos deportivos, de congresos, ferias, etc, y  con contenidos actualizados.<\/p>\n<p>La formaci\u00f3n obtenida es de alto nivel y con gran cantidad de contenidos que dotaran a las\/los alumnas\/os de unos conocimientos excelentes.<\/p>\n<p>Este doble m\u00e1ster tiene por objeto cubrir dos formaciones complementarias, ya que la organizaci\u00f3n de eventos requiere de un dominio de las t\u00e9cnicas de atenci\u00f3n al usuario que permitan ofrecer servicios de calidad y profesionales.<\/p>\n<p>La formaci\u00f3n obtenida es de alto nivel y con gran cantidad de contenidos que dotaran a las\/los alumnas\/os de unos conocimientos excelentes.<\/p>\n","protected":false},"featured_media":1787,"comment_status":"closed","ping_status":"closed","template":"","meta":[],"product_brand":[],"product_cat":[17],"product_tag":[1737,1734,1729,1733,1731,1730,1738,1736,1732,1735],"class_list":{"0":"post-1786","1":"product","2":"type-product","3":"status-publish","4":"has-post-thumbnail","6":"product_cat-master","7":"product_tag-curso-de-gestion-de-eventos","8":"product_tag-direccion-de-eventos","9":"product_tag-gestion-de-eventos","10":"product_tag-logistica-de-eventos","11":"product_tag-organizacion-de-eventos","12":"product_tag-planificacion-de-eventos","13":"product_tag-planificacion-estrategica-de-eventos","14":"product_tag-produccion-de-eventos","15":"product_tag-profesional-en-eventos","16":"product_tag-protocolo-y-eventos","18":"first","19":"instock","20":"sale","21":"shipping-taxable","22":"purchasable","23":"product-type-simple"},"yoast_head":"<!-- This site is optimized with the Yoast SEO plugin v27.5 - https:\/\/yoast.com\/product\/yoast-seo-wordpress\/ -->\n<title>Profesional en gesti\u00f3n y planificaci\u00f3n de eventos<\/title>\n<meta name=\"description\" content=\"Desarrolla tus habilidades y mejora tus conocimientos con nuestra formaci\u00f3n de M\u00e1ster Profesional en gesti\u00f3n y planificaci\u00f3n de eventos\" \/>\n<meta name=\"robots\" content=\"index, follow, max-snippet:-1, max-image-preview:large, max-video-preview:-1\" \/>\n<link rel=\"canonical\" href=\"https:\/\/centro-cee.com\/web\/producto\/profesional-en-gestion-y-planificacion-de-eventos\/\" \/>\n<meta property=\"og:locale\" content=\"es_ES\" \/>\n<meta property=\"og:type\" content=\"article\" \/>\n<meta property=\"og:title\" content=\"Profesional en gesti\u00f3n y planificaci\u00f3n de eventos\" \/>\n<meta property=\"og:description\" content=\"Desarrolla tus habilidades y mejora tus conocimientos con nuestra formaci\u00f3n de M\u00e1ster Profesional en gesti\u00f3n y planificaci\u00f3n de eventos\" \/>\n<meta property=\"og:url\" content=\"https:\/\/centro-cee.com\/web\/producto\/profesional-en-gestion-y-planificacion-de-eventos\/\" \/>\n<meta property=\"og:site_name\" content=\"CEE Centro Europeo E-learning - Cursos online\" \/>\n<meta property=\"article:modified_time\" content=\"2024-12-16T13:12:50+00:00\" \/>\n<meta property=\"og:image\" content=\"https:\/\/centro-cee.com\/web\/wp-content\/uploads\/2024\/11\/Capfse32tura.png\" \/>\n\t<meta property=\"og:image:width\" content=\"801\" \/>\n\t<meta property=\"og:image:height\" content=\"391\" \/>\n\t<meta property=\"og:image:type\" content=\"image\/png\" \/>\n<meta name=\"twitter:card\" content=\"summary_large_image\" \/>\n<meta name=\"twitter:label1\" content=\"Tiempo de lectura\" \/>\n\t<meta name=\"twitter:data1\" content=\"9 minutos\" \/>\n<script type=\"application\/ld+json\" class=\"yoast-schema-graph\">{\"@context\":\"https:\\\/\\\/schema.org\",\"@graph\":[{\"@type\":\"WebPage\",\"@id\":\"https:\\\/\\\/centro-cee.com\\\/web\\\/producto\\\/profesional-en-gestion-y-planificacion-de-eventos\\\/\",\"url\":\"https:\\\/\\\/centro-cee.com\\\/web\\\/producto\\\/profesional-en-gestion-y-planificacion-de-eventos\\\/\",\"name\":\"Profesional en gesti\u00f3n y planificaci\u00f3n de eventos\",\"isPartOf\":{\"@id\":\"https:\\\/\\\/centro-cee.com\\\/web\\\/#website\"},\"primaryImageOfPage\":{\"@id\":\"https:\\\/\\\/centro-cee.com\\\/web\\\/producto\\\/profesional-en-gestion-y-planificacion-de-eventos\\\/#primaryimage\"},\"image\":{\"@id\":\"https:\\\/\\\/centro-cee.com\\\/web\\\/producto\\\/profesional-en-gestion-y-planificacion-de-eventos\\\/#primaryimage\"},\"thumbnailUrl\":\"https:\\\/\\\/centro-cee.com\\\/web\\\/wp-content\\\/uploads\\\/2024\\\/11\\\/Capfse32tura.png\",\"datePublished\":\"2024-11-19T12:40:06+00:00\",\"dateModified\":\"2024-12-16T13:12:50+00:00\",\"description\":\"Desarrolla tus habilidades y mejora tus conocimientos con nuestra formaci\u00f3n de M\u00e1ster Profesional en gesti\u00f3n y planificaci\u00f3n de eventos\",\"breadcrumb\":{\"@id\":\"https:\\\/\\\/centro-cee.com\\\/web\\\/producto\\\/profesional-en-gestion-y-planificacion-de-eventos\\\/#breadcrumb\"},\"inLanguage\":\"es\",\"potentialAction\":[{\"@type\":\"ReadAction\",\"target\":[\"https:\\\/\\\/centro-cee.com\\\/web\\\/producto\\\/profesional-en-gestion-y-planificacion-de-eventos\\\/\"]}]},{\"@type\":\"ImageObject\",\"inLanguage\":\"es\",\"@id\":\"https:\\\/\\\/centro-cee.com\\\/web\\\/producto\\\/profesional-en-gestion-y-planificacion-de-eventos\\\/#primaryimage\",\"url\":\"https:\\\/\\\/centro-cee.com\\\/web\\\/wp-content\\\/uploads\\\/2024\\\/11\\\/Capfse32tura.png\",\"contentUrl\":\"https:\\\/\\\/centro-cee.com\\\/web\\\/wp-content\\\/uploads\\\/2024\\\/11\\\/Capfse32tura.png\",\"width\":801,\"height\":391,\"caption\":\"agente de ventas\"},{\"@type\":\"BreadcrumbList\",\"@id\":\"https:\\\/\\\/centro-cee.com\\\/web\\\/producto\\\/profesional-en-gestion-y-planificacion-de-eventos\\\/#breadcrumb\",\"itemListElement\":[{\"@type\":\"ListItem\",\"position\":1,\"name\":\"Portada\",\"item\":\"https:\\\/\\\/centro-cee.com\\\/web\\\/\"},{\"@type\":\"ListItem\",\"position\":2,\"name\":\"Profesional en gesti\u00f3n y planificaci\u00f3n de eventos\"}]},{\"@type\":\"WebSite\",\"@id\":\"https:\\\/\\\/centro-cee.com\\\/web\\\/#website\",\"url\":\"https:\\\/\\\/centro-cee.com\\\/web\\\/\",\"name\":\"Centro Europeo E-learning\",\"description\":\"CEE Formaci\u00f3n Online\",\"publisher\":{\"@id\":\"https:\\\/\\\/centro-cee.com\\\/web\\\/#organization\"},\"alternateName\":\"Centro Online de Formaci\u00f3n\",\"potentialAction\":[{\"@type\":\"SearchAction\",\"target\":{\"@type\":\"EntryPoint\",\"urlTemplate\":\"https:\\\/\\\/centro-cee.com\\\/web\\\/?s={search_term_string}\"},\"query-input\":{\"@type\":\"PropertyValueSpecification\",\"valueRequired\":true,\"valueName\":\"search_term_string\"}}],\"inLanguage\":\"es\"},{\"@type\":\"Organization\",\"@id\":\"https:\\\/\\\/centro-cee.com\\\/web\\\/#organization\",\"name\":\"Centro Europeo E-learning CEE\",\"url\":\"https:\\\/\\\/centro-cee.com\\\/web\\\/\",\"logo\":{\"@type\":\"ImageObject\",\"inLanguage\":\"es\",\"@id\":\"https:\\\/\\\/centro-cee.com\\\/web\\\/#\\\/schema\\\/logo\\\/image\\\/\",\"url\":\"https:\\\/\\\/centro-cee.com\\\/web\\\/wp-content\\\/uploads\\\/2022\\\/12\\\/cropped-logo_educa.png\",\"contentUrl\":\"https:\\\/\\\/centro-cee.com\\\/web\\\/wp-content\\\/uploads\\\/2022\\\/12\\\/cropped-logo_educa.png\",\"width\":157,\"height\":63,\"caption\":\"Centro Europeo E-learning CEE\"},\"image\":{\"@id\":\"https:\\\/\\\/centro-cee.com\\\/web\\\/#\\\/schema\\\/logo\\\/image\\\/\"},\"sameAs\":[\"https:\\\/\\\/www.instagram.com\\\/centroeuropeo_cee\"]}]}<\/script>\n<!-- \/ Yoast SEO plugin. -->","yoast_head_json":{"title":"Profesional en gesti\u00f3n y planificaci\u00f3n de eventos","description":"Desarrolla tus habilidades y mejora tus conocimientos con nuestra formaci\u00f3n de M\u00e1ster Profesional en gesti\u00f3n y planificaci\u00f3n de eventos","robots":{"index":"index","follow":"follow","max-snippet":"max-snippet:-1","max-image-preview":"max-image-preview:large","max-video-preview":"max-video-preview:-1"},"canonical":"https:\/\/centro-cee.com\/web\/producto\/profesional-en-gestion-y-planificacion-de-eventos\/","og_locale":"es_ES","og_type":"article","og_title":"Profesional en gesti\u00f3n y planificaci\u00f3n de eventos","og_description":"Desarrolla tus habilidades y mejora tus conocimientos con nuestra formaci\u00f3n de M\u00e1ster Profesional en gesti\u00f3n y planificaci\u00f3n de eventos","og_url":"https:\/\/centro-cee.com\/web\/producto\/profesional-en-gestion-y-planificacion-de-eventos\/","og_site_name":"CEE Centro Europeo E-learning - Cursos online","article_modified_time":"2024-12-16T13:12:50+00:00","og_image":[{"width":801,"height":391,"url":"https:\/\/centro-cee.com\/web\/wp-content\/uploads\/2024\/11\/Capfse32tura.png","type":"image\/png"}],"twitter_card":"summary_large_image","twitter_misc":{"Tiempo de lectura":"9 minutos"},"schema":{"@context":"https:\/\/schema.org","@graph":[{"@type":"WebPage","@id":"https:\/\/centro-cee.com\/web\/producto\/profesional-en-gestion-y-planificacion-de-eventos\/","url":"https:\/\/centro-cee.com\/web\/producto\/profesional-en-gestion-y-planificacion-de-eventos\/","name":"Profesional en gesti\u00f3n y planificaci\u00f3n de eventos","isPartOf":{"@id":"https:\/\/centro-cee.com\/web\/#website"},"primaryImageOfPage":{"@id":"https:\/\/centro-cee.com\/web\/producto\/profesional-en-gestion-y-planificacion-de-eventos\/#primaryimage"},"image":{"@id":"https:\/\/centro-cee.com\/web\/producto\/profesional-en-gestion-y-planificacion-de-eventos\/#primaryimage"},"thumbnailUrl":"https:\/\/centro-cee.com\/web\/wp-content\/uploads\/2024\/11\/Capfse32tura.png","datePublished":"2024-11-19T12:40:06+00:00","dateModified":"2024-12-16T13:12:50+00:00","description":"Desarrolla tus habilidades y mejora tus conocimientos con nuestra formaci\u00f3n de M\u00e1ster Profesional en gesti\u00f3n y planificaci\u00f3n de eventos","breadcrumb":{"@id":"https:\/\/centro-cee.com\/web\/producto\/profesional-en-gestion-y-planificacion-de-eventos\/#breadcrumb"},"inLanguage":"es","potentialAction":[{"@type":"ReadAction","target":["https:\/\/centro-cee.com\/web\/producto\/profesional-en-gestion-y-planificacion-de-eventos\/"]}]},{"@type":"ImageObject","inLanguage":"es","@id":"https:\/\/centro-cee.com\/web\/producto\/profesional-en-gestion-y-planificacion-de-eventos\/#primaryimage","url":"https:\/\/centro-cee.com\/web\/wp-content\/uploads\/2024\/11\/Capfse32tura.png","contentUrl":"https:\/\/centro-cee.com\/web\/wp-content\/uploads\/2024\/11\/Capfse32tura.png","width":801,"height":391,"caption":"agente de ventas"},{"@type":"BreadcrumbList","@id":"https:\/\/centro-cee.com\/web\/producto\/profesional-en-gestion-y-planificacion-de-eventos\/#breadcrumb","itemListElement":[{"@type":"ListItem","position":1,"name":"Portada","item":"https:\/\/centro-cee.com\/web\/"},{"@type":"ListItem","position":2,"name":"Profesional en gesti\u00f3n y planificaci\u00f3n de eventos"}]},{"@type":"WebSite","@id":"https:\/\/centro-cee.com\/web\/#website","url":"https:\/\/centro-cee.com\/web\/","name":"Centro Europeo E-learning","description":"CEE Formaci\u00f3n Online","publisher":{"@id":"https:\/\/centro-cee.com\/web\/#organization"},"alternateName":"Centro Online de Formaci\u00f3n","potentialAction":[{"@type":"SearchAction","target":{"@type":"EntryPoint","urlTemplate":"https:\/\/centro-cee.com\/web\/?s={search_term_string}"},"query-input":{"@type":"PropertyValueSpecification","valueRequired":true,"valueName":"search_term_string"}}],"inLanguage":"es"},{"@type":"Organization","@id":"https:\/\/centro-cee.com\/web\/#organization","name":"Centro Europeo E-learning CEE","url":"https:\/\/centro-cee.com\/web\/","logo":{"@type":"ImageObject","inLanguage":"es","@id":"https:\/\/centro-cee.com\/web\/#\/schema\/logo\/image\/","url":"https:\/\/centro-cee.com\/web\/wp-content\/uploads\/2022\/12\/cropped-logo_educa.png","contentUrl":"https:\/\/centro-cee.com\/web\/wp-content\/uploads\/2022\/12\/cropped-logo_educa.png","width":157,"height":63,"caption":"Centro Europeo E-learning CEE"},"image":{"@id":"https:\/\/centro-cee.com\/web\/#\/schema\/logo\/image\/"},"sameAs":["https:\/\/www.instagram.com\/centroeuropeo_cee"]}]}},"_links":{"self":[{"href":"https:\/\/centro-cee.com\/web\/wp-json\/wp\/v2\/product\/1786","targetHints":{"allow":["GET"]}}],"collection":[{"href":"https:\/\/centro-cee.com\/web\/wp-json\/wp\/v2\/product"}],"about":[{"href":"https:\/\/centro-cee.com\/web\/wp-json\/wp\/v2\/types\/product"}],"replies":[{"embeddable":true,"href":"https:\/\/centro-cee.com\/web\/wp-json\/wp\/v2\/comments?post=1786"}],"wp:featuredmedia":[{"embeddable":true,"href":"https:\/\/centro-cee.com\/web\/wp-json\/wp\/v2\/media\/1787"}],"wp:attachment":[{"href":"https:\/\/centro-cee.com\/web\/wp-json\/wp\/v2\/media?parent=1786"}],"wp:term":[{"taxonomy":"product_brand","embeddable":true,"href":"https:\/\/centro-cee.com\/web\/wp-json\/wp\/v2\/product_brand?post=1786"},{"taxonomy":"product_cat","embeddable":true,"href":"https:\/\/centro-cee.com\/web\/wp-json\/wp\/v2\/product_cat?post=1786"},{"taxonomy":"product_tag","embeddable":true,"href":"https:\/\/centro-cee.com\/web\/wp-json\/wp\/v2\/product_tag?post=1786"}],"curies":[{"name":"wp","href":"https:\/\/api.w.org\/{rel}","templated":true}]}}