{"id":1770,"date":"2024-11-14T13:42:57","date_gmt":"2024-11-14T13:42:57","guid":{"rendered":"https:\/\/centro-cee.com\/web\/?post_type=product&#038;p=1770"},"modified":"2026-03-13T17:06:05","modified_gmt":"2026-03-13T17:06:05","slug":"educacion-emocional-en-la-primera-infancia-gestion-del-estres","status":"publish","type":"product","link":"https:\/\/centro-cee.com\/web\/producto\/educacion-emocional-en-la-primera-infancia-gestion-del-estres\/","title":{"rendered":"Educaci\u00f3n emocional en la primera infancia + gesti\u00f3n del estr\u00e9s"},"content":{"rendered":"<p><a href=\"https:\/\/centro-cee.com\/web\/formaciones\/\">Atr\u00e1s<\/a><\/p>\n<p><em><strong>Educaci\u00f3n emocional en la primera infancia + gesti\u00f3n del estr\u00e9s<\/strong><\/em><\/p>\n<p>Toda esta informaci\u00f3n se realiza 100% online en nuestro campus online de formaci\u00f3n.<\/p>\n<p>Las tutor\u00edas se realizan directamente desde el campus de estudio con la opci\u00f3n de mensajer\u00eda a profesores. Las tutorias son \u201ca demanda\u201d, cuando necesites soporte nos lo pides.<\/p>\n<p>Los t\u00edtulos de Centro CEE est\u00e1n autenticados por la firma de notario que valida contenidos y autenticidad a nivel internacional. Nuestra organizaci\u00f3n pertenece a la Asociaci\u00f3n Espa\u00f1ola de Calidad, organizaci\u00f3n Espa\u00f1ola de referencia para la calidad\u00a0en la formaci\u00f3n de auxiliar de enfermer\u00eda. La certificaci\u00f3n se puede apostillar por la Haya para cualquier pa\u00eds firmante del convenio de la Haya.<\/p>\n<p>Se puede pagar a plazos.<\/p>\n<p>Carga horaria de la formaci\u00f3n: 300h<\/p>\n<p>&nbsp;<\/p>\n<h2>Temario<\/h2>\n<hr \/>\n<p>UNIDAD DID\u00c1CTICA 1. LAS EMOCIONES DURANTE LA PRIMERA INFANCIA<br \/>\n1. La educaci\u00f3n en la primera infancia<br \/>\n2. Factores que influyen en el comportamiento emocional<br \/>\n3. Emociones<br \/>\n4. &#8211; Caracter\u00edsticas de las emociones en los ni\u00f1os<br \/>\n5. \u2026<br \/>\nUNIDAD DID\u00c1CTICA 2. CEREBRO Y EMOCIONES<br \/>\n1. El cerebro<br \/>\n2. Cerebro emocional<br \/>\n3. &#8211; Am\u00edgdala<br \/>\n4. &#8211; Hipocampo<br \/>\n5. &#8211; \u00c1rea septal y corteza cingulada<br \/>\n6. \u2026.<br \/>\nUNIDAD DID\u00c1CTICA 3. INTELIGENCIA EMOCIONAL I<br \/>\n1. Concepto de Inteligencia emocional<br \/>\n2. &#8211; Aspectos biol\u00f3gicos de la inteligencia emocional<br \/>\n3. Componentes de la Inteligencia emocional<br \/>\n4. \u2026<br \/>\nUNIDAD DID\u00c1CTICA 4. INTELIGENCIA EMOCIONAL II<br \/>\n1. Conocer las propias emociones<br \/>\n2. &#8211; Ense\u00f1ar a conocer las emociones<br \/>\n3. Manejar las emociones<br \/>\n4. &#8211; Ense\u00f1ar a manejar las emociones<br \/>\n5. Automotivaci\u00f3n<br \/>\n6. &#8211; Ense\u00f1ar la motivaci\u00f3n<br \/>\n7. \u2026<br \/>\nUNIDAD DID\u00c1CTICA 5. MODELOS SOBRE EL DESARROLLO DE LA INTELIGENCIA EMOCIONAL<br \/>\n1. Tipos de enfoques<br \/>\n2. Modelos mixtos<br \/>\n3. &#8211; Modelo de Goleman<br \/>\n4. &#8211; Modelo de Bar-On<br \/>\n5. \u2026<br \/>\nUNIDAD DID\u00c1CTICA 6. DESARROLLO DE LA INTELIGENCIA EMOCIONAL<br \/>\n1. Desarrollo de la inteligencia emocional en la primera infancia<br \/>\n2. &#8211; Autorregulaci\u00f3n e inter\u00e9s por el mundo<br \/>\n3. &#8211; De los 3 a los 7 meses<br \/>\n4. &#8211; Desarrollo de la comunicaci\u00f3n intencional (3-10 meses)<br \/>\n5. \u2026<br \/>\nUNIDAD DID\u00c1CTICA 7. INTELIGENCIA EMOCIONAL EN EL AULA<br \/>\n1. La inteligencia emocional en el \u00e1mbito escolar<br \/>\n2. &#8211; Importancia de la ense\u00f1anza de la inteligencia emocional<br \/>\n3. La escuela como contexto socializador<br \/>\n4. \u2026.<br \/>\nUNIDAD DID\u00c1CTICA 8. EL PAPEL DE LA FAMILIA EN LA EDUCACI\u00d3N DE LAS EMOCIONES<br \/>\n1. La familia como contexto socializador<br \/>\n2. &#8211; Influencia del clima familiar<br \/>\n3. Modelos familiares<br \/>\n4. \u2026<br \/>\nUNIDAD DID\u00c1CTICA 9. DIFICULTADES EMOCIONALES<br \/>\n1. Problemas en el desarrollo emocional<br \/>\n2. &#8211; Signos de alarma<br \/>\n3. Factores que influyen en los problemas emocionales<br \/>\n4. \u2026<br \/>\nUNIDAD DID\u00c1CTICA 10. INTERVENCI\u00d3N DE LOS PROBLEMAS EMOCIONALES<br \/>\n1. T\u00e9cnicas de modificaci\u00f3n de conducta<br \/>\n2. &#8211; Instrucci\u00f3n verbal y pr\u00e1ctica dirigida<br \/>\n3. &#8211; Modelado<br \/>\n4. &#8211; \u2026<\/p>\n<p>GESTI\u00d3N DE ESTR\u00c9S<br \/>\n1. EL ESTR\u00c9S Y SUS CARACTER\u00cdSTICAS<br \/>\n1.1. Introducci\u00f3n<br \/>\n1.2. Definiciones<br \/>\n1.3. \u2026<\/p>\n<p>2. EL ESTR\u00c9S LABORAL<br \/>\n2.1. Factores psicosociales<br \/>\n2.2. Diferencia entre presi\u00f3n de trabajo y estr\u00e9s<br \/>\n2.3. S\u00edntomas del estr\u00e9s laboral<br \/>\n2.4. \u2026<\/p>\n<p>3. T\u00c9CNICAS PERSONALES DE CONTROL DE ESTR\u00c9S<br \/>\n3.1. T\u00e9cnicas de respiraci\u00f3n<br \/>\n3.1.1. En pie y respirando<br \/>\n3.1.2. Nadi Shodhana<br \/>\n3.1.3. La respiraci\u00f3n de limpieza (Dr. Ed Newman)<br \/>\n3.1.4. La respiraci\u00f3n de claridad (Dr. Ed Newman)<br \/>\n3.2. Consejos para evitar el estr\u00e9s<br \/>\n3.2.1. Habit\u00faate a<br \/>\n3.2.2. Anal\u00edzate<br \/>\n3.2.3. En el trabajo<br \/>\n3.2.4. Tiempo libre y ocio<br \/>\n3.2.5. \u2026<br \/>\n3.3. T\u00e9cnicas para dominar el estr\u00e9s<br \/>\n3.3.1. Identificando nuestros s\u00edntomas de relajaci\u00f3n<br \/>\n3.3.2. Un ant\u00eddoto para el desaliento<br \/>\n3.3.3. La concentraci\u00f3n: una respiraci\u00f3n en nueve rondas<br \/>\n3.3.4. Fluir libremente: diez pasos simples para dominar el estr\u00e9s<br \/>\n\u2026<\/p>\n<p>4. T\u00c9CNICA DE AFRONTAMIENTO DEL ESTR\u00c9S<br \/>\n4.1. Introducci\u00f3n<br \/>\n4.2. Desarrollo de la t\u00e9cnica<br \/>\n4.2.1. Desarrollo de una relajaci\u00f3n efectiva<br \/>\n4.2.2. Realizaci\u00f3n de una jerarqu\u00eda de sucesos estresantes<br \/>\n4.2.3. \u2026<\/p>\n<p><em><strong>Educaci\u00f3n emocional en la primera infancia + gesti\u00f3n del estr\u00e9s<\/strong><\/em><\/p>\n<hr \/>\n","protected":false},"excerpt":{"rendered":"<p><a href=\"https:\/\/centro-cee.com\/web\/formaciones\/\">Atr\u00e1s<\/a><\/p>\n<p>Este es unos de los aspectos que tenemos que tener muy en cuenta a la hora de formar y preparar nuestras ni\u00f1as y ni\u00f1os para afrontar la siguiente etapa de su vida. Muchas veces descuidada, pasamos por alto la salud mental en la infancia.<\/p>\n<p>As\u00ed pues, este es el momento en que se necesitan profesionales formados en el \u00e1mbito de la educaci\u00f3n emocional ya que dependiendo de ello, los ni\u00f1os y ni\u00f1as de temprana edad tendr\u00e1n una base s\u00f3lida y reforzada en las emociones y en su gesti\u00f3n.<\/p>\n<p>En resumen, la formaci\u00f3n obtenida es de alto nivel y con gran cantidad de contenidos que dotaran a las\/los alumnas\/os de unos conocimientos excelentes.<\/p>\n","protected":false},"featured_media":1771,"comment_status":"closed","ping_status":"closed","template":"","meta":[],"product_brand":[],"product_cat":[2052,2048,34],"product_tag":[1668,1669,1665,1663,1666,1664,1670,60,1667,1671],"class_list":{"0":"post-1770","1":"product","2":"type-product","3":"status-publish","4":"has-post-thumbnail","6":"product_cat-cursos-educacion","7":"product_cat-cursos-online-psicologia","8":"product_cat-tecnicos","9":"product_tag-bienestar-emocional-infantil","10":"product_tag-curso-de-educacion-emocional","11":"product_tag-desarrollo-emocional-en-la-primera-infancia","12":"product_tag-educacion-emocional-en-la-infancia","13":"product_tag-educacion-emocional-temprana","14":"product_tag-gestion-del-estres-infantil","15":"product_tag-habilidades-emocionales-en-la-infancia","16":"product_tag-inteligencia-emocional","17":"product_tag-manejo-del-estres-en-ninos","18":"product_tag-regulacion-emocional-y-estres","20":"first","21":"instock","22":"sale","23":"shipping-taxable","24":"purchasable","25":"product-type-simple"},"yoast_head":"<!-- This site is optimized with the Yoast SEO plugin v27.4 - https:\/\/yoast.com\/product\/yoast-seo-wordpress\/ -->\n<title>Educaci\u00f3n emocional en la primera infancia + gesti\u00f3n del estr\u00e9s<\/title>\n<meta name=\"description\" content=\"Desarrolla tus habilidades y mejora tus conocimientos y preparate con nuestra formaci\u00f3n de Educaci\u00f3n emocional en la primera infancia + gesti\u00f3n del estr\u00e9s\" \/>\n<meta name=\"robots\" content=\"index, follow, max-snippet:-1, max-image-preview:large, max-video-preview:-1\" \/>\n<link rel=\"canonical\" href=\"https:\/\/centro-cee.com\/web\/producto\/educacion-emocional-en-la-primera-infancia-gestion-del-estres\/\" \/>\n<meta property=\"og:locale\" content=\"es_ES\" \/>\n<meta property=\"og:type\" content=\"article\" \/>\n<meta property=\"og:title\" content=\"Educaci\u00f3n emocional en la primera infancia + gesti\u00f3n del estr\u00e9s\" \/>\n<meta property=\"og:description\" content=\"Desarrolla tus habilidades y mejora tus conocimientos y preparate con nuestra formaci\u00f3n de Educaci\u00f3n emocional en la primera infancia + gesti\u00f3n del estr\u00e9s\" \/>\n<meta property=\"og:url\" content=\"https:\/\/centro-cee.com\/web\/producto\/educacion-emocional-en-la-primera-infancia-gestion-del-estres\/\" \/>\n<meta property=\"og:site_name\" content=\"CEE Centro Europeo E-learning - Cursos online\" \/>\n<meta property=\"article:modified_time\" content=\"2026-03-13T17:06:05+00:00\" \/>\n<meta property=\"og:image\" content=\"https:\/\/centro-cee.com\/web\/wp-content\/uploads\/2024\/11\/Capasdasdtura.png\" \/>\n\t<meta property=\"og:image:width\" content=\"637\" \/>\n\t<meta property=\"og:image:height\" content=\"405\" \/>\n\t<meta property=\"og:image:type\" content=\"image\/png\" \/>\n<meta name=\"twitter:card\" content=\"summary_large_image\" \/>\n<meta name=\"twitter:label1\" content=\"Tiempo de lectura\" \/>\n\t<meta name=\"twitter:data1\" content=\"5 minutos\" \/>\n<script type=\"application\/ld+json\" class=\"yoast-schema-graph\">{\"@context\":\"https:\\\/\\\/schema.org\",\"@graph\":[{\"@type\":\"WebPage\",\"@id\":\"https:\\\/\\\/centro-cee.com\\\/web\\\/producto\\\/educacion-emocional-en-la-primera-infancia-gestion-del-estres\\\/\",\"url\":\"https:\\\/\\\/centro-cee.com\\\/web\\\/producto\\\/educacion-emocional-en-la-primera-infancia-gestion-del-estres\\\/\",\"name\":\"Educaci\u00f3n emocional en la primera infancia + gesti\u00f3n del estr\u00e9s\",\"isPartOf\":{\"@id\":\"https:\\\/\\\/centro-cee.com\\\/web\\\/#website\"},\"primaryImageOfPage\":{\"@id\":\"https:\\\/\\\/centro-cee.com\\\/web\\\/producto\\\/educacion-emocional-en-la-primera-infancia-gestion-del-estres\\\/#primaryimage\"},\"image\":{\"@id\":\"https:\\\/\\\/centro-cee.com\\\/web\\\/producto\\\/educacion-emocional-en-la-primera-infancia-gestion-del-estres\\\/#primaryimage\"},\"thumbnailUrl\":\"https:\\\/\\\/centro-cee.com\\\/web\\\/wp-content\\\/uploads\\\/2024\\\/11\\\/Capasdasdtura.png\",\"datePublished\":\"2024-11-14T13:42:57+00:00\",\"dateModified\":\"2026-03-13T17:06:05+00:00\",\"description\":\"Desarrolla tus habilidades y mejora tus conocimientos y preparate con nuestra formaci\u00f3n de Educaci\u00f3n emocional en la primera infancia + gesti\u00f3n del estr\u00e9s\",\"breadcrumb\":{\"@id\":\"https:\\\/\\\/centro-cee.com\\\/web\\\/producto\\\/educacion-emocional-en-la-primera-infancia-gestion-del-estres\\\/#breadcrumb\"},\"inLanguage\":\"es\",\"potentialAction\":[{\"@type\":\"ReadAction\",\"target\":[\"https:\\\/\\\/centro-cee.com\\\/web\\\/producto\\\/educacion-emocional-en-la-primera-infancia-gestion-del-estres\\\/\"]}]},{\"@type\":\"ImageObject\",\"inLanguage\":\"es\",\"@id\":\"https:\\\/\\\/centro-cee.com\\\/web\\\/producto\\\/educacion-emocional-en-la-primera-infancia-gestion-del-estres\\\/#primaryimage\",\"url\":\"https:\\\/\\\/centro-cee.com\\\/web\\\/wp-content\\\/uploads\\\/2024\\\/11\\\/Capasdasdtura.png\",\"contentUrl\":\"https:\\\/\\\/centro-cee.com\\\/web\\\/wp-content\\\/uploads\\\/2024\\\/11\\\/Capasdasdtura.png\",\"width\":637,\"height\":405},{\"@type\":\"BreadcrumbList\",\"@id\":\"https:\\\/\\\/centro-cee.com\\\/web\\\/producto\\\/educacion-emocional-en-la-primera-infancia-gestion-del-estres\\\/#breadcrumb\",\"itemListElement\":[{\"@type\":\"ListItem\",\"position\":1,\"name\":\"Portada\",\"item\":\"https:\\\/\\\/centro-cee.com\\\/web\\\/\"},{\"@type\":\"ListItem\",\"position\":2,\"name\":\"Educaci\u00f3n emocional en la primera infancia + gesti\u00f3n del estr\u00e9s\"}]},{\"@type\":\"WebSite\",\"@id\":\"https:\\\/\\\/centro-cee.com\\\/web\\\/#website\",\"url\":\"https:\\\/\\\/centro-cee.com\\\/web\\\/\",\"name\":\"Centro Europeo E-learning\",\"description\":\"CEE Formaci\u00f3n Online\",\"publisher\":{\"@id\":\"https:\\\/\\\/centro-cee.com\\\/web\\\/#organization\"},\"alternateName\":\"Centro Online de Formaci\u00f3n\",\"potentialAction\":[{\"@type\":\"SearchAction\",\"target\":{\"@type\":\"EntryPoint\",\"urlTemplate\":\"https:\\\/\\\/centro-cee.com\\\/web\\\/?s={search_term_string}\"},\"query-input\":{\"@type\":\"PropertyValueSpecification\",\"valueRequired\":true,\"valueName\":\"search_term_string\"}}],\"inLanguage\":\"es\"},{\"@type\":\"Organization\",\"@id\":\"https:\\\/\\\/centro-cee.com\\\/web\\\/#organization\",\"name\":\"Centro Europeo E-learning CEE\",\"url\":\"https:\\\/\\\/centro-cee.com\\\/web\\\/\",\"logo\":{\"@type\":\"ImageObject\",\"inLanguage\":\"es\",\"@id\":\"https:\\\/\\\/centro-cee.com\\\/web\\\/#\\\/schema\\\/logo\\\/image\\\/\",\"url\":\"https:\\\/\\\/centro-cee.com\\\/web\\\/wp-content\\\/uploads\\\/2022\\\/12\\\/cropped-logo_educa.png\",\"contentUrl\":\"https:\\\/\\\/centro-cee.com\\\/web\\\/wp-content\\\/uploads\\\/2022\\\/12\\\/cropped-logo_educa.png\",\"width\":157,\"height\":63,\"caption\":\"Centro Europeo E-learning CEE\"},\"image\":{\"@id\":\"https:\\\/\\\/centro-cee.com\\\/web\\\/#\\\/schema\\\/logo\\\/image\\\/\"},\"sameAs\":[\"https:\\\/\\\/www.instagram.com\\\/centroeuropeo_cee\"]}]}<\/script>\n<!-- \/ Yoast SEO plugin. -->","yoast_head_json":{"title":"Educaci\u00f3n emocional en la primera infancia + gesti\u00f3n del estr\u00e9s","description":"Desarrolla tus habilidades y mejora tus conocimientos y preparate con nuestra formaci\u00f3n de Educaci\u00f3n emocional en la primera infancia + gesti\u00f3n del estr\u00e9s","robots":{"index":"index","follow":"follow","max-snippet":"max-snippet:-1","max-image-preview":"max-image-preview:large","max-video-preview":"max-video-preview:-1"},"canonical":"https:\/\/centro-cee.com\/web\/producto\/educacion-emocional-en-la-primera-infancia-gestion-del-estres\/","og_locale":"es_ES","og_type":"article","og_title":"Educaci\u00f3n emocional en la primera infancia + gesti\u00f3n del estr\u00e9s","og_description":"Desarrolla tus habilidades y mejora tus conocimientos y preparate con nuestra formaci\u00f3n de Educaci\u00f3n emocional en la primera infancia + gesti\u00f3n del estr\u00e9s","og_url":"https:\/\/centro-cee.com\/web\/producto\/educacion-emocional-en-la-primera-infancia-gestion-del-estres\/","og_site_name":"CEE Centro Europeo E-learning - Cursos online","article_modified_time":"2026-03-13T17:06:05+00:00","og_image":[{"width":637,"height":405,"url":"https:\/\/centro-cee.com\/web\/wp-content\/uploads\/2024\/11\/Capasdasdtura.png","type":"image\/png"}],"twitter_card":"summary_large_image","twitter_misc":{"Tiempo de lectura":"5 minutos"},"schema":{"@context":"https:\/\/schema.org","@graph":[{"@type":"WebPage","@id":"https:\/\/centro-cee.com\/web\/producto\/educacion-emocional-en-la-primera-infancia-gestion-del-estres\/","url":"https:\/\/centro-cee.com\/web\/producto\/educacion-emocional-en-la-primera-infancia-gestion-del-estres\/","name":"Educaci\u00f3n emocional en la primera infancia + gesti\u00f3n del estr\u00e9s","isPartOf":{"@id":"https:\/\/centro-cee.com\/web\/#website"},"primaryImageOfPage":{"@id":"https:\/\/centro-cee.com\/web\/producto\/educacion-emocional-en-la-primera-infancia-gestion-del-estres\/#primaryimage"},"image":{"@id":"https:\/\/centro-cee.com\/web\/producto\/educacion-emocional-en-la-primera-infancia-gestion-del-estres\/#primaryimage"},"thumbnailUrl":"https:\/\/centro-cee.com\/web\/wp-content\/uploads\/2024\/11\/Capasdasdtura.png","datePublished":"2024-11-14T13:42:57+00:00","dateModified":"2026-03-13T17:06:05+00:00","description":"Desarrolla tus habilidades y mejora tus conocimientos y preparate con nuestra formaci\u00f3n de Educaci\u00f3n emocional en la primera infancia + gesti\u00f3n del estr\u00e9s","breadcrumb":{"@id":"https:\/\/centro-cee.com\/web\/producto\/educacion-emocional-en-la-primera-infancia-gestion-del-estres\/#breadcrumb"},"inLanguage":"es","potentialAction":[{"@type":"ReadAction","target":["https:\/\/centro-cee.com\/web\/producto\/educacion-emocional-en-la-primera-infancia-gestion-del-estres\/"]}]},{"@type":"ImageObject","inLanguage":"es","@id":"https:\/\/centro-cee.com\/web\/producto\/educacion-emocional-en-la-primera-infancia-gestion-del-estres\/#primaryimage","url":"https:\/\/centro-cee.com\/web\/wp-content\/uploads\/2024\/11\/Capasdasdtura.png","contentUrl":"https:\/\/centro-cee.com\/web\/wp-content\/uploads\/2024\/11\/Capasdasdtura.png","width":637,"height":405},{"@type":"BreadcrumbList","@id":"https:\/\/centro-cee.com\/web\/producto\/educacion-emocional-en-la-primera-infancia-gestion-del-estres\/#breadcrumb","itemListElement":[{"@type":"ListItem","position":1,"name":"Portada","item":"https:\/\/centro-cee.com\/web\/"},{"@type":"ListItem","position":2,"name":"Educaci\u00f3n emocional en la primera infancia + gesti\u00f3n del estr\u00e9s"}]},{"@type":"WebSite","@id":"https:\/\/centro-cee.com\/web\/#website","url":"https:\/\/centro-cee.com\/web\/","name":"Centro Europeo E-learning","description":"CEE Formaci\u00f3n Online","publisher":{"@id":"https:\/\/centro-cee.com\/web\/#organization"},"alternateName":"Centro Online de Formaci\u00f3n","potentialAction":[{"@type":"SearchAction","target":{"@type":"EntryPoint","urlTemplate":"https:\/\/centro-cee.com\/web\/?s={search_term_string}"},"query-input":{"@type":"PropertyValueSpecification","valueRequired":true,"valueName":"search_term_string"}}],"inLanguage":"es"},{"@type":"Organization","@id":"https:\/\/centro-cee.com\/web\/#organization","name":"Centro Europeo E-learning CEE","url":"https:\/\/centro-cee.com\/web\/","logo":{"@type":"ImageObject","inLanguage":"es","@id":"https:\/\/centro-cee.com\/web\/#\/schema\/logo\/image\/","url":"https:\/\/centro-cee.com\/web\/wp-content\/uploads\/2022\/12\/cropped-logo_educa.png","contentUrl":"https:\/\/centro-cee.com\/web\/wp-content\/uploads\/2022\/12\/cropped-logo_educa.png","width":157,"height":63,"caption":"Centro Europeo E-learning CEE"},"image":{"@id":"https:\/\/centro-cee.com\/web\/#\/schema\/logo\/image\/"},"sameAs":["https:\/\/www.instagram.com\/centroeuropeo_cee"]}]}},"_links":{"self":[{"href":"https:\/\/centro-cee.com\/web\/wp-json\/wp\/v2\/product\/1770","targetHints":{"allow":["GET"]}}],"collection":[{"href":"https:\/\/centro-cee.com\/web\/wp-json\/wp\/v2\/product"}],"about":[{"href":"https:\/\/centro-cee.com\/web\/wp-json\/wp\/v2\/types\/product"}],"replies":[{"embeddable":true,"href":"https:\/\/centro-cee.com\/web\/wp-json\/wp\/v2\/comments?post=1770"}],"wp:featuredmedia":[{"embeddable":true,"href":"https:\/\/centro-cee.com\/web\/wp-json\/wp\/v2\/media\/1771"}],"wp:attachment":[{"href":"https:\/\/centro-cee.com\/web\/wp-json\/wp\/v2\/media?parent=1770"}],"wp:term":[{"taxonomy":"product_brand","embeddable":true,"href":"https:\/\/centro-cee.com\/web\/wp-json\/wp\/v2\/product_brand?post=1770"},{"taxonomy":"product_cat","embeddable":true,"href":"https:\/\/centro-cee.com\/web\/wp-json\/wp\/v2\/product_cat?post=1770"},{"taxonomy":"product_tag","embeddable":true,"href":"https:\/\/centro-cee.com\/web\/wp-json\/wp\/v2\/product_tag?post=1770"}],"curies":[{"name":"wp","href":"https:\/\/api.w.org\/{rel}","templated":true}]}}