{"id":1127,"date":"2023-02-21T10:48:21","date_gmt":"2023-02-21T10:48:21","guid":{"rendered":"https:\/\/centro-cee.com\/web\/?post_type=product&#038;p=1127"},"modified":"2026-03-13T16:46:02","modified_gmt":"2026-03-13T16:46:02","slug":"master-mba-experto-en-gestion-laboral","status":"publish","type":"product","link":"https:\/\/centro-cee.com\/web\/producto\/master-mba-experto-en-gestion-laboral\/","title":{"rendered":"M\u00e1ster mba experto en gesti\u00f3n laboral"},"content":{"rendered":"<p><a href=\"https:\/\/centro-cee.com\/web\/formaciones\/\">Atr\u00e1s<\/a><\/p>\n<p><strong><em>M\u00e1ster mba experto en gesti\u00f3n laboral<\/em><\/strong><\/p>\n<p>Toda esta informaci\u00f3n se realiza 100% online en nuestro campus online de formaci\u00f3n.<\/p>\n<p>Las tutorias se realizan directamente desde el campus de estudio con la opci\u00f3n de mensajer\u00eda a profesores. Las tutorias son \u201ca demanda\u201d, cuando necesites soporte nos lo pides.<\/p>\n<p>Los t\u00edtulos de Centro CEE est\u00e1n autenticados por la firma de notario que valida contenidos y autenticidad a nivel internacional. Nuestra organizaci\u00f3n pertenece a la Asociaci\u00f3n Espa\u00f1ola de Calidad, organizaci\u00f3n Espa\u00f1ola de referencia para la calidad\u00a0en la formaci\u00f3n de auxiliar de enfermer\u00eda. La certificaci\u00f3n se puede apostillar por la Haya para cualquier pa\u00eds firmante del convenio de la Haya.<\/p>\n<p>Se puede pagar a plazos.<\/p>\n<p>Carga horaria de la formaci\u00f3n: 350h<\/p>\n<h2>Temario<\/h2>\n<hr \/>\n<p><strong>\u00a01: DIRECCI\u00d3N ESTRAT\u00c9GICA<\/strong><\/p>\n<p>1. COMPETITIVIDAD Y MANAGEMENT ESTRAT\u00c9GICO<br \/>\n2. ORGANIZACI\u00d3N Y ESTRUCTURA ESTRAT\u00c9GICA<br \/>\n3. AN\u00c1LISIS DEL ENTORNO GENERAL DE LA EMPRESA Y EL ENTORNO ESPEC\u00cdFICO<br \/>\n4. DIAGN\u00d3STICO INTERNO Y DIAGN\u00d3STICO ESTRAT\u00c9GICO<br \/>\n5. POL\u00cdTICAS DE CRECIMIENTO Y DESARROLLO EMPRESARIAL<br \/>\n6. HERRAMIENTAS ESTRAT\u00c9GICAS DE GESTI\u00d3N<\/p>\n<p><strong>2:\u00a0 BALANCED SCORECARD: CUADRO DE MANDO INTEGRAL<\/strong><\/p>\n<p>1. INTRODUCCI\u00d3N AL CUADRO DE MANDO INTEGRAL<br \/>\n2. LAS PERSPECTIVAS DEL CUADRO DE MANDO INTEGRAL<br \/>\n3. EL CUADRO DE MANDO INTEGRAL COMO INSTRUMENTO PARA IMPLANTAR LA ESTRATEGIA EN LA EMPRESA<br \/>\n4. IMPLANTACI\u00d3N DE UN PROGRAMA DE GESTI\u00d3N DE CUADRO DE MANDO INTEGRAL<br \/>\n5. INDICADORES Y RATIOS<br \/>\n6. APLICACIONES INFORM\u00c1TICAS PARA LA ELABORACI\u00d3N DEL CUADRO DE MANDO INTEGRAL<\/p>\n<p><strong>3: RESPONSABILIDAD SOCIAL (nueva versi\u00f3n)<\/strong><\/p>\n<p>1. LA RESPONSABILIDAD SOCIAL<br \/>\n2. ORGANISMOS INTERNACIONALES Y BUENAS PR\u00c1CTICAS EN RSE<br \/>\n3. EST\u00c1NDARES INTERNACIONALES Y SISTEMAS DE GESTI\u00d3N<br \/>\n4. CASOS DE \u00c9XITO EN LA IMPLANTACI\u00d3N DE POL\u00cdTICAS DE RSE<br \/>\n5. SITUACI\u00d3N ACTUAL DE LA RESPONSABILIDAD SOCIAL<br \/>\n6. EL DESARROLLO SOSTENIBLE Y MEDIOAMBIENTE<br \/>\n7. FUTURO Y TENDENCIAS<\/p>\n<p><strong>4: PREVENCI\u00d3N DEL BLANQUEO DE CAPITALES<\/strong><\/p>\n<p>1. INTRODUCCI\u00d3N<br \/>\n2. MEDIDAS DE DILIGENCIA DEBIDA<br \/>\n3. OBLIGACIONES DE INFORMACI\u00d3N<br \/>\n4. CONTROL INTERNO<br \/>\n5. INFRACCIONES Y SANCIONES<\/p>\n<p><strong>5: DISE\u00d1O ORGANIZACIONAL<\/strong><\/p>\n<p>1. ESTRUCTURA, FUNCIONES Y PROCESOS EN UNA ORGANIZACI\u00d3N<br \/>\n2. DISE\u00d1O ORGANIZATIVO, MODELOS ESTRUCTURALES Y CICLOS DE VIDA<\/p>\n<p><strong>6: COACHING Y MENTORING<\/strong><\/p>\n<p>1. INTRODUCCI\u00d3N<br \/>\n2. EL PROCESO DE COACHING<br \/>\n3. TIPOS DE COACHING<br \/>\n4. COMPETENCIAS DEL COACH<br \/>\n5. HERRAMIENTAS E INSTRUMENTOS<br \/>\n6. ACREDITACI\u00d3N DEL COACH<br \/>\n7. ORIENTACI\u00d3N PROFESIONAL O MENTORING<\/p>\n<p><strong>\u00a07: REUNIONES EFICACES<\/strong><\/p>\n<p>1. \u00bfQU\u00c9 ES UNA REUNI\u00d3N?<br \/>\n2. ELEMENTOS DE UNA REUNI\u00d3N<br \/>\n3. TIPOS DE REUNIONES<br \/>\n4. FASES DE UNA REUNI\u00d3N<\/p>\n<p><strong>\u00a08: DELEGACI\u00d3N COMO HABILIDAD DIRECTIVA CLAVE<\/strong><\/p>\n<p>1.\u00a0\u00a0\u00a0 \u00a0\u00bfQU\u00c9 ES LA DELEGACI\u00d3N?<br \/>\n2. \u00a0\u00a0\u00a0 VENTAJAS Y OBST\u00c1CULOS A LA DELEGACI\u00d3N<br \/>\n3. \u00a0\u00a0\u00a0 PROCESO DE LA DELEGACI\u00d3N<br \/>\n4. \u00a0\u00a0\u00a0 COMPRUEBE SU CAPACIDAD PARA DELEGAR<\/p>\n<p><strong>9: DIRECCI\u00d3N COMERCIAL<\/strong><\/p>\n<p>1. ORGANIZACI\u00d3N DEL EQUIPO DE VENTAS<br \/>\n2. PERFIL Y CAPTACI\u00d3N DE VENDEDORES<br \/>\n3. SELECCI\u00d3N, SOCIALIZACI\u00d3N Y FORMACI\u00d3N DEL EQUIPO DE VENTAS<br \/>\n4. EL PROCESO DE VENTA<br \/>\n5. PREVISI\u00d3N DE DEMANDA Y TERRITORIOS DE VENTA<\/p>\n<p><strong>GESTI\u00d3N LABORAL. SEGURIDAD SOCIAL, CONTRATOS DE TRABAJO Y C\u00c1LCULO DE N\u00d3MINAS.<\/strong><\/p>\n<p><strong>1. NORMATIVA LABORAL B\u00c1SICA<\/strong><br \/>\n1.1. Normas laborales constitucionales<br \/>\n1.2. El Estatuto de los Trabajadores<br \/>\n1.3. Convenios Colectivos<br \/>\n1.3.1. \u00c1mbito: territorial, funcional, personal y temporal<\/p>\n<p><strong>2. EL CONTRATO DE TRABAJO<\/strong><br \/>\n2.1. Requisitos<br \/>\n2.2. Partes del contrato: Trabajador. Empresario<br \/>\n2.3. Forma del contrato<br \/>\n2.4. Validez<\/p>\n<p><strong>3. MODIFICACI\u00d3N, SUSPENSI\u00d3N, EXTINCI\u00d3N DEL CONTRATO<\/strong><br \/>\n3.1 Modificaci\u00f3n del contrato<br \/>\n3.2. Suspensi\u00f3n contractual del contrato<br \/>\n3.3. Extinci\u00f3n del contrato<\/p>\n<p><strong>4. RETRIBUCI\u00d3N SALARIAL Y ACTUACI\u00d3N ANTE LA SEGURIDAD SOCIAL<\/strong><br \/>\n4.1. Estructura salarial<br \/>\n4.1.1. Salario base<br \/>\n4.1.2. Complementos salariales<br \/>\n4.2. Estructura del recibo de salario<br \/>\n4.2.1. Encabezamiento<br \/>\n4.2.2. Periodo de Liquidaci\u00f3n<br \/>\n4.2.3. Devengos<br \/>\n4.2.4. Deducciones<br \/>\n4.2.5. \u2026.<br \/>\n4.3. El salario m\u00ednimo interprofesional<\/p>\n<p><strong>5. ACTUACI\u00d3N ANTE LA SEGURIDAD SOCIAL<\/strong><br \/>\n5.1. Reg\u00edmenes de la Seguridad Social (art.10 RDL 8\/2015)<br \/>\n5.2. Inscripci\u00f3n de la empresa en la Seguridad Social<br \/>\n5.3. Afiliaci\u00f3n. Altas. Bajas<br \/>\n5.3.1. Formalizaci\u00f3n<br \/>\n5.3.2. \u2026<br \/>\n5.4. Obligaci\u00f3n de cotizar a la Seguridad Social<br \/>\n5.5. Periodo de formalizaci\u00f3n, liquidaci\u00f3n y pago<\/p>\n<p><strong>6. INFRACCIONES Y SANCIONES<\/strong><br \/>\n6.1. Infracciones<br \/>\n6.2. Sanciones<\/p>\n<p><strong>7. PROCEDIMIENTOS TELEM\u00c1TICOS<\/strong><br \/>\n7.1. C\u00e1lculo de la retribuci\u00f3n y cotizaci\u00f3n utilizando medios inform\u00e1ticos<br \/>\n7.2. Actualizaci\u00f3n de tablas, baremos y referencias de datos de los trabajadores<\/p>\n<p>8. SUPUESTO PR\u00c1CTICO 1. N\u00f3mina con salario mensual.<\/p>\n<p>9. SUPUESTO PR\u00c1CTICO 2. N\u00f3mina con salario diario.<\/p>\n<p>10. SUPUESTO PR\u00c1CTICO 3. N\u00f3mina de julio y extra conjunta. N\u00f3mina de julio y nomina de paga extraordinaria de julio.<\/p>\n<p>11. SUPUESTO PR\u00c1CTICO 4. N\u00f3mina con baja por enfermedad com\u00fan.<\/p>\n<p>12. SUPUESTO PR\u00c1CTICO 5. Supuesto de extinci\u00f3n del contrato por llegada del t\u00e9rmino: finiquito-vacaciones devengadas y no disfrutadas.<\/p>\n<p>DISE\u00d1O ORGANIZACIONAL<\/p>\n<p>1. ESTRUCTURA, FUNCIONES Y PROCESOS EN UNA ORGANIZACI\u00d3N<br \/>\n1.1. Estructura organizativa<br \/>\n1.2. Funciones organizacionales<br \/>\n1.3. Los procesos empresariales<\/p>\n<p>2. DISE\u00d1O ORGANIZATIVO, MODELOS ESTRUCTURALES Y CICLOS DE VIDA<br \/>\n2.1. Dise\u00f1o organizativo<br \/>\n2.2. Modelos estructurales de organizaci\u00f3n<\/p>\n<p>PLANIFICACI\u00d3N DE RR.HH. AN\u00c1LISIS Y\u00a0 VALORACI\u00d3N DE PUESTOS DE TRABAJO<\/p>\n<p>1. PLANIFICACI\u00d3N ESTRAT\u00c9GICA DE RR.HH.<br \/>\n1.1. La planificaci\u00f3n estrat\u00e9gica de Recursos Humanos.<br \/>\n1.2. Factores que intervienen en la planificaci\u00f3n de RR.HH.<br \/>\n1.3. El Sistema de Informaci\u00f3n Personal (SIP) o Sistema de Informaci\u00f3n de RR.HH. (SIRH).<\/p>\n<p>2. AN\u00c1LISIS Y DESCRIPCI\u00d3N DE PUESTOS DE TRABAJO<br \/>\n2.1. Conceptos b\u00e1sicos.<br \/>\n2.2. El A.P.T. en la pol\u00edtica de gesti\u00f3n de\u00a0 RR.HH.<br \/>\n2.3. Elementos de un A.P.T.: descripci\u00f3n y especificaci\u00f3n.<\/p>\n<p>3. VALORACI\u00d3N DE PUESTOS DE TRABAJO<br \/>\n3.1. La valoraci\u00f3n de puestos de trabajo. Relaci\u00f3n con la remuneraci\u00f3n.<br \/>\n3.2. Aplicaciones y condicionantes de la valoraci\u00f3n de puestos.<\/p>\n<p>SELECCI\u00d3N DE PERSONAL. GESTI\u00d3N POR COMPETENCIAS<\/p>\n<p>1. EL PROCESO DE SELECCI\u00d3N DE PERSONAL<br \/>\n1.1. El proceso de selecci\u00f3n de personal<\/p>\n<p>2. EL RECLUTAMIENTO<br \/>\n2.1. Definici\u00f3n, procesos y finalidad del reclutamiento<br \/>\n2.2. Fuentes de reclutamiento<\/p>\n<p>3. LA SELECCI\u00d3N DE PERSONAL<br \/>\n3.1. Fases de la selecci\u00f3n<br \/>\n3.2. T\u00e9cnicas de selecci\u00f3n<br \/>\n3.3. El uso de Internet en la selecci\u00f3n<\/p>\n<p>4. LA GESTI\u00d3N POR COMPETENCIAS<br \/>\n4.1. Fundamentaci\u00f3n te\u00f3rica<br \/>\n4.2. Definici\u00f3n de competencia<br \/>\n4.3. El diccionario de competencias<\/p>\n<p>FORMACI\u00d3N DE LOS RECURSOS HUMANOS<\/p>\n<p>1. FORMACI\u00d3N Y PERFECCIONAMIENTO PROFESIONAL<br \/>\n1.1. Formaci\u00f3n frente a perfeccionamiento<br \/>\n1.2. El plan de formaci\u00f3n y sus fases<\/p>\n<p>2. LA IDENTIFICACI\u00d3N DEL POTENCIAL. PLANES DE CARRERA<br \/>\n2.1. Detecci\u00f3n y gesti\u00f3n del potencial<br \/>\n2.2. Planes de carrera<\/p>\n<p>3. FORMADOR DE FORMADORES<br \/>\n3.1. El aprendizaje adulto<br \/>\n3.2. La programaci\u00f3n del proceso formativo<br \/>\n3.3. El papel del formador<\/p>\n<p>4. E-LEARNING<br \/>\n4.1. Modelos de formaci\u00f3n<br \/>\n4.2. Situaci\u00f3n del e-learning en Espa\u00f1a<br \/>\n4.3. Tipos de e-learning<\/p>\n<p>5. FINANCIACI\u00d3N<br \/>\n5.1. Modelo de Formaci\u00f3n Bonificada<br \/>\n5.2. Normativa legal del modelo de formaci\u00f3n de demanda para empresas<\/p>\n<p>COMUNICACI\u00d3N INTERNA<\/p>\n<p>1. COMUNICACI\u00d3N<br \/>\n1.1. Concepto de comunicaci\u00f3n<br \/>\n1.2. Tipos de comunicaci\u00f3n<br \/>\n1.3. La Comunicaci\u00f3n Empresarial<\/p>\n<p>2. LA COMUNICACI\u00d3N INTERNA DE LA EMPRESA<br \/>\n2.1. Importancia de la comunicaci\u00f3n interna<br \/>\n2.2. Objetivos<br \/>\n2.3. Funciones<br \/>\n2.4. Comunicaci\u00f3n descendiente<br \/>\n2.5. Comunicaci\u00f3n ascendente<\/p>\n<p>3. LA COMUNICACI\u00d3N EN EL SIGLO XXI<br \/>\n3.1. La comunicaci\u00f3n en las organizaciones multinacionales<br \/>\n3.2. Las organizaciones virtuales<br \/>\n3.3. El teletrabajo<\/p>\n<p>DIRECCI\u00d3N POR OBJETIVOS<\/p>\n<p>1. POL\u00cdTICA RETRIBUTIVA<br \/>\n1.1. La retribuci\u00f3n<br \/>\n1.2. Pol\u00edtica retributiva<\/p>\n<p>2. DIRECCI\u00d3N POR OBJETIVOS<br \/>\n2.1. Relaci\u00f3n entre la valoraci\u00f3n del desempe\u00f1o y la D.P.O.<br \/>\n2.2. La direcci\u00f3n por objetivos (D.P.O.)<br \/>\n2.3. D.P.O. y Empowerment<\/p>\n<p>3. SISTEMAS DE COMPENSACI\u00d3N E INCENTIVOS<br \/>\n3.1. La compensaci\u00f3n como herramienta estrat\u00e9gica<br \/>\n3.1.1. Ciclo de negocio y compensaci\u00f3n<br \/>\n3.2. Elementos de un sistema de compensaci\u00f3n y beneficios<br \/>\n3.2.1. Introducci\u00f3n<br \/>\n3.2.2. Efectividad de la compensaci\u00f3n<br \/>\n3.3. Retribuci\u00f3n variable<br \/>\n3.3.1. Dise\u00f1o de un sistema de retribuci\u00f3n variable<br \/>\n3.4. Planes de retribuci\u00f3n flexible<br \/>\n3.4.1. La retribuci\u00f3n para directivos<\/p>\n<p>4. EVALUACI\u00d3N DEL DESEMPE\u00d1O<br \/>\n4.1. Concepto y caracter\u00edsticas b\u00e1sicas de la evaluaci\u00f3n del desempe\u00f1o<br \/>\n4.2. El proceso de evaluaci\u00f3n del desempe\u00f1o<\/p>\n<p>MERCADO LABORAL EN ESPA\u00d1A Y EUROPA. OPORTUNIDADES DE EMPLEO<\/p>\n<p>1. SITUACI\u00d3N DEL MERCADO LABORAL<br \/>\n1.1. Introducci\u00f3n<br \/>\n1.2. Europa y su Estrategia de empleo 2020<br \/>\n1.2.1. Zonas con tasas de empleo altas cercanas al objetivo Europa 2020<br \/>\n1.2.2. Pa\u00edses con una tasa de empleo en torno a la media europea<br \/>\n1.3. Espa\u00f1a: Econom\u00eda y Mercado laboral<br \/>\n1.3.1. La econom\u00eda espa\u00f1ola<br \/>\n1.3.2. Crisis, emigraci\u00f3n e inmigraci\u00f3n<\/p>\n<p>2. LA B\u00daSQUEDA DE EMPLEO<br \/>\n2.1. Introducci\u00f3n<br \/>\n2.2. C\u00f3mo buscar empleo<br \/>\n2.2.1. Portal EURES de movilidad profesional<br \/>\n2.3. Presentaci\u00f3n de la candidatura<br \/>\n2.3.1. Documentaci\u00f3n<\/p>\n<p>3. SISTEMAS DE FORMACI\u00d3N Y FORMACI\u00d3N PARA EL EMPLEO<br \/>\n3.1. Introducci\u00f3n<br \/>\n3.2. Informaci\u00f3n sobre los sistemas educativos europeos: EURYPEDIA<br \/>\n3.3. El sistema educativo espa\u00f1ol<br \/>\n3.4. La formaci\u00f3n profesional y la formaci\u00f3n para el empleo en Espa\u00f1a<br \/>\n3.5. Recursos que promueven la movilidad a nivel europeo en educaci\u00f3n<br \/>\n3.5.1.\u00a0 Programas Europeos<\/p>\n<p>4. SITUACI\u00d3N LEGAL,\u00a0 RESIDENCIA Y DOCUMENTACI\u00d3N<br \/>\n4.1. Introducci\u00f3n<br \/>\n4.2. Identificaci\u00f3n en la frontera<br \/>\n4.3. Entrada de personas extranjeras en Espa\u00f1a: Inmigraci\u00f3n<br \/>\n4.4. Tipos de estancias<br \/>\n4.4.1. Estancias inferiores a tres meses<br \/>\n4.5. Documentos de identificaci\u00f3n<br \/>\n4.5.1. Pasaporte<br \/>\n4.5.2. Documento Nacional de Identidad (DNI)<br \/>\n4.6. Documentos sanitarios y otros tipos de documentos<br \/>\n4.6.1. La tarjeta sanitaria europea<br \/>\n4.7. Salidas de espa\u00f1oles al extranjero: Emigraci\u00f3n<br \/>\n4.7.1. Inscripci\u00f3n en el Registro de Viajeros del Ministerio De Asuntos \u00a0\u00a0\u00a0 Exteriores y de Cooperaci\u00f3n<\/p>\n<p>5. LEGISLACI\u00d3N SOBRE EXTRANJER\u00cdA: ESPA\u00d1A Y EUROPA<br \/>\n5.1. Introducci\u00f3n<br \/>\n5.2. Derechos y\u00a0 libertades de los extranjeros en Espa\u00f1a y su integraci\u00f3n\u00a0 social<br \/>\n5.2.1. Derechos y libertades de los extranjeros<br \/>\n5.2.2. Obligaciones: Sujeci\u00f3n de los extranjeros a los mismos impuestos que los espa\u00f1oles<br \/>\n5.3. Reagrupaci\u00f3n familiar<br \/>\n5.3.1. Procedimiento para la reagrupaci\u00f3n familiar<br \/>\n5.4. Entrada y salida del territorio espa\u00f1ol<br \/>\n5.4.1. Requisitos de entrada\u00a0 y prohibici\u00f3n de entrada en Espa\u00f1a<br \/>\n5.5. Infracciones en materia de extranjer\u00eda y su r\u00e9gimen sancionador<br \/>\n5.5.1. Infracciones Leves<br \/>\n5.5.2. Infracciones graves<br \/>\n5.5.3. Infracciones muy graves<br \/>\n5.6. Entrada y permanencia en Espa\u00f1a por razones de inter\u00e9s \u00a0\u00a0\u00a0 econ\u00f3mico<br \/>\n5.6.1. Visado de residencia para inversores<br \/>\n5.7. La nacionalidad espa\u00f1ola<br \/>\n5.8. Libertad de circulaci\u00f3n<br \/>\n5.8.1. Puestos de trabajo reservados a los ciudadanos del pa\u00eds<br \/>\n5.8.2. Ciudadanos de Croacia<\/p>\n<p><strong><em>M\u00e1ster mba experto en gesti\u00f3n laboral<\/em><\/strong><\/p>\n<hr \/>\n","protected":false},"excerpt":{"rendered":"<p><a href=\"https:\/\/centro-cee.com\/web\/formaciones\/\">Atr\u00e1s<\/a><\/p>\n<p>F\u00f3rmate y especial\u00edzate en todos los aspectos relacionados con la administraci\u00f3n y direcci\u00f3n de empresas, con especialidad en gesti\u00f3n laboral, gracias a este M\u00e1ster MBA Experto en Gesti\u00f3n Laboral, impartido por CEE Centro Europeo E-learning.<\/p>\n<p>Con este curso, aprender\u00e1s lo relacionado con direcci\u00f3n estrat\u00e9gica; responsabilidad social; prevenci\u00f3n del blanqueo de capitales; dise\u00f1o organizacional; coaching y mentoring; entre otras cuestiones.<\/p>\n","protected":false},"featured_media":1134,"comment_status":"closed","ping_status":"closed","template":"","meta":[],"product_brand":[],"product_cat":[2050,17],"product_tag":[1297,1298,1296,1300,1295,1302,1231,1294,1301],"class_list":{"0":"post-1127","1":"product","2":"type-product","3":"status-publish","4":"has-post-thumbnail","6":"product_cat-cursos-online-empresa","7":"product_cat-master","8":"product_tag-certificacion-en-gestion-de-personal","9":"product_tag-curso-online-de-gestion-laboral","10":"product_tag-especializacion-en-derecho-laboral","11":"product_tag-estrategias-de-administracion-de-personal","12":"product_tag-formacion-en-recursos-humanos","13":"product_tag-gestion-del-talento-humano","14":"product_tag-legislacion-laboral-y-relaciones-laborales","15":"product_tag-master-mba-en-gestion-laboral","16":"product_tag-negociacion-y-resolucion-de-conflictos","18":"first","19":"instock","20":"sale","21":"shipping-taxable","22":"purchasable","23":"product-type-simple"},"yoast_head":"<!-- This site is optimized with the Yoast SEO plugin v27.4 - https:\/\/yoast.com\/product\/yoast-seo-wordpress\/ -->\n<title>M\u00e1ster mba experto en gesti\u00f3n laboral<\/title>\n<meta name=\"description\" content=\"El M\u00e1ster mba experto en gesti\u00f3n laboral es un curso con el que podr\u00e1s adquirir conocimientos para llevar a cabo una adecuada gesti\u00f3n laboral.\" \/>\n<meta name=\"robots\" content=\"index, follow, max-snippet:-1, max-image-preview:large, max-video-preview:-1\" \/>\n<link rel=\"canonical\" href=\"https:\/\/centro-cee.com\/web\/producto\/master-mba-experto-en-gestion-laboral\/\" \/>\n<meta property=\"og:locale\" content=\"es_ES\" \/>\n<meta property=\"og:type\" content=\"article\" \/>\n<meta property=\"og:title\" content=\"M\u00e1ster mba experto en gesti\u00f3n laboral\" \/>\n<meta property=\"og:description\" content=\"El M\u00e1ster mba experto en gesti\u00f3n laboral es un curso con el que podr\u00e1s adquirir conocimientos para llevar a cabo una adecuada gesti\u00f3n laboral.\" \/>\n<meta property=\"og:url\" content=\"https:\/\/centro-cee.com\/web\/producto\/master-mba-experto-en-gestion-laboral\/\" \/>\n<meta property=\"og:site_name\" content=\"CEE Centro Europeo E-learning - Cursos online\" \/>\n<meta property=\"article:modified_time\" content=\"2026-03-13T16:46:02+00:00\" \/>\n<meta property=\"og:image\" content=\"https:\/\/centro-cee.com\/web\/wp-content\/uploads\/2023\/02\/imagen_2023-02-21_114806648.png\" \/>\n\t<meta property=\"og:image:width\" content=\"704\" \/>\n\t<meta property=\"og:image:height\" content=\"470\" \/>\n\t<meta property=\"og:image:type\" content=\"image\/png\" \/>\n<meta name=\"twitter:card\" content=\"summary_large_image\" \/>\n<meta name=\"twitter:label1\" content=\"Tiempo de lectura\" \/>\n\t<meta name=\"twitter:data1\" content=\"8 minutos\" \/>\n<script type=\"application\/ld+json\" class=\"yoast-schema-graph\">{\"@context\":\"https:\\\/\\\/schema.org\",\"@graph\":[{\"@type\":\"WebPage\",\"@id\":\"https:\\\/\\\/centro-cee.com\\\/web\\\/producto\\\/master-mba-experto-en-gestion-laboral\\\/\",\"url\":\"https:\\\/\\\/centro-cee.com\\\/web\\\/producto\\\/master-mba-experto-en-gestion-laboral\\\/\",\"name\":\"M\u00e1ster mba experto en gesti\u00f3n laboral\",\"isPartOf\":{\"@id\":\"https:\\\/\\\/centro-cee.com\\\/web\\\/#website\"},\"primaryImageOfPage\":{\"@id\":\"https:\\\/\\\/centro-cee.com\\\/web\\\/producto\\\/master-mba-experto-en-gestion-laboral\\\/#primaryimage\"},\"image\":{\"@id\":\"https:\\\/\\\/centro-cee.com\\\/web\\\/producto\\\/master-mba-experto-en-gestion-laboral\\\/#primaryimage\"},\"thumbnailUrl\":\"https:\\\/\\\/centro-cee.com\\\/web\\\/wp-content\\\/uploads\\\/2023\\\/02\\\/imagen_2023-02-21_114806648.png\",\"datePublished\":\"2023-02-21T10:48:21+00:00\",\"dateModified\":\"2026-03-13T16:46:02+00:00\",\"description\":\"El M\u00e1ster mba experto en gesti\u00f3n laboral es un curso con el que podr\u00e1s adquirir conocimientos para llevar a cabo una adecuada gesti\u00f3n laboral.\",\"breadcrumb\":{\"@id\":\"https:\\\/\\\/centro-cee.com\\\/web\\\/producto\\\/master-mba-experto-en-gestion-laboral\\\/#breadcrumb\"},\"inLanguage\":\"es\",\"potentialAction\":[{\"@type\":\"ReadAction\",\"target\":[\"https:\\\/\\\/centro-cee.com\\\/web\\\/producto\\\/master-mba-experto-en-gestion-laboral\\\/\"]}]},{\"@type\":\"ImageObject\",\"inLanguage\":\"es\",\"@id\":\"https:\\\/\\\/centro-cee.com\\\/web\\\/producto\\\/master-mba-experto-en-gestion-laboral\\\/#primaryimage\",\"url\":\"https:\\\/\\\/centro-cee.com\\\/web\\\/wp-content\\\/uploads\\\/2023\\\/02\\\/imagen_2023-02-21_114806648.png\",\"contentUrl\":\"https:\\\/\\\/centro-cee.com\\\/web\\\/wp-content\\\/uploads\\\/2023\\\/02\\\/imagen_2023-02-21_114806648.png\",\"width\":704,\"height\":470,\"caption\":\"m\u00e1ster mba experto en gesti\u00f3n laboral\"},{\"@type\":\"BreadcrumbList\",\"@id\":\"https:\\\/\\\/centro-cee.com\\\/web\\\/producto\\\/master-mba-experto-en-gestion-laboral\\\/#breadcrumb\",\"itemListElement\":[{\"@type\":\"ListItem\",\"position\":1,\"name\":\"Portada\",\"item\":\"https:\\\/\\\/centro-cee.com\\\/web\\\/\"},{\"@type\":\"ListItem\",\"position\":2,\"name\":\"M\u00e1ster mba experto en gesti\u00f3n laboral\"}]},{\"@type\":\"WebSite\",\"@id\":\"https:\\\/\\\/centro-cee.com\\\/web\\\/#website\",\"url\":\"https:\\\/\\\/centro-cee.com\\\/web\\\/\",\"name\":\"Centro Europeo E-learning\",\"description\":\"CEE Formaci\u00f3n Online\",\"publisher\":{\"@id\":\"https:\\\/\\\/centro-cee.com\\\/web\\\/#organization\"},\"alternateName\":\"Centro Online de Formaci\u00f3n\",\"potentialAction\":[{\"@type\":\"SearchAction\",\"target\":{\"@type\":\"EntryPoint\",\"urlTemplate\":\"https:\\\/\\\/centro-cee.com\\\/web\\\/?s={search_term_string}\"},\"query-input\":{\"@type\":\"PropertyValueSpecification\",\"valueRequired\":true,\"valueName\":\"search_term_string\"}}],\"inLanguage\":\"es\"},{\"@type\":\"Organization\",\"@id\":\"https:\\\/\\\/centro-cee.com\\\/web\\\/#organization\",\"name\":\"Centro Europeo E-learning CEE\",\"url\":\"https:\\\/\\\/centro-cee.com\\\/web\\\/\",\"logo\":{\"@type\":\"ImageObject\",\"inLanguage\":\"es\",\"@id\":\"https:\\\/\\\/centro-cee.com\\\/web\\\/#\\\/schema\\\/logo\\\/image\\\/\",\"url\":\"https:\\\/\\\/centro-cee.com\\\/web\\\/wp-content\\\/uploads\\\/2022\\\/12\\\/cropped-logo_educa.png\",\"contentUrl\":\"https:\\\/\\\/centro-cee.com\\\/web\\\/wp-content\\\/uploads\\\/2022\\\/12\\\/cropped-logo_educa.png\",\"width\":157,\"height\":63,\"caption\":\"Centro Europeo E-learning CEE\"},\"image\":{\"@id\":\"https:\\\/\\\/centro-cee.com\\\/web\\\/#\\\/schema\\\/logo\\\/image\\\/\"},\"sameAs\":[\"https:\\\/\\\/www.instagram.com\\\/centroeuropeo_cee\"]}]}<\/script>\n<!-- \/ Yoast SEO plugin. -->","yoast_head_json":{"title":"M\u00e1ster mba experto en gesti\u00f3n laboral","description":"El M\u00e1ster mba experto en gesti\u00f3n laboral es un curso con el que podr\u00e1s adquirir conocimientos para llevar a cabo una adecuada gesti\u00f3n laboral.","robots":{"index":"index","follow":"follow","max-snippet":"max-snippet:-1","max-image-preview":"max-image-preview:large","max-video-preview":"max-video-preview:-1"},"canonical":"https:\/\/centro-cee.com\/web\/producto\/master-mba-experto-en-gestion-laboral\/","og_locale":"es_ES","og_type":"article","og_title":"M\u00e1ster mba experto en gesti\u00f3n laboral","og_description":"El M\u00e1ster mba experto en gesti\u00f3n laboral es un curso con el que podr\u00e1s adquirir conocimientos para llevar a cabo una adecuada gesti\u00f3n laboral.","og_url":"https:\/\/centro-cee.com\/web\/producto\/master-mba-experto-en-gestion-laboral\/","og_site_name":"CEE Centro Europeo E-learning - Cursos online","article_modified_time":"2026-03-13T16:46:02+00:00","og_image":[{"width":704,"height":470,"url":"https:\/\/centro-cee.com\/web\/wp-content\/uploads\/2023\/02\/imagen_2023-02-21_114806648.png","type":"image\/png"}],"twitter_card":"summary_large_image","twitter_misc":{"Tiempo de lectura":"8 minutos"},"schema":{"@context":"https:\/\/schema.org","@graph":[{"@type":"WebPage","@id":"https:\/\/centro-cee.com\/web\/producto\/master-mba-experto-en-gestion-laboral\/","url":"https:\/\/centro-cee.com\/web\/producto\/master-mba-experto-en-gestion-laboral\/","name":"M\u00e1ster mba experto en gesti\u00f3n laboral","isPartOf":{"@id":"https:\/\/centro-cee.com\/web\/#website"},"primaryImageOfPage":{"@id":"https:\/\/centro-cee.com\/web\/producto\/master-mba-experto-en-gestion-laboral\/#primaryimage"},"image":{"@id":"https:\/\/centro-cee.com\/web\/producto\/master-mba-experto-en-gestion-laboral\/#primaryimage"},"thumbnailUrl":"https:\/\/centro-cee.com\/web\/wp-content\/uploads\/2023\/02\/imagen_2023-02-21_114806648.png","datePublished":"2023-02-21T10:48:21+00:00","dateModified":"2026-03-13T16:46:02+00:00","description":"El M\u00e1ster mba experto en gesti\u00f3n laboral es un curso con el que podr\u00e1s adquirir conocimientos para llevar a cabo una adecuada gesti\u00f3n laboral.","breadcrumb":{"@id":"https:\/\/centro-cee.com\/web\/producto\/master-mba-experto-en-gestion-laboral\/#breadcrumb"},"inLanguage":"es","potentialAction":[{"@type":"ReadAction","target":["https:\/\/centro-cee.com\/web\/producto\/master-mba-experto-en-gestion-laboral\/"]}]},{"@type":"ImageObject","inLanguage":"es","@id":"https:\/\/centro-cee.com\/web\/producto\/master-mba-experto-en-gestion-laboral\/#primaryimage","url":"https:\/\/centro-cee.com\/web\/wp-content\/uploads\/2023\/02\/imagen_2023-02-21_114806648.png","contentUrl":"https:\/\/centro-cee.com\/web\/wp-content\/uploads\/2023\/02\/imagen_2023-02-21_114806648.png","width":704,"height":470,"caption":"m\u00e1ster mba experto en gesti\u00f3n laboral"},{"@type":"BreadcrumbList","@id":"https:\/\/centro-cee.com\/web\/producto\/master-mba-experto-en-gestion-laboral\/#breadcrumb","itemListElement":[{"@type":"ListItem","position":1,"name":"Portada","item":"https:\/\/centro-cee.com\/web\/"},{"@type":"ListItem","position":2,"name":"M\u00e1ster mba experto en gesti\u00f3n laboral"}]},{"@type":"WebSite","@id":"https:\/\/centro-cee.com\/web\/#website","url":"https:\/\/centro-cee.com\/web\/","name":"Centro Europeo E-learning","description":"CEE Formaci\u00f3n Online","publisher":{"@id":"https:\/\/centro-cee.com\/web\/#organization"},"alternateName":"Centro Online de Formaci\u00f3n","potentialAction":[{"@type":"SearchAction","target":{"@type":"EntryPoint","urlTemplate":"https:\/\/centro-cee.com\/web\/?s={search_term_string}"},"query-input":{"@type":"PropertyValueSpecification","valueRequired":true,"valueName":"search_term_string"}}],"inLanguage":"es"},{"@type":"Organization","@id":"https:\/\/centro-cee.com\/web\/#organization","name":"Centro Europeo E-learning CEE","url":"https:\/\/centro-cee.com\/web\/","logo":{"@type":"ImageObject","inLanguage":"es","@id":"https:\/\/centro-cee.com\/web\/#\/schema\/logo\/image\/","url":"https:\/\/centro-cee.com\/web\/wp-content\/uploads\/2022\/12\/cropped-logo_educa.png","contentUrl":"https:\/\/centro-cee.com\/web\/wp-content\/uploads\/2022\/12\/cropped-logo_educa.png","width":157,"height":63,"caption":"Centro Europeo E-learning CEE"},"image":{"@id":"https:\/\/centro-cee.com\/web\/#\/schema\/logo\/image\/"},"sameAs":["https:\/\/www.instagram.com\/centroeuropeo_cee"]}]}},"_links":{"self":[{"href":"https:\/\/centro-cee.com\/web\/wp-json\/wp\/v2\/product\/1127","targetHints":{"allow":["GET"]}}],"collection":[{"href":"https:\/\/centro-cee.com\/web\/wp-json\/wp\/v2\/product"}],"about":[{"href":"https:\/\/centro-cee.com\/web\/wp-json\/wp\/v2\/types\/product"}],"replies":[{"embeddable":true,"href":"https:\/\/centro-cee.com\/web\/wp-json\/wp\/v2\/comments?post=1127"}],"wp:featuredmedia":[{"embeddable":true,"href":"https:\/\/centro-cee.com\/web\/wp-json\/wp\/v2\/media\/1134"}],"wp:attachment":[{"href":"https:\/\/centro-cee.com\/web\/wp-json\/wp\/v2\/media?parent=1127"}],"wp:term":[{"taxonomy":"product_brand","embeddable":true,"href":"https:\/\/centro-cee.com\/web\/wp-json\/wp\/v2\/product_brand?post=1127"},{"taxonomy":"product_cat","embeddable":true,"href":"https:\/\/centro-cee.com\/web\/wp-json\/wp\/v2\/product_cat?post=1127"},{"taxonomy":"product_tag","embeddable":true,"href":"https:\/\/centro-cee.com\/web\/wp-json\/wp\/v2\/product_tag?post=1127"}],"curies":[{"name":"wp","href":"https:\/\/api.w.org\/{rel}","templated":true}]}}