{"id":1084,"date":"2023-02-10T10:43:22","date_gmt":"2023-02-10T10:43:22","guid":{"rendered":"https:\/\/centro-cee.com\/web\/?post_type=product&#038;p=1084"},"modified":"2024-10-18T11:08:07","modified_gmt":"2024-10-18T11:08:07","slug":"profesional-esteticista-y-maquillaje","status":"publish","type":"product","link":"https:\/\/centro-cee.com\/web\/producto\/profesional-esteticista-y-maquillaje\/","title":{"rendered":"Profesional esteticista y maquillaje"},"content":{"rendered":"<p><a href=\"https:\/\/centro-cee.com\/web\/formaciones\/\">Atr\u00e1s<\/a><\/p>\n<p><em><strong>Profesional esteticista y maquillaje<\/strong><\/em><\/p>\n<p>Toda esta informaci\u00f3n se realiza 100% online en nuestro campus online de formaci\u00f3n.<\/p>\n<p>Las tutorias se realizan directamente desde el campus de estudio con la opci\u00f3n de mensajer\u00eda a profesores. Las tutorias son \u201ca demanda\u201d, cuando necesites soporte nos lo pides.<\/p>\n<p>Los t\u00edtulos de Centro CEE est\u00e1n autenticados por la firma de notario que valida contenidos y autenticidad a nivel internacional. Nuestra organizaci\u00f3n pertenece a la Asociaci\u00f3n Espa\u00f1ola de Calidad, organizaci\u00f3n Espa\u00f1ola de referencia para la calidad\u00a0en la formaci\u00f3n de auxiliar de enfermer\u00eda. La certificaci\u00f3n se puede apostillar por la Haya para cualquier pa\u00eds firmante del convenio de la Haya.<\/p>\n<p>Se puede pagar a plazos.<\/p>\n<p>Carga horaria de la formaci\u00f3n: 400h<\/p>\n<p>&nbsp;<\/p>\n<p>&nbsp;<\/p>\n<h2>Temario<\/h2>\n<hr \/>\n<p><strong>1. M\u00d3DULO 1. SERVICIOS EST\u00c9TICOS<br \/>\n<\/strong><br \/>\n<strong>1. ANATOM\u00cdA Y FISIOLOG\u00cdA HUMANA B\u00c1SICAS APLICADAS A LA EST\u00c9TICA FACIAL Y CORPORAL.<\/strong><br \/>\n1. La c\u00e9lula. Estructura y funciones.<br \/>\n2. Los tejidos: concepto y clasificaci\u00f3n.<br \/>\n3. Componentes, estructura y funciones m\u00e1s relevantes para la aplicaci\u00f3n de cuidados est\u00e9ticos de los aparatos y sistemas:<br \/>\n4. &#8211; Locomotor.<br \/>\n5. \u2026..<\/p>\n<p><strong>2. ANATOM\u00cdA, FISIOLOG\u00cdA Y PATOLOG\u00cdA DE LA PIEL Y SUS ANEXOS.<\/strong><br \/>\n1. Macro y micro estructura de la piel. epidermis, dermis, hipodermis.<br \/>\n2. Anexos cut\u00e1neos: pelo, gl\u00e1ndulas sudor\u00edparas y seb\u00e1ceas y u\u00f1as.<br \/>\n3. Estructura y funciones de los anexos cut\u00e1neos.<br \/>\n4. La emulsi\u00f3n epicut\u00e1nea: definici\u00f3n, composici\u00f3n, funciones.<br \/>\n5. Funciones de la piel:<br \/>\n6. \u2026.<\/p>\n<p><strong>3. APARATOLOG\u00cdA EMPLEADA EN EL DIAGN\u00d3STICO EST\u00c9TICO FACIAL Y CORPORAL.<\/strong><br \/>\n1. Clasificaci\u00f3n, descripci\u00f3n y caracter\u00edsticas de:<br \/>\n2. &#8211; Lupas.<br \/>\n3. &#8211; Micro c\u00e1maras.<br \/>\n4. \u2026.<\/p>\n<p><strong>4. COSM\u00c9TICOS EMPLEADOS EN LAS T\u00c9CNICAS DE HIGIENE, HIDRATACI\u00d3N, MAQUILLAJE Y DEPILACI\u00d3N.<\/strong><br \/>\n1. Cosm\u00e9ticos de higiene e hidrataci\u00f3n facial y corporal:<br \/>\n2. &#8211; Emulsiones.<br \/>\n3. &#8211; Jabones.<br \/>\n4. &#8211; Geles.<br \/>\n5. &#8211; Mascarillas.<br \/>\n6. &#8211; Otros.<br \/>\n7. \u2026<\/p>\n<p><strong>5. APARATOLOG\u00cdA Y \u00daTILES EMPLEADOS EN LOS CUIDADOS DE HIGIENE E HIDRATACI\u00d3N FACIAL Y CORPORAL.<\/strong><br \/>\n1. \u00datiles y herramientas empleados en los cuidados de higiene e hidrataci\u00f3n facial y corporal:<br \/>\n2. &#8211; Esponjas, extractores, brochas, pinzas, cepillos, recipientes, otros.<br \/>\n3. Aparatolog\u00eda empleada en los cuidados de higiene e hidrataci\u00f3n, facial y corporal:<br \/>\n4. &#8211; Vapor ozono.<br \/>\n5. \u2026<\/p>\n<p><strong>6. HIGIENE, DESINFECCI\u00d3N, ESTERILIZACI\u00d3N, MEDIDAS DE SEGURIDAD Y PRIMEROS AUXILIOS.<\/strong><br \/>\n1. Concepto de higiene, desinfecci\u00f3n y esterilizaci\u00f3n.<br \/>\n2. Tipos de contaminantes m\u00e1s frecuentes en instalaciones, \u00fatiles y materiales de un centro de est\u00e9tica.<br \/>\n3. Clasificaci\u00f3n de los microorganismos.<br \/>\n4. \u2026<\/p>\n<p><strong>7. PREPARACI\u00d3N DEL CLIENTE EN CONDICIONES DE SEGURIDAD E HIGIENE.<\/strong><br \/>\n1. Preparaci\u00f3n del equipo: lencer\u00eda y otros.<br \/>\n2. Preparaci\u00f3n y acomodaci\u00f3n del cliente.<br \/>\n3. M\u00e9todos y zonas de protecci\u00f3n en los procesos de:<br \/>\n4. \u2026<\/p>\n<p><strong>8. HIGIENE E HIDRATACI\u00d3N DE LA PIEL DEL ROSTRO Y CUERPO.<\/strong><br \/>\n1. La higiene de la piel.<br \/>\n2. Tipos de tratamientos de higiene facial y corporal.<br \/>\n3. La limpieza superficial y el desmaquillado de la piel. T\u00e9cnicas de realizaci\u00f3n.<br \/>\n4. La limpieza profunda de la piel. Fases del tratamiento. \u00datiles y \u00a0\u00a0\u00a0 materiales empleados.<br \/>\n5. Preparaci\u00f3n del cliente y realizaci\u00f3n de la ficha t\u00e9cnica.<br \/>\n6. Criterios de selecci\u00f3n y aplicaci\u00f3n de la cosmetolog\u00eda especifica.<br \/>\n7. \u2026.<\/p>\n<p><strong>9. T\u00c9CNICAS MANUALES.<\/strong><br \/>\n1. El Masaje est\u00e9tico facial y corporal aplicado en los procesos de higiene e hidrataci\u00f3n.<br \/>\n2. &#8211; Introducci\u00f3n al masaje. Definici\u00f3n y origen.<br \/>\n3. Efectos beneficiosos del masaje<br \/>\n4. &#8211; En la piel.<br \/>\n5. &#8211; En los m\u00fasculos,<br \/>\n6. \u2026<\/p>\n<p><strong>M\u00d3DULO 2. DEPILACI\u00d3N<\/strong><\/p>\n<p><strong>1. \u00daTILES, APARATOS Y COSM\u00c9TICOS EMPLEADOS EN DEPILACI\u00d3N MEC\u00c1NICA Y DECOLORACI\u00d3N DEL ELLO FACIAL Y CORPORAL.<\/strong><br \/>\n1. Material para la protecci\u00f3n del mobiliario.<br \/>\n2. Pinzas: tipos y normas de uso.<br \/>\n3. Paletas para la aplicaci\u00f3n de la cera:<br \/>\n4. &#8211; Tama\u00f1o, forma y materiales de fabricaci\u00f3n.<br \/>\n5. &#8211; De un solo uso.<br \/>\n6. Bandas de papel para la eliminaci\u00f3n de la cera tibia.<br \/>\n7. Fundidores de cera caliente.<br \/>\n8. \u2026<\/p>\n<p><strong>2. T\u00c9CNICAS DE DECOLORACI\u00d3N DEL VELLO FACIAL Y CORPORAL.<\/strong><br \/>\n1. La decoloraci\u00f3n del vello corporal y facial.<br \/>\n2. Concepto. Indicaciones, precauciones y contraindicaciones.<br \/>\n3. T\u00e9cnica de realizaci\u00f3n:<br \/>\n4. &#8211; Preparaci\u00f3n de la piel.<br \/>\n5. &#8211; La prueba de sensibilidad cut\u00e1nea.<br \/>\n6. &#8211; Preparaci\u00f3n del producto decolorante.<br \/>\n7. \u2026.<\/p>\n<p><strong>3. T\u00c9CNICAS DE DEPILACI\u00d3N MEC\u00c1NICA DEL VELLO FACIAL Y CORPORAL.<\/strong><br \/>\n1. Introducci\u00f3n a la depilaci\u00f3n.<br \/>\n2. Depilaci\u00f3n y epilaci\u00f3n. Tipos.<br \/>\n3. &#8211; Depilaci\u00f3n f\u00edsica: concepto y clasificaci\u00f3n.<br \/>\n4. &#8211; Depilaci\u00f3n qu\u00edmica.<br \/>\n5. T\u00e9cnicas epilat\u00f3rias. Concepto y clasificaci\u00f3n.<br \/>\n6. &#8211; Pinzas.<br \/>\n7. \u2026<\/p>\n<p><strong>M\u00d3DULO 3. MAQUILLAJE<br \/>\n<\/strong><br \/>\n<strong>1. MORFOLOG\u00cdA DEL ROSTRO Y SUS CORRECCIONES.<\/strong><br \/>\n1. Evoluci\u00f3n del concepto de belleza.<br \/>\n2. El rostro y el ovalo facial:<br \/>\n3. &#8211; Geometr\u00eda, proporciones y lineas.<br \/>\n4. &#8211; Teor\u00edas de la verticalidad y la horizontalidad.<br \/>\n5. &#8211; Tipos de \u00f3valos y clasificaci\u00f3n.<br \/>\n6. &#8211; Caracter\u00edsticas de de los diferentes tipos de rostro.<br \/>\n7. &#8211; Concepto de armon\u00eda.<br \/>\n8. \u2026.<\/p>\n<p><strong>2. LUZ Y COLOR APLICADOS AL MAQUILLAJE SOCIAL.<\/strong><br \/>\n1. Los tipos de luz y su influencia.<br \/>\n2. La teor\u00eda del color y su aplicaci\u00f3n al maquillaje social.<br \/>\n3. Mezclas de colores de aplicaci\u00f3n en los estilos de maquillaje social.<br \/>\n4. \u2026<\/p>\n<p><strong>3. HIGIENE, DESINFECCI\u00d3N Y ESTERILIZACI\u00d3N APLICADAS A LOS PROCESOS DE MAQUILLAJE SOCIAL.<\/strong><br \/>\n1. Riesgos a considerar en los procesos de maquillaje social.<br \/>\n2. Normas de seguridad e higiene de aplicaci\u00f3n en este tipo de maquillaje.<\/p>\n<p><strong>4. COSM\u00c9TICOS DECORATIVOS, \u00daTILES Y MATERIALES EMPLEADOS EN EL MAQUILLAJE SOCIAL.<\/strong><br \/>\n1. T\u00e9cnicas previas:<br \/>\n2. . Acomodaci\u00f3n y preparaci\u00f3n del cliente.<br \/>\n3. . Prueba de sensibilidad.<br \/>\n4. . Tinci\u00f3n de cejas y pesta\u00f1as.<br \/>\n5. . Depilaci\u00f3n de cejas y rostro.<br \/>\n6. \u2026.<\/p>\n<p><strong>5. T\u00c9CNICAS DE MAQUILLAJE SOCIAL.<\/strong><br \/>\n1. T\u00e9cnicas previas:<br \/>\n2. &#8211; Acomodaci\u00f3n y preparaci\u00f3n del cliente.<br \/>\n3. &#8211; Prueba de sensibilidad.<br \/>\n4. &#8211; Tinci\u00f3n de cejas y pesta\u00f1as.<br \/>\n5. \u2026.<\/p>\n<p><strong>6. LOS ESTILOS DE MAQUILLAJE SOCIAL.<\/strong><br \/>\n1. D\u00eda: correcciones, colores, texturas y t\u00e9cnicas.<br \/>\n2. Tarde\/noche: correcciones claras y oscuras, colores, texturas y t\u00e9cnicas.<br \/>\n3. Fiesta: correcciones claras y oscuras, colores, texturas, brillos, palletes, otros, y otras t\u00e9cnicas.<br \/>\n4. \u2026<\/p>\n<p><strong>\u00a01. INTRODUCCI\u00d3N A LA MANICURA Y PEDICURA<\/strong><br \/>\n1. Los inicios de la manicura y pedicura<br \/>\n2. &#8211; Historia de la manicura y la pedicura<br \/>\n3. La influencia de la moda y el cine<\/p>\n<p><strong>2. ANATOM\u00cdA Y ALTERACIONES DE U\u00d1AS, MANOS Y PIES<\/strong><br \/>\n1. Introducci\u00f3n<br \/>\n2. Las u\u00f1as<br \/>\n3. &#8211; Definici\u00f3n y funciones<br \/>\n4. &#8211; Estructura y composici\u00f3n<br \/>\n5. \u2026<\/p>\n<p><strong>3. ESPACIOS DE TRABAJO, \u00daTILES Y COSM\u00c9TICOS EMPLEADOS EN LA MANICURA Y PEDICURA<\/strong><br \/>\n1. Preparaci\u00f3n del lugar de trabajo<br \/>\n2. Equipos de trabajo<br \/>\n3. &#8211; Limpieza, desinfecci\u00f3n y esterilizaci\u00f3n de \u00fatiles y materiales<br \/>\n4. \u2026<\/p>\n<p><strong>4. LA MANICURA<\/strong><br \/>\n1. La t\u00e9cnica de la manicura<br \/>\n2. &#8211; Desinfecci\u00f3n y desmaquillado<br \/>\n3. &#8211; Limar y dar forma<br \/>\n4. &#8211; Tratamiento de cut\u00edculas<br \/>\n5. \u2026.<\/p>\n<p><strong>5. LA PEDICURA<\/strong><br \/>\n1. T\u00e9cnica de la pedicura<br \/>\n2. &#8211; Desinfecci\u00f3n y desmaquillado<br \/>\n3. &#8211; Observaci\u00f3n de u\u00f1as y pies<br \/>\n4. &#8211; Arreglo y forma<br \/>\n5. \u2026.<\/p>\n<p><strong>6. U\u00d1AS ARTIFICIALES<\/strong><br \/>\n1. Definici\u00f3n y concepto<br \/>\n2. Evoluci\u00f3n de la t\u00e9cnica<br \/>\n3. Clasificaci\u00f3n de las u\u00f1as artificiales: porcelana, fibra de vidrio, gel<br \/>\n4. &#8211; Descripci\u00f3n y caracter\u00edsticas<br \/>\n5. \u2026<\/p>\n<p><strong>7. T\u00c9CNICAS PARA LA APLICACI\u00d3N DE U\u00d1AS ARTIFICIALES<\/strong><br \/>\n1. Con gel o fibra de vidrio<br \/>\n2. &#8211; Desmaquillado y preparaci\u00f3n de la u\u00f1a natural y cut\u00edculas<br \/>\n3. &#8211; Acondicionado de la punta de u\u00f1a o ?tip?<br \/>\n4. &#8211; Aplicaci\u00f3n de la punta de u\u00f1a o ?tip?<br \/>\n5. &#8211; Adaptaci\u00f3n a la u\u00f1a natural<br \/>\n6. \u2026<\/p>\n<p>&nbsp;<\/p>\n<p><em><strong>Profesional esteticista y maquillaje<\/strong><\/em><\/p>\n<hr \/>\n","protected":false},"excerpt":{"rendered":"<p><a href=\"https:\/\/centro-cee.com\/web\/formaciones\/\">Atr\u00e1s<\/a><\/p>\n<p>El sector de la imagen personal y el maquillaje necesita profesionales interesados en embellecer los rasgos naturales de las personas entendiendo las facciones y particularidades del rostro humano. FinCee ha creado el curso Profesional Esteticista y Make-Up, especializado en el tema de la est\u00e9tica y sus complejidades t\u00e9cnicas.<\/p>\n","protected":false},"featured_media":1085,"comment_status":"closed","ping_status":"closed","template":"","meta":[],"product_brand":[],"product_cat":[34],"product_tag":[1364,263,691,1365,1370,1369,1363,1367,1368,1366],"class_list":{"0":"post-1084","1":"product","2":"type-product","3":"status-publish","4":"has-post-thumbnail","6":"product_cat-tecnicos","7":"product_tag-certificacion-en-estetica-y-maquillaje","8":"product_tag-cuidado-de-la-piel","9":"product_tag-curso-de-esteticista","10":"product_tag-curso-online-de-estetica","11":"product_tag-desarrollo-de-habilidades-esteticas","12":"product_tag-diagnostico-de-piel-y-estetica","13":"product_tag-formacion-en-tecnicas-de-maquillaje","14":"product_tag-tecnicas-de-aplicacion-de-maquillaje","15":"product_tag-tendencias-en-maquillaje","16":"product_tag-tratamientos-esteticos-y-de-belleza","18":"first","19":"instock","20":"sale","21":"shipping-taxable","22":"purchasable","23":"product-type-simple"},"yoast_head":"<!-- This site is optimized with the Yoast SEO plugin v27.5 - https:\/\/yoast.com\/product\/yoast-seo-wordpress\/ -->\n<title>Profesional esteticista y maquillaje<\/title>\n<meta name=\"description\" content=\"Transforma tu pasi\u00f3n por la belleza en una carrera exitosa con nuestro Curso Profesional de Esteticista y Maquillaje.\" \/>\n<meta name=\"robots\" content=\"index, follow, max-snippet:-1, max-image-preview:large, max-video-preview:-1\" \/>\n<link rel=\"canonical\" href=\"https:\/\/centro-cee.com\/web\/producto\/profesional-esteticista-y-maquillaje\/\" \/>\n<meta property=\"og:locale\" content=\"es_ES\" \/>\n<meta property=\"og:type\" content=\"article\" \/>\n<meta property=\"og:title\" content=\"Profesional esteticista y maquillaje\" \/>\n<meta property=\"og:description\" content=\"Transforma tu pasi\u00f3n por la belleza en una carrera exitosa con nuestro Curso Profesional de Esteticista y Maquillaje.\" \/>\n<meta property=\"og:url\" content=\"https:\/\/centro-cee.com\/web\/producto\/profesional-esteticista-y-maquillaje\/\" \/>\n<meta property=\"og:site_name\" content=\"CEE Centro Europeo E-learning - Cursos online\" \/>\n<meta property=\"article:modified_time\" content=\"2024-10-18T11:08:07+00:00\" \/>\n<meta property=\"og:image\" content=\"https:\/\/centro-cee.com\/web\/wp-content\/uploads\/2023\/02\/profesional-esteticista-y-make-up.jpg\" \/>\n\t<meta property=\"og:image:width\" content=\"800\" \/>\n\t<meta property=\"og:image:height\" content=\"800\" \/>\n\t<meta property=\"og:image:type\" content=\"image\/jpeg\" \/>\n<meta name=\"twitter:card\" content=\"summary_large_image\" \/>\n<meta name=\"twitter:label1\" content=\"Tiempo de lectura\" \/>\n\t<meta name=\"twitter:data1\" content=\"6 minutos\" \/>\n<script type=\"application\/ld+json\" class=\"yoast-schema-graph\">{\"@context\":\"https:\\\/\\\/schema.org\",\"@graph\":[{\"@type\":\"WebPage\",\"@id\":\"https:\\\/\\\/centro-cee.com\\\/web\\\/producto\\\/profesional-esteticista-y-maquillaje\\\/\",\"url\":\"https:\\\/\\\/centro-cee.com\\\/web\\\/producto\\\/profesional-esteticista-y-maquillaje\\\/\",\"name\":\"Profesional esteticista y maquillaje\",\"isPartOf\":{\"@id\":\"https:\\\/\\\/centro-cee.com\\\/web\\\/#website\"},\"primaryImageOfPage\":{\"@id\":\"https:\\\/\\\/centro-cee.com\\\/web\\\/producto\\\/profesional-esteticista-y-maquillaje\\\/#primaryimage\"},\"image\":{\"@id\":\"https:\\\/\\\/centro-cee.com\\\/web\\\/producto\\\/profesional-esteticista-y-maquillaje\\\/#primaryimage\"},\"thumbnailUrl\":\"https:\\\/\\\/centro-cee.com\\\/web\\\/wp-content\\\/uploads\\\/2023\\\/02\\\/profesional-esteticista-y-make-up.jpg\",\"datePublished\":\"2023-02-10T10:43:22+00:00\",\"dateModified\":\"2024-10-18T11:08:07+00:00\",\"description\":\"Transforma tu pasi\u00f3n por la belleza en una carrera exitosa con nuestro Curso Profesional de Esteticista y Maquillaje.\",\"breadcrumb\":{\"@id\":\"https:\\\/\\\/centro-cee.com\\\/web\\\/producto\\\/profesional-esteticista-y-maquillaje\\\/#breadcrumb\"},\"inLanguage\":\"es\",\"potentialAction\":[{\"@type\":\"ReadAction\",\"target\":[\"https:\\\/\\\/centro-cee.com\\\/web\\\/producto\\\/profesional-esteticista-y-maquillaje\\\/\"]}]},{\"@type\":\"ImageObject\",\"inLanguage\":\"es\",\"@id\":\"https:\\\/\\\/centro-cee.com\\\/web\\\/producto\\\/profesional-esteticista-y-maquillaje\\\/#primaryimage\",\"url\":\"https:\\\/\\\/centro-cee.com\\\/web\\\/wp-content\\\/uploads\\\/2023\\\/02\\\/profesional-esteticista-y-make-up.jpg\",\"contentUrl\":\"https:\\\/\\\/centro-cee.com\\\/web\\\/wp-content\\\/uploads\\\/2023\\\/02\\\/profesional-esteticista-y-make-up.jpg\",\"width\":800,\"height\":800,\"caption\":\"Profesional esteticista y maquillaje\"},{\"@type\":\"BreadcrumbList\",\"@id\":\"https:\\\/\\\/centro-cee.com\\\/web\\\/producto\\\/profesional-esteticista-y-maquillaje\\\/#breadcrumb\",\"itemListElement\":[{\"@type\":\"ListItem\",\"position\":1,\"name\":\"Portada\",\"item\":\"https:\\\/\\\/centro-cee.com\\\/web\\\/\"},{\"@type\":\"ListItem\",\"position\":2,\"name\":\"Profesional esteticista y maquillaje\"}]},{\"@type\":\"WebSite\",\"@id\":\"https:\\\/\\\/centro-cee.com\\\/web\\\/#website\",\"url\":\"https:\\\/\\\/centro-cee.com\\\/web\\\/\",\"name\":\"Centro Europeo E-learning\",\"description\":\"CEE Formaci\u00f3n Online\",\"publisher\":{\"@id\":\"https:\\\/\\\/centro-cee.com\\\/web\\\/#organization\"},\"alternateName\":\"Centro Online de Formaci\u00f3n\",\"potentialAction\":[{\"@type\":\"SearchAction\",\"target\":{\"@type\":\"EntryPoint\",\"urlTemplate\":\"https:\\\/\\\/centro-cee.com\\\/web\\\/?s={search_term_string}\"},\"query-input\":{\"@type\":\"PropertyValueSpecification\",\"valueRequired\":true,\"valueName\":\"search_term_string\"}}],\"inLanguage\":\"es\"},{\"@type\":\"Organization\",\"@id\":\"https:\\\/\\\/centro-cee.com\\\/web\\\/#organization\",\"name\":\"Centro Europeo E-learning CEE\",\"url\":\"https:\\\/\\\/centro-cee.com\\\/web\\\/\",\"logo\":{\"@type\":\"ImageObject\",\"inLanguage\":\"es\",\"@id\":\"https:\\\/\\\/centro-cee.com\\\/web\\\/#\\\/schema\\\/logo\\\/image\\\/\",\"url\":\"https:\\\/\\\/centro-cee.com\\\/web\\\/wp-content\\\/uploads\\\/2022\\\/12\\\/cropped-logo_educa.png\",\"contentUrl\":\"https:\\\/\\\/centro-cee.com\\\/web\\\/wp-content\\\/uploads\\\/2022\\\/12\\\/cropped-logo_educa.png\",\"width\":157,\"height\":63,\"caption\":\"Centro Europeo E-learning CEE\"},\"image\":{\"@id\":\"https:\\\/\\\/centro-cee.com\\\/web\\\/#\\\/schema\\\/logo\\\/image\\\/\"},\"sameAs\":[\"https:\\\/\\\/www.instagram.com\\\/centroeuropeo_cee\"]}]}<\/script>\n<!-- \/ Yoast SEO plugin. -->","yoast_head_json":{"title":"Profesional esteticista y maquillaje","description":"Transforma tu pasi\u00f3n por la belleza en una carrera exitosa con nuestro Curso Profesional de Esteticista y Maquillaje.","robots":{"index":"index","follow":"follow","max-snippet":"max-snippet:-1","max-image-preview":"max-image-preview:large","max-video-preview":"max-video-preview:-1"},"canonical":"https:\/\/centro-cee.com\/web\/producto\/profesional-esteticista-y-maquillaje\/","og_locale":"es_ES","og_type":"article","og_title":"Profesional esteticista y maquillaje","og_description":"Transforma tu pasi\u00f3n por la belleza en una carrera exitosa con nuestro Curso Profesional de Esteticista y Maquillaje.","og_url":"https:\/\/centro-cee.com\/web\/producto\/profesional-esteticista-y-maquillaje\/","og_site_name":"CEE Centro Europeo E-learning - Cursos online","article_modified_time":"2024-10-18T11:08:07+00:00","og_image":[{"width":800,"height":800,"url":"https:\/\/centro-cee.com\/web\/wp-content\/uploads\/2023\/02\/profesional-esteticista-y-make-up.jpg","type":"image\/jpeg"}],"twitter_card":"summary_large_image","twitter_misc":{"Tiempo de lectura":"6 minutos"},"schema":{"@context":"https:\/\/schema.org","@graph":[{"@type":"WebPage","@id":"https:\/\/centro-cee.com\/web\/producto\/profesional-esteticista-y-maquillaje\/","url":"https:\/\/centro-cee.com\/web\/producto\/profesional-esteticista-y-maquillaje\/","name":"Profesional esteticista y maquillaje","isPartOf":{"@id":"https:\/\/centro-cee.com\/web\/#website"},"primaryImageOfPage":{"@id":"https:\/\/centro-cee.com\/web\/producto\/profesional-esteticista-y-maquillaje\/#primaryimage"},"image":{"@id":"https:\/\/centro-cee.com\/web\/producto\/profesional-esteticista-y-maquillaje\/#primaryimage"},"thumbnailUrl":"https:\/\/centro-cee.com\/web\/wp-content\/uploads\/2023\/02\/profesional-esteticista-y-make-up.jpg","datePublished":"2023-02-10T10:43:22+00:00","dateModified":"2024-10-18T11:08:07+00:00","description":"Transforma tu pasi\u00f3n por la belleza en una carrera exitosa con nuestro Curso Profesional de Esteticista y Maquillaje.","breadcrumb":{"@id":"https:\/\/centro-cee.com\/web\/producto\/profesional-esteticista-y-maquillaje\/#breadcrumb"},"inLanguage":"es","potentialAction":[{"@type":"ReadAction","target":["https:\/\/centro-cee.com\/web\/producto\/profesional-esteticista-y-maquillaje\/"]}]},{"@type":"ImageObject","inLanguage":"es","@id":"https:\/\/centro-cee.com\/web\/producto\/profesional-esteticista-y-maquillaje\/#primaryimage","url":"https:\/\/centro-cee.com\/web\/wp-content\/uploads\/2023\/02\/profesional-esteticista-y-make-up.jpg","contentUrl":"https:\/\/centro-cee.com\/web\/wp-content\/uploads\/2023\/02\/profesional-esteticista-y-make-up.jpg","width":800,"height":800,"caption":"Profesional esteticista y maquillaje"},{"@type":"BreadcrumbList","@id":"https:\/\/centro-cee.com\/web\/producto\/profesional-esteticista-y-maquillaje\/#breadcrumb","itemListElement":[{"@type":"ListItem","position":1,"name":"Portada","item":"https:\/\/centro-cee.com\/web\/"},{"@type":"ListItem","position":2,"name":"Profesional esteticista y maquillaje"}]},{"@type":"WebSite","@id":"https:\/\/centro-cee.com\/web\/#website","url":"https:\/\/centro-cee.com\/web\/","name":"Centro Europeo E-learning","description":"CEE Formaci\u00f3n Online","publisher":{"@id":"https:\/\/centro-cee.com\/web\/#organization"},"alternateName":"Centro Online de Formaci\u00f3n","potentialAction":[{"@type":"SearchAction","target":{"@type":"EntryPoint","urlTemplate":"https:\/\/centro-cee.com\/web\/?s={search_term_string}"},"query-input":{"@type":"PropertyValueSpecification","valueRequired":true,"valueName":"search_term_string"}}],"inLanguage":"es"},{"@type":"Organization","@id":"https:\/\/centro-cee.com\/web\/#organization","name":"Centro Europeo E-learning CEE","url":"https:\/\/centro-cee.com\/web\/","logo":{"@type":"ImageObject","inLanguage":"es","@id":"https:\/\/centro-cee.com\/web\/#\/schema\/logo\/image\/","url":"https:\/\/centro-cee.com\/web\/wp-content\/uploads\/2022\/12\/cropped-logo_educa.png","contentUrl":"https:\/\/centro-cee.com\/web\/wp-content\/uploads\/2022\/12\/cropped-logo_educa.png","width":157,"height":63,"caption":"Centro Europeo E-learning CEE"},"image":{"@id":"https:\/\/centro-cee.com\/web\/#\/schema\/logo\/image\/"},"sameAs":["https:\/\/www.instagram.com\/centroeuropeo_cee"]}]}},"_links":{"self":[{"href":"https:\/\/centro-cee.com\/web\/wp-json\/wp\/v2\/product\/1084","targetHints":{"allow":["GET"]}}],"collection":[{"href":"https:\/\/centro-cee.com\/web\/wp-json\/wp\/v2\/product"}],"about":[{"href":"https:\/\/centro-cee.com\/web\/wp-json\/wp\/v2\/types\/product"}],"replies":[{"embeddable":true,"href":"https:\/\/centro-cee.com\/web\/wp-json\/wp\/v2\/comments?post=1084"}],"wp:featuredmedia":[{"embeddable":true,"href":"https:\/\/centro-cee.com\/web\/wp-json\/wp\/v2\/media\/1085"}],"wp:attachment":[{"href":"https:\/\/centro-cee.com\/web\/wp-json\/wp\/v2\/media?parent=1084"}],"wp:term":[{"taxonomy":"product_brand","embeddable":true,"href":"https:\/\/centro-cee.com\/web\/wp-json\/wp\/v2\/product_brand?post=1084"},{"taxonomy":"product_cat","embeddable":true,"href":"https:\/\/centro-cee.com\/web\/wp-json\/wp\/v2\/product_cat?post=1084"},{"taxonomy":"product_tag","embeddable":true,"href":"https:\/\/centro-cee.com\/web\/wp-json\/wp\/v2\/product_tag?post=1084"}],"curies":[{"name":"wp","href":"https:\/\/api.w.org\/{rel}","templated":true}]}}